{"id":12662,"date":"2020-05-01T16:13:11","date_gmt":"2020-05-01T20:13:11","guid":{"rendered":"https:\/\/cahr.wpengine.com\/?post_type=virtual_conferences&#038;p=12662"},"modified":"2020-05-02T14:56:35","modified_gmt":"2020-05-02T18:56:35","slug":"videos","status":"publish","type":"virtual_conferences","link":"https:\/\/www.cahr-acrv.ca\/fr\/virtual_conferences\/videos\/","title":{"rendered":"Vid\u00e9os"},"content":{"rendered":"<p><img loading=\"lazy\" decoding=\"async\" class=\"aligncenter wp-image-12321 size-large\" src=\"https:\/\/www.cahr-acrv.ca\/wp-content\/uploads\/2020\/04\/CAHR-2020-Virtual-Banner-1024x279.png\" alt=\"\" width=\"1024\" height=\"279\" srcset=\"https:\/\/www.cahr-acrv.ca\/wp-content\/uploads\/2020\/04\/CAHR-2020-Virtual-Banner-1024x279.png 1024w, https:\/\/www.cahr-acrv.ca\/wp-content\/uploads\/2020\/04\/CAHR-2020-Virtual-Banner-300x82.png 300w, https:\/\/www.cahr-acrv.ca\/wp-content\/uploads\/2020\/04\/CAHR-2020-Virtual-Banner-768x209.png 768w, https:\/\/www.cahr-acrv.ca\/wp-content\/uploads\/2020\/04\/CAHR-2020-Virtual-Banner-600x164.png 600w, https:\/\/www.cahr-acrv.ca\/wp-content\/uploads\/2020\/04\/CAHR-2020-Virtual-Banner.png 1456w\" sizes=\"auto, (max-width: 1024px) 100vw, 1024px\" \/><\/p>\n<h4 id=\"Tremblay\">CONFERENCE DR MARK A. WAINBERG<\/h4>\n<h6>L\u2019\u00e9limination du VIH : Oser r\u00eaver<\/h6>\n<p><strong>Dre C\u00e9cile Tremblay<\/strong><\/p>\n<p><iframe loading=\"lazy\" title=\"CAHR2020 - Dr Mark Wainberg Lecture\" width=\"500\" height=\"281\" src=\"https:\/\/www.youtube.com\/embed\/ow1gYS9UEUc?feature=oembed\" frameborder=\"0\" allow=\"accelerometer; autoplay; clipboard-write; encrypted-media; gyroscope; picture-in-picture; web-share\" referrerpolicy=\"strict-origin-when-cross-origin\" allowfullscreen><\/iframe><\/p>\n<hr \/>\n<h4 id=\"ancuta\">SCIENCES FONDAMENTALES<\/h4>\n<h6>Cibler l\u2019horloge biologique des cellules Th17 pour la gu\u00e9rison du VIH-1<\/h6>\n<p><strong>Dre Petronela Ancuta<\/strong><\/p>\n<p><iframe loading=\"lazy\" title=\"CAHR2020 - Basic Sciences Plenary\" width=\"500\" height=\"281\" src=\"https:\/\/www.youtube.com\/embed\/BYdM0wOiZEg?start=14&#038;feature=oembed\" frameborder=\"0\" allow=\"accelerometer; autoplay; clipboard-write; encrypted-media; gyroscope; picture-in-picture; web-share\" referrerpolicy=\"strict-origin-when-cross-origin\" allowfullscreen><\/iframe><\/p>\n<hr \/>\n<h4 class=\"entry-title\">S\u00e9ance sp\u00e9ciale<\/h4>\n<h6>Feuille de route pour la sant\u00e9 cervicale dans le vih\u00a0: nouvelles optiques et outils pratiques pour le contexte canadien<\/h6>\n<p><strong>Dr. David Vance, Ph.D., MGS (Moderator), <\/strong><strong>Lesley K. Fellows, MD CM, DPhil, <\/strong><strong>Nancy E. Mayo, PhD, <\/strong><strong>Marie-Jos\u00e9e Brouillette, MD<\/strong><\/p>\n<p><iframe loading=\"lazy\" title=\"CAHR 2020 - Special Session - A Roadmap for Brain Health in HIV\" width=\"500\" height=\"281\" src=\"https:\/\/www.youtube.com\/embed\/I06_-P2VLjA?feature=oembed\" frameborder=\"0\" allow=\"accelerometer; autoplay; clipboard-write; encrypted-media; gyroscope; picture-in-picture; web-share\" referrerpolicy=\"strict-origin-when-cross-origin\" allowfullscreen><\/iframe><\/p>\n<hr \/>\n<h4 id=\"Zuniga\">\u00c9PID\u00c9MIOLOGIE ET SCIENCES DE LA SANT\u00c9 PUBLIQUE<\/h4>\n<h6>90-90-90, sur la voie (ou la pente) de la ma\u00eetrise de l\u2019\u00e9pid\u00e9mie de VIH<\/h6>\n<p><strong>Dr Jos\u00e9 M. Zuniga<\/strong><\/p>\n<p><iframe loading=\"lazy\" title=\"CAHR2020 - Epidemiology and Public Health Sciences Plenary\" width=\"500\" height=\"281\" src=\"https:\/\/www.youtube.com\/embed\/5cdjvi2XmPI?feature=oembed\" frameborder=\"0\" allow=\"accelerometer; autoplay; clipboard-write; encrypted-media; gyroscope; picture-in-picture; web-share\" referrerpolicy=\"strict-origin-when-cross-origin\" allowfullscreen><\/iframe><\/p>\n<hr \/>\n<h4 id=\"Markowitz\">SCIENCES CLINIQUES<\/h4>\n<h6>Th\u00e9rapie antir\u00e9trovirale pour le traitement et la pr\u00e9vention : Au-del\u00e0 de la th\u00e9rapie quotidienne par voie orale \u2013 Une nouvelle fronti\u00e8re<\/h6>\n<p><strong>Dr Martin Markowitz<\/strong><\/p>\n<p><iframe loading=\"lazy\" title=\"CAHR2020 - Clinical Sciences Plenary\" width=\"500\" height=\"375\" src=\"https:\/\/www.youtube.com\/embed\/9C9_xQ4Jtjo?feature=oembed\" frameborder=\"0\" allow=\"accelerometer; autoplay; clipboard-write; encrypted-media; gyroscope; picture-in-picture; web-share\" referrerpolicy=\"strict-origin-when-cross-origin\" allowfullscreen><\/iframe><\/p>\n<hr \/>\n<h4 id=\"Merck\">S\u00e9ance sp\u00e9ciale organis\u00e9e par :\u00a0Merck<\/h4>\n<h6 id=\"MerckSpecial\">GESTION DE LA COVID-19 ET DU VIH \u2013 EXP\u00c9RIENCES ET POINTS DE VUE DES MILIEUX CLINICIENS UNIVERSITAIRES ET COMMUNAUTAIRES<\/h6>\n<p><strong>Dr Jean-Pierre Routy M.D. FRCPC, Dr Jean-Guy Baril, M.D.<\/strong><\/p>\n<p><iframe loading=\"lazy\" title=\"CAHR 2020 - COVID-19 &amp; HIV Management\u2026the Academic &amp; Community clinician experiences &amp; perspectives\" width=\"500\" height=\"281\" src=\"https:\/\/www.youtube.com\/embed\/OaFC90xbw_E?feature=oembed\" frameborder=\"0\" allow=\"accelerometer; autoplay; clipboard-write; encrypted-media; gyroscope; picture-in-picture; web-share\" referrerpolicy=\"strict-origin-when-cross-origin\" allowfullscreen><\/iframe><\/p>\n<hr \/>\n<h4 id=\"Nelson\">SCIENCES SOCIALES<\/h4>\n<h6>Objectif z\u00e9ro infections au VIH chez les HARSAH noirs\u00a0: approches fond\u00e9es sur les donn\u00e9es probantes, pratiques fond\u00e9es sur l\u2019\u00e9mancipation et r\u00e9percussions ax\u00e9es sur l\u2019\u00e9quit\u00e9<\/h6>\n<p><strong>Dr LaRon Nelson<\/strong><\/p>\n<p><iframe loading=\"lazy\" title=\"CAHR2020 - Social Sciences Plenary\" width=\"500\" height=\"281\" src=\"https:\/\/www.youtube.com\/embed\/CiXmqnuhyZY?feature=oembed\" frameborder=\"0\" allow=\"accelerometer; autoplay; clipboard-write; encrypted-media; gyroscope; picture-in-picture; web-share\" referrerpolicy=\"strict-origin-when-cross-origin\" allowfullscreen><\/iframe><\/p>\n<hr \/>\n<h4 id=\"Nelson\">Hommage du Dr Francis A. Plummer<\/h4>\n<p><strong>Dr Keith Fowke<\/strong><\/p>\n<p><iframe loading=\"lazy\" title=\"Dr Francis A. Plummer Tribute\" width=\"500\" height=\"281\" src=\"https:\/\/www.youtube.com\/embed\/stCFAF3mzi8?feature=oembed\" frameborder=\"0\" allow=\"accelerometer; autoplay; clipboard-write; encrypted-media; gyroscope; picture-in-picture; web-share\" referrerpolicy=\"strict-origin-when-cross-origin\" allowfullscreen><\/iframe><\/p>\n","protected":false},"excerpt":{"rendered":"<p>CONFERENCE DR MARK A. WAINBERG L\u2019\u00e9limination du VIH : Oser r\u00eaver Dre C\u00e9cile Tremblay SCIENCES FONDAMENTALES Cibler l\u2019horloge biologique des cellules Th17 pour la gu\u00e9rison du VIH-1 Dre Petronela Ancuta S\u00e9ance sp\u00e9ciale Feuille de route pour la sant\u00e9 cervicale dans le vih\u00a0: nouvelles optiques et outils pratiques pour le contexte canadien Dr. David Vance, Ph.D., [&hellip;]<\/p>\n","protected":false},"featured_media":0,"parent":0,"menu_order":7,"template":"","meta":{"_acf_changed":false,"inline_featured_image":false,"footnotes":""},"class_list":["post-12662","virtual_conferences","type-virtual_conferences","status-publish","hentry"],"acf":[],"yoast_head":"<!-- This site is optimized with the Yoast SEO plugin v27.4 - https:\/\/yoast.com\/product\/yoast-seo-wordpress\/ -->\n<title>Vid\u00e9os &#8211; ACRV<\/title>\n<meta name=\"robots\" content=\"index, follow, max-snippet:-1, max-image-preview:large, max-video-preview:-1\" \/>\n<link rel=\"canonical\" href=\"https:\/\/www.cahr-acrv.ca\/fr\/virtual-conferences\/videos\/\" \/>\n<meta property=\"og:locale\" content=\"fr_FR\" \/>\n<meta property=\"og:type\" content=\"article\" \/>\n<meta property=\"og:title\" content=\"Vid\u00e9os &#8211; ACRV\" \/>\n<meta property=\"og:description\" content=\"CONFERENCE DR MARK A. WAINBERG L\u2019\u00e9limination du VIH : Oser r\u00eaver Dre C\u00e9cile Tremblay SCIENCES FONDAMENTALES Cibler l\u2019horloge biologique des cellules Th17 pour la gu\u00e9rison du VIH-1 Dre Petronela Ancuta S\u00e9ance sp\u00e9ciale Feuille de route pour la sant\u00e9 cervicale dans le vih\u00a0: nouvelles optiques et outils pratiques pour le contexte canadien Dr. David Vance, Ph.D., [&hellip;]\" \/>\n<meta property=\"og:url\" content=\"https:\/\/www.cahr-acrv.ca\/fr\/virtual-conferences\/videos\/\" \/>\n<meta property=\"og:site_name\" content=\"ACRV\" \/>\n<meta property=\"article:publisher\" content=\"https:\/\/www.facebook.com\/CanadianAssociationforHIVResearch\" \/>\n<meta property=\"article:modified_time\" content=\"2020-05-02T18:56:35+00:00\" \/>\n<meta property=\"og:image\" content=\"https:\/\/www.cahr-acrv.ca\/wp-content\/uploads\/2020\/04\/CAHR-2020-Virtual-Banner-1024x279.png\" \/>\n<meta name=\"twitter:card\" content=\"summary_large_image\" \/>\n<meta name=\"twitter:site\" content=\"@CAHR_ACRV\" \/>\n<meta name=\"twitter:label1\" content=\"Dur\u00e9e de lecture estim\u00e9e\" \/>\n\t<meta name=\"twitter:data1\" content=\"1 minute\" \/>\n<script type=\"application\/ld+json\" class=\"yoast-schema-graph\">{\"@context\":\"https:\\\/\\\/schema.org\",\"@graph\":[{\"@type\":\"WebPage\",\"@id\":\"https:\\\/\\\/www.cahr-acrv.ca\\\/fr\\\/virtual-conferences\\\/videos\\\/\",\"url\":\"https:\\\/\\\/www.cahr-acrv.ca\\\/fr\\\/virtual-conferences\\\/videos\\\/\",\"name\":\"Vid\u00e9os &#8211; ACRV\",\"isPartOf\":{\"@id\":\"https:\\\/\\\/www.cahr-acrv.ca\\\/#website\"},\"primaryImageOfPage\":{\"@id\":\"https:\\\/\\\/www.cahr-acrv.ca\\\/fr\\\/virtual-conferences\\\/videos\\\/#primaryimage\"},\"image\":{\"@id\":\"https:\\\/\\\/www.cahr-acrv.ca\\\/fr\\\/virtual-conferences\\\/videos\\\/#primaryimage\"},\"thumbnailUrl\":\"https:\\\/\\\/www.cahr-acrv.ca\\\/wp-content\\\/uploads\\\/2020\\\/04\\\/CAHR-2020-Virtual-Banner-1024x279.png\",\"datePublished\":\"2020-05-01T20:13:11+00:00\",\"dateModified\":\"2020-05-02T18:56:35+00:00\",\"breadcrumb\":{\"@id\":\"https:\\\/\\\/www.cahr-acrv.ca\\\/fr\\\/virtual-conferences\\\/videos\\\/#breadcrumb\"},\"inLanguage\":\"fr-FR\",\"potentialAction\":[{\"@type\":\"ReadAction\",\"target\":[\"https:\\\/\\\/www.cahr-acrv.ca\\\/fr\\\/virtual-conferences\\\/videos\\\/\"]}]},{\"@type\":\"ImageObject\",\"inLanguage\":\"fr-FR\",\"@id\":\"https:\\\/\\\/www.cahr-acrv.ca\\\/fr\\\/virtual-conferences\\\/videos\\\/#primaryimage\",\"url\":\"https:\\\/\\\/www.cahr-acrv.ca\\\/wp-content\\\/uploads\\\/2020\\\/04\\\/CAHR-2020-Virtual-Banner-1024x279.png\",\"contentUrl\":\"https:\\\/\\\/www.cahr-acrv.ca\\\/wp-content\\\/uploads\\\/2020\\\/04\\\/CAHR-2020-Virtual-Banner-1024x279.png\"},{\"@type\":\"BreadcrumbList\",\"@id\":\"https:\\\/\\\/www.cahr-acrv.ca\\\/fr\\\/virtual-conferences\\\/videos\\\/#breadcrumb\",\"itemListElement\":[{\"@type\":\"ListItem\",\"position\":1,\"name\":\"Accueil\",\"item\":\"https:\\\/\\\/www.cahr-acrv.ca\\\/fr\\\/accueil\\\/\"},{\"@type\":\"ListItem\",\"position\":2,\"name\":\"Vid\u00e9os\"}]},{\"@type\":\"WebSite\",\"@id\":\"https:\\\/\\\/www.cahr-acrv.ca\\\/#website\",\"url\":\"https:\\\/\\\/www.cahr-acrv.ca\\\/\",\"name\":\"ACRV\",\"description\":\"L'association canadienne de recherche sur le VIH\",\"publisher\":{\"@id\":\"https:\\\/\\\/www.cahr-acrv.ca\\\/#organization\"},\"potentialAction\":[{\"@type\":\"SearchAction\",\"target\":{\"@type\":\"EntryPoint\",\"urlTemplate\":\"https:\\\/\\\/www.cahr-acrv.ca\\\/?s={search_term_string}\"},\"query-input\":{\"@type\":\"PropertyValueSpecification\",\"valueRequired\":true,\"valueName\":\"search_term_string\"}}],\"inLanguage\":\"fr-FR\"},{\"@type\":\"Organization\",\"@id\":\"https:\\\/\\\/www.cahr-acrv.ca\\\/#organization\",\"name\":\"Canadian Association for HIV Research\",\"alternateName\":\"CAHR\",\"url\":\"https:\\\/\\\/www.cahr-acrv.ca\\\/\",\"logo\":{\"@type\":\"ImageObject\",\"inLanguage\":\"fr-FR\",\"@id\":\"https:\\\/\\\/www.cahr-acrv.ca\\\/#\\\/schema\\\/logo\\\/image\\\/\",\"url\":\"https:\\\/\\\/www.cahr-acrv.ca\\\/wp-content\\\/uploads\\\/2025\\\/06\\\/cahr-organization-logo.png\",\"contentUrl\":\"https:\\\/\\\/www.cahr-acrv.ca\\\/wp-content\\\/uploads\\\/2025\\\/06\\\/cahr-organization-logo.png\",\"width\":696,\"height\":696,\"caption\":\"Canadian Association for HIV Research\"},\"image\":{\"@id\":\"https:\\\/\\\/www.cahr-acrv.ca\\\/#\\\/schema\\\/logo\\\/image\\\/\"},\"sameAs\":[\"https:\\\/\\\/www.facebook.com\\\/CanadianAssociationforHIVResearch\",\"https:\\\/\\\/x.com\\\/CAHR_ACRV\",\"https:\\\/\\\/bsky.app\\\/profile\\\/cahr-acrv.bsky.social\",\"https:\\\/\\\/www.youtube.com\\\/user\\\/CAHRACRV\",\"https:\\\/\\\/www.instagram.com\\\/cahr_acrv\\\/\",\"https:\\\/\\\/www.linkedin.com\\\/company\\\/canadian-association-for-hiv-research\\\/\"]}]}<\/script>\n<!-- \/ Yoast SEO plugin. -->","yoast_head_json":{"title":"Vid\u00e9os &#8211; ACRV","robots":{"index":"index","follow":"follow","max-snippet":"max-snippet:-1","max-image-preview":"max-image-preview:large","max-video-preview":"max-video-preview:-1"},"canonical":"https:\/\/www.cahr-acrv.ca\/fr\/virtual-conferences\/videos\/","og_locale":"fr_FR","og_type":"article","og_title":"Vid\u00e9os &#8211; ACRV","og_description":"CONFERENCE DR MARK A. WAINBERG L\u2019\u00e9limination du VIH : Oser r\u00eaver Dre C\u00e9cile Tremblay SCIENCES FONDAMENTALES Cibler l\u2019horloge biologique des cellules Th17 pour la gu\u00e9rison du VIH-1 Dre Petronela Ancuta S\u00e9ance sp\u00e9ciale Feuille de route pour la sant\u00e9 cervicale dans le vih\u00a0: nouvelles optiques et outils pratiques pour le contexte canadien Dr. David Vance, Ph.D., [&hellip;]","og_url":"https:\/\/www.cahr-acrv.ca\/fr\/virtual-conferences\/videos\/","og_site_name":"ACRV","article_publisher":"https:\/\/www.facebook.com\/CanadianAssociationforHIVResearch","article_modified_time":"2020-05-02T18:56:35+00:00","og_image":[{"url":"https:\/\/www.cahr-acrv.ca\/wp-content\/uploads\/2020\/04\/CAHR-2020-Virtual-Banner-1024x279.png","type":"","width":"","height":""}],"twitter_card":"summary_large_image","twitter_site":"@CAHR_ACRV","twitter_misc":{"Dur\u00e9e de lecture estim\u00e9e":"1 minute"},"schema":{"@context":"https:\/\/schema.org","@graph":[{"@type":"WebPage","@id":"https:\/\/www.cahr-acrv.ca\/fr\/virtual-conferences\/videos\/","url":"https:\/\/www.cahr-acrv.ca\/fr\/virtual-conferences\/videos\/","name":"Vid\u00e9os &#8211; ACRV","isPartOf":{"@id":"https:\/\/www.cahr-acrv.ca\/#website"},"primaryImageOfPage":{"@id":"https:\/\/www.cahr-acrv.ca\/fr\/virtual-conferences\/videos\/#primaryimage"},"image":{"@id":"https:\/\/www.cahr-acrv.ca\/fr\/virtual-conferences\/videos\/#primaryimage"},"thumbnailUrl":"https:\/\/www.cahr-acrv.ca\/wp-content\/uploads\/2020\/04\/CAHR-2020-Virtual-Banner-1024x279.png","datePublished":"2020-05-01T20:13:11+00:00","dateModified":"2020-05-02T18:56:35+00:00","breadcrumb":{"@id":"https:\/\/www.cahr-acrv.ca\/fr\/virtual-conferences\/videos\/#breadcrumb"},"inLanguage":"fr-FR","potentialAction":[{"@type":"ReadAction","target":["https:\/\/www.cahr-acrv.ca\/fr\/virtual-conferences\/videos\/"]}]},{"@type":"ImageObject","inLanguage":"fr-FR","@id":"https:\/\/www.cahr-acrv.ca\/fr\/virtual-conferences\/videos\/#primaryimage","url":"https:\/\/www.cahr-acrv.ca\/wp-content\/uploads\/2020\/04\/CAHR-2020-Virtual-Banner-1024x279.png","contentUrl":"https:\/\/www.cahr-acrv.ca\/wp-content\/uploads\/2020\/04\/CAHR-2020-Virtual-Banner-1024x279.png"},{"@type":"BreadcrumbList","@id":"https:\/\/www.cahr-acrv.ca\/fr\/virtual-conferences\/videos\/#breadcrumb","itemListElement":[{"@type":"ListItem","position":1,"name":"Accueil","item":"https:\/\/www.cahr-acrv.ca\/fr\/accueil\/"},{"@type":"ListItem","position":2,"name":"Vid\u00e9os"}]},{"@type":"WebSite","@id":"https:\/\/www.cahr-acrv.ca\/#website","url":"https:\/\/www.cahr-acrv.ca\/","name":"ACRV","description":"L'association canadienne de recherche sur le VIH","publisher":{"@id":"https:\/\/www.cahr-acrv.ca\/#organization"},"potentialAction":[{"@type":"SearchAction","target":{"@type":"EntryPoint","urlTemplate":"https:\/\/www.cahr-acrv.ca\/?s={search_term_string}"},"query-input":{"@type":"PropertyValueSpecification","valueRequired":true,"valueName":"search_term_string"}}],"inLanguage":"fr-FR"},{"@type":"Organization","@id":"https:\/\/www.cahr-acrv.ca\/#organization","name":"Canadian Association for HIV Research","alternateName":"CAHR","url":"https:\/\/www.cahr-acrv.ca\/","logo":{"@type":"ImageObject","inLanguage":"fr-FR","@id":"https:\/\/www.cahr-acrv.ca\/#\/schema\/logo\/image\/","url":"https:\/\/www.cahr-acrv.ca\/wp-content\/uploads\/2025\/06\/cahr-organization-logo.png","contentUrl":"https:\/\/www.cahr-acrv.ca\/wp-content\/uploads\/2025\/06\/cahr-organization-logo.png","width":696,"height":696,"caption":"Canadian Association for HIV Research"},"image":{"@id":"https:\/\/www.cahr-acrv.ca\/#\/schema\/logo\/image\/"},"sameAs":["https:\/\/www.facebook.com\/CanadianAssociationforHIVResearch","https:\/\/x.com\/CAHR_ACRV","https:\/\/bsky.app\/profile\/cahr-acrv.bsky.social","https:\/\/www.youtube.com\/user\/CAHRACRV","https:\/\/www.instagram.com\/cahr_acrv\/","https:\/\/www.linkedin.com\/company\/canadian-association-for-hiv-research\/"]}]}},"_links":{"self":[{"href":"https:\/\/www.cahr-acrv.ca\/fr\/wp-json\/wp\/v2\/virtual_conferences\/12662","targetHints":{"allow":["GET"]}}],"collection":[{"href":"https:\/\/www.cahr-acrv.ca\/fr\/wp-json\/wp\/v2\/virtual_conferences"}],"about":[{"href":"https:\/\/www.cahr-acrv.ca\/fr\/wp-json\/wp\/v2\/types\/virtual_conferences"}],"version-history":[{"count":0,"href":"https:\/\/www.cahr-acrv.ca\/fr\/wp-json\/wp\/v2\/virtual_conferences\/12662\/revisions"}],"wp:attachment":[{"href":"https:\/\/www.cahr-acrv.ca\/fr\/wp-json\/wp\/v2\/media?parent=12662"}],"curies":[{"name":"wp","href":"https:\/\/api.w.org\/{rel}","templated":true}]}}