{"id":8995,"date":"2017-11-20T16:04:37","date_gmt":"2017-11-20T21:04:37","guid":{"rendered":"https:\/\/cahr.wpengine.com\/?page_id=8995"},"modified":"2026-03-24T12:58:08","modified_gmt":"2026-03-24T16:58:08","slug":"fonds-mark-wainberg","status":"publish","type":"page","link":"https:\/\/www.cahr-acrv.ca\/fr\/fonds-mark-wainberg\/","title":{"rendered":"Fonds Mark Wainberg"},"content":{"rendered":"\n<p><strong>Les candidatures ne sont actuellement pas accept\u00e9es pour 2026.<\/strong><\/p>\n\n\n\n<p>En avril 2017, la collectivit\u00e9 du VIH d\u00e9plorait le d\u00e9c\u00e8s du Dr&nbsp;Mark Wainberg (1945-2017), l\u2019un des premiers chefs de file de la lutte contre le VIH\/sida et bien connu pour sa participation \u00e0 cette d\u00e9couverte d\u2019importance majeure que fut l\u2019identification initiale de la lamivudine (3TC) en tant que m\u00e9dicament antiviral en 1989. Chercheur respect\u00e9 \u00e0 l\u2019\u00e9chelle internationale et mentor engag\u00e9, le Dr&nbsp;Wainberg \u00e9tait \u00e9galement l\u2019un des membres fondateurs de l\u2019Association canadienne de recherche sur le VIH, dont il \u00e9tait pr\u00e9sident sortant.<\/p>\n\n\n\n<p>Afin de poursuivre la vision du Dr&nbsp;Wainberg, soit favoriser la recherche innovatrice sur le VIH et le partage des connaissances, et gr\u00e2ce au g\u00e9n\u00e9reux soutien de ViiV Soins de sant\u00e9, l\u2019ACRV a cr\u00e9\u00e9 le \u00ab&nbsp;Fonds Mark Wainberg&nbsp;\u00bb afin d\u2019aider les chercheurs canadiens des sciences fondamentales \u2013 travaillant le domaine de la virologie du VIH \u2013 \u00e0 pr\u00e9senter leur travail lors de rencontres accr\u00e9dit\u00e9es au Canada et \u00e0 l\u2019\u00e9tranger. L\u2019ACRV remercie ViiV Soins de sant\u00e9 de son soutien \u00e0 ce programme.<\/p>\n\n\n<div class=\"in-page-navigation\">\n  <ul>\n      <li><a href=\"#financement\">Financement<\/a><\/li>\n      <li><a href=\"#admissibles\">Co\u00fbts Admissibles<\/a><\/li>\n      <li><a href=\"#dates\">Dates Importantes<\/a><\/li>\n      <li><a href=\"#admissibilite\">Admissibilit\u00e9<\/a><\/li>\n      <li><a href=\"#modalites\">Modalit\u00e9s de Candidature<\/a><\/li>\n      <li><a href=\"#langues\">Langues Officielles<\/a><\/li>\n      <li><a href=\"#aide\">Conditions de Financement<\/a><\/li>\n      <li><a href=\"#exigencesdecommunication\">Exigences de Communication<\/a><\/li>\n      <li><a href=\"#examen\">Processus d\u2019Examen<\/a><\/li>\n      <li><a href=\"#criteresdevaluation\">Crit\u00e8res d\u2019\u00c9valuation<\/a><\/li>\n      <li><a href=\"#decision\">D\u00e9cision de Financement<\/a><\/li>\n      <li><a href=\"#joindre\">Nous Joindre<\/a><\/li>\n      <li><a href=\"#partenaires\">Partenaires<\/a><\/li>\n    <\/ul>\n<\/div>\n\n\n\n<h2 class=\"wp-block-heading\" id=\"financement\">Financement<\/h2>\n\n\n\n<p>Par l\u2019entremise de ce concours de financement, l\u2019ACRV subventionnera des bourses de voyage pour permettre aux chercheurs admissibles des sciences fondamentales de pr\u00e9senter leur travail ax\u00e9 sur le VIH lors de conf\u00e9rences offrant une plateforme ad\u00e9quate pour en discuter, tant au Canada qu&rsquo;\u00e0 l\u2019\u00e9tranger.<\/p>\n\n\n\n<p>Les boursiers pourraient recevoir jusqu\u2019\u00e0 2&nbsp;500&nbsp;$ (CAD) pour se rendre \u00e0 une conf\u00e9rence accr\u00e9dit\u00e9e.<\/p>\n\n\n\n<h2 class=\"wp-block-heading\" id=\"admissibles\">Co\u00fbts Admissibles<\/h2>\n\n\n\n<p>Voici les d\u00e9penses admissibles aux fins de l\u2019aide financi\u00e8re&nbsp;:<\/p>\n\n\n\n<ol class=\"wp-block-list\">\n<li>transport<\/li>\n\n\n\n<li>h\u00e9bergement<\/li>\n<\/ol>\n\n\n\n<p>Dans tous les cas, les fonds seront fournis directement au boursier \u00e0 la fin du congr\u00e8s ou de la conf\u00e9rence. Les boursiers doivent pr\u00e9senter \u00e0 l\u2019ACRV leur preuve de voyage (carte d\u2019embarquement et factures d\u2019h\u00f4tel) pour que l\u2019Association puisse traiter les paiements.<\/p>\n\n\n\n<h2 class=\"wp-block-heading\" id=\"dates\">Dates Importantes<\/h2>\n\n\n\n<p>Il s\u2019agit d\u2019un concours ouvert et les demandes seront accept\u00e9es tout au long de l\u2019ann\u00e9e civile. \u00c0 remarquer que les demandes doivent \u00eatre pr\u00e9sent\u00e9es au moins quatre (4) semaines avant l\u2019\u00e9v\u00e9nement, afin de permettre un examen ad\u00e9quat par les pairs.<\/p>\n\n\n\n<h2 class=\"wp-block-heading\" id=\"admissibilite\">Admissibilit\u00e9<\/h2>\n\n\n\n<ul class=\"wp-block-list\">\n<li>les candidats doivent \u00eatre citoyens canadiens ou r\u00e9sidents permanents du Canada;<\/li>\n\n\n\n<li>Les candidats doivent \u00eatre rattach\u00e9s \u00e0 une institution canadienne (de niveau ma\u00eetrise ou plus);<\/li>\n\n\n\n<li>les candidats doivent concentrer leurs recherches en sciences fondamentales;<\/li>\n\n\n\n<li>les candidats doivent axer leurs recherches sur la virologie;<\/li>\n\n\n\n<li>les candidats doivent faire la preuve que leurs travaux ax\u00e9s sur le VIH ont \u00e9t\u00e9 accept\u00e9s pour pr\u00e9sentation \u00e0 une conf\u00e9rence accr\u00e9dit\u00e9e au Canada ou \u00e0 l\u2019\u00e9tranger;<\/li>\n\n\n\n<li>les cliniciens praticiens, les membres du conseil de l\u2019ACRV et les hauts fonctionnaires gouvernementaux <strong>ne sont pas admissibles.<\/strong><\/li>\n<\/ul>\n\n\n\n<h2 class=\"wp-block-heading\" id=\"modalites\">Modalit\u00e9s de Candidature<\/h2>\n\n\n\n<p><em>Voici ce que doit contenir une demande compl\u00e8te&nbsp;: <\/em><\/p>\n\n\n\n<ul class=\"wp-block-list\">\n<li>une lettre d\u2019au plus deux pages, maximum 1&nbsp;000&nbsp;mots,\n<ul class=\"wp-block-list\">\n<li>r\u00e9sumant l\u2019exp\u00e9rience\/la formation pertinentes du demandeur;<\/li>\n\n\n\n<li>\u00e9tablissant que le demandeur satisfait aux crit\u00e8res d\u2019admissibilit\u00e9;<\/li>\n\n\n\n<li>d\u00e9crivant en quoi le demandeur satisfait aux crit\u00e8res d\u2019\u00e9valuation;<\/li>\n\n\n\n<li>pr\u00e9cisant que le demandeur n\u2019a pas re\u00e7u d\u2019aide financi\u00e8re d\u2019un autre organisme subventionnaire pour assister \u00e0 la conf\u00e9rence;<\/li>\n<\/ul>\n<\/li>\n\n\n\n<li>le curriculum vitae du demandeur;<\/li>\n\n\n\n<li>la preuve de l\u2019acceptation de la recherche \u00e0 la conf\u00e9rence pour laquelle le candidat demande l\u2019aide financi\u00e8re;<\/li>\n\n\n\n<li>la preuve de la citoyennet\u00e9 canadienne ou de la r\u00e9sidence permanente au Canada;<\/li>\n\n\n\n<li>une d\u00e9claration attestant que le candidat n\u2019est pas un clinicien praticien, non plus qu\u2019un fonctionnaire du gouvernement.<\/li>\n<\/ul>\n\n\n\n<div style=\"height:10px\" aria-hidden=\"true\" class=\"wp-block-spacer\"><\/div>\n\n\n\n<p><strong><a href=\"https:\/\/www.cognitoforms.com\/CanadianAssociationForHIVResearch\/FondsMarkWainberg\" target=\"_blank\" rel=\"noreferrer noopener\" class=\"button\">Faites d\u00e8s maintenant votre demande<\/a><\/strong><\/p>\n\n\n\n<div style=\"height:10px\" aria-hidden=\"true\" class=\"wp-block-spacer\"><\/div>\n\n\n\n<h2 class=\"wp-block-heading\" id=\"langues\">Langues Officielles<\/h2>\n\n\n\n<p>L\u2019ACRV encourage les candidats \u00e0 pr\u00e9senter leur proposition dans la langue officielle de leur choix et s\u2019engage \u00e0 veiller \u00e0 un examen de qualit\u00e9 des demandes pr\u00e9sent\u00e9es dans l\u2019une ou l\u2019autre des langues officielles.<\/p>\n\n\n\n<h2 class=\"wp-block-heading\" id=\"aide\">Conditions de Financement<\/h2>\n\n\n\n<p>Les candidats retenus doivent&nbsp;:<\/p>\n\n\n\n<ul class=\"wp-block-list\">\n<li>confirmer qu\u2019ils n\u2019ont pas d\u00e9j\u00e0 re\u00e7u d\u2019aide financi\u00e8re d\u2019un autre organisme subventionnaire pour assister \u00e0 la m\u00eame conf\u00e9rence;<\/li>\n\n\n\n<li>accepter leur bourse dans les <u>cinq jours ouvrables suivant la date de l\u2019offre<\/u>, sinon la bourse sera annul\u00e9e et offerte au candidat admissible suivant.<\/li>\n<\/ul>\n\n\n\n<p>L\u2019aide financi\u00e8re est non renouvelable. Vous ne pouvez recevoir plus d\u2019une bourse par ann\u00e9e civile.<\/p>\n\n\n\n<h2 class=\"wp-block-heading\" id=\"exigencesdecommunication\">Exigences de Communication<\/h2>\n\n\n\n<p>Les boursiers doivent reconna\u00eetre l\u2019aide financi\u00e8re de l\u2019ACRV\/de ViiV dans tout rapport ou tout expos\u00e9 concernant l\u2019\u00e9v\u00e9nement.<\/p>\n\n\n\n<h2 class=\"wp-block-heading\" id=\"examen\">Processus d\u2019Examen<\/h2>\n\n\n\n<p>L\u2019ACRV cr\u00e9era un comit\u00e9 d\u2019examen ind\u00e9pendant se composant de pairs charg\u00e9 d\u2019\u00e9valuer les demandes.<\/p>\n\n\n\n<h2 class=\"wp-block-heading\" id=\"criteresdevaluation\">Crit\u00e8res d\u2019\u00c9valuation<\/h2>\n\n\n\n<p>Les domaines prioritaires d\u2019attribution des bourses sont les suivants&nbsp;:<\/p>\n\n\n\n<ul class=\"wp-block-list\">\n<li>preuve que le demandeur poss\u00e8de la formation et la comp\u00e9tence n\u00e9cessaires dans le domaine du VIH conform\u00e9ment au th\u00e8me de l\u2019\u00e9v\u00e9nement;<\/li>\n\n\n\n<li>preuve que le demandeur a financi\u00e8rement besoin de cette bourse;<\/li>\n\n\n\n<li>preuve que le demandeur participera activement et fera une pr\u00e9sentation ou un expos\u00e9 \u00e0 la conf\u00e9rence \u00e0 titre de pr\u00e9sentateur ou a par ailleurs activement particip\u00e9 \u00e0 la recherche originale ou aux travaux scientifiques pr\u00e9sent\u00e9s (p.&nbsp;ex. pr\u00e9sentation d\u2019abr\u00e9g\u00e9s);<\/li>\n\n\n\n<li>preuve que la participation \u00e0 l\u2019\u00e9v\u00e9nement subventionn\u00e9 sera \u00e0 l\u2019avantage de la carri\u00e8re ou des efforts de recherche du demandeur.<\/li>\n<\/ul>\n\n\n\n<h2 class=\"wp-block-heading\" id=\"decision\">D\u00e9cision de Financement<\/h2>\n\n\n\n<p>\u00c0 l\u2019ach\u00e8vement de l\u2019examen par les pairs, l\u2019ACRV recevra une \u00e9valuation de la demande et une recommandation d\u2019aide financi\u00e8re. L\u2019information servira \u00e0 des fins de d\u00e9cision sur l\u2019attribution des bourses et demeurera anonyme.<\/p>\n\n\n\n<p>Les demandes seront subventionn\u00e9es dans la mesure o\u00f9 le permettra le budget. Les demandes qui re\u00e7oivent une cote inf\u00e9rieure \u00e0 3,5 n\u2019obtiendront pas d\u2019aide financi\u00e8re (l\u2019\u00e9chelle est 0 \u00e0 5).<\/p>\n\n\n\n<h2 class=\"wp-block-heading\">R\u00e9sultats<\/h2>\n\n\n\n<details class=\"wp-block-details has-medium-font-size is-layout-flow wp-block-details-is-layout-flow\"><summary>R\u00e9sultats 2026<\/summary>\n<p><strong>ACRV 2026<\/strong><\/p>\n\n\n\n<ul class=\"wp-block-list\">\n<li>Kieran Anderson (Simon Fraser)<\/li>\n\n\n\n<li>Evan Barad (Simon Fraser)<\/li>\n\n\n\n<li>Teresa Bennett (University of Toronto)<\/li>\n\n\n\n<li>Deepa Chaphekar (University of Toronto)<\/li>\n\n\n\n<li>Maggie Duncan (Simon Fraser)<\/li>\n\n\n\n<li>Angela Omrani (Simon Fraser)<\/li>\n\n\n\n<li>Qing Rui (Simon) Qu (University of Toronto)<\/li>\n\n\n\n<li>Celene Titus (University of Toronto)<\/li>\n\n\n\n<li>Fatima Yaseen (UBC)<\/li>\n\n\n\n<li>Ouafa Zghidi-Abouzid (Centre de recherche du CHU de Qu\u00e9bec\u2013Universit\u00e9 Laval)<\/li>\n<\/ul>\n<\/details>\n\n\n\n<details class=\"wp-block-details has-medium-font-size is-layout-flow wp-block-details-is-layout-flow\"><summary>R\u00e9sultats 2025<\/summary>\n<p><strong>L\u2019ACRV 2025<\/strong><\/p>\n\n\n\n<ul class=\"wp-block-list\">\n<li>Abraham Awada (University of Manitoba)<\/li>\n\n\n\n<li>Teresa Bennett (University of Toronto)<\/li>\n\n\n\n<li>Maggie Duncan (Simon Fraser University)<\/li>\n\n\n\n<li>Riley Greenslade (University of Manitoba)<\/li>\n\n\n\n<li>Rubendren Jamilchelvan (University of Manitoba)<\/li>\n\n\n\n<li>Toby Le (University of Manitoba)<\/li>\n\n\n\n<li>Ruey Su (University of Manitoba)<\/li>\n\n\n\n<li>Celene Titus (University of Toronto)<\/li>\n\n\n\n<li>Riley Tough (University of Manitoba)<\/li>\n\n\n\n<li>Qing Rui (Simon) Qu (University of Toronto)<\/li>\n\n\n\n<li>Suji Udayakumar (University of Toronto)<\/li>\n\n\n\n<li>Fatima Yaseen (BC Center for Excellence in HIV\/AIDS)<\/li>\n<\/ul>\n<\/details>\n\n\n\n<details class=\"wp-block-details has-medium-font-size is-layout-flow wp-block-details-is-layout-flow\"><summary>R\u00e9sultats 2024<\/summary>\n<p><strong>R4P 2024<\/strong><\/p>\n\n\n\n<ul class=\"wp-block-list\">\n<li>James Pollock (University of Toronto)<\/li>\n<\/ul>\n\n\n\n<p><strong>SIDA 2024<\/strong><\/p>\n\n\n\n<ul class=\"wp-block-list\">\n<li>Maggie Duncan (Simon Fraser)<\/li>\n\n\n\n<li>Mohammad-Ali Jenabian (Universit\u00e9 du Qu\u00e9bec \u00e0 Montr\u00e9al)<\/li>\n\n\n\n<li>Haneesha Mohan (University of Toronto)<\/li>\n<\/ul>\n\n\n\n<p><strong>CSV 2024<\/strong><\/p>\n\n\n\n<ul class=\"wp-block-list\">\n<li>Corby Fink (University of Western Ontario)<\/li>\n\n\n\n<li>Amy Gillgrass (McMaster University)<\/li>\n\n\n\n<li>Arvin Persaud (University of Toronto)<\/li>\n<\/ul>\n\n\n\n<p><strong>L\u2019ACRV 2024<\/strong><\/p>\n\n\n\n<ul class=\"wp-block-list\">\n<li>Stephane Isnard (Universit\u00e9 McGill)<\/li>\n\n\n\n<li>Toby Le (University of Manitoba)<\/li>\n\n\n\n<li>F. Harrison Omondi (Simon Fraser)<\/li>\n\n\n\n<li>Michelle Ranjbar (University of Toronto)<\/li>\n\n\n\n<li>Ruey-chyi Su (University of Manitoba)<\/li>\n\n\n\n<li>Celene Titus (University of Toronto)<\/li>\n<\/ul>\n<\/details>\n\n\n\n<details class=\"wp-block-details has-medium-font-size is-layout-flow wp-block-details-is-layout-flow\"><summary>R\u00e9sultats 2023<\/summary>\n<p><strong>British Society for Immunology Annual Congress 2023<\/strong><\/p>\n\n\n\n<ul class=\"wp-block-list\">\n<li>Michael Grant (Memorial University)<\/li>\n<\/ul>\n\n\n\n<p><strong>Strategies for an HIV Cure<\/strong><\/p>\n\n\n\n<ul class=\"wp-block-list\">\n<li>Fredrick Omondi (Simon Fraser University)<\/li>\n<\/ul>\n\n\n\n<p><strong>IAS 2023, the 12th IAS Conference on HIV Science<\/strong><\/p>\n\n\n\n<ul class=\"wp-block-list\">\n<li>Mohammad-Ali Jenabian (Universit\u00e9 du Qu\u00e9bec \u00e0 Montr\u00e9al)<\/li>\n<\/ul>\n\n\n\n<p><strong>L\u2019ACRV 2023<\/strong><\/p>\n\n\n\n<ul class=\"wp-block-list\">\n<li>Zhujun Ao (University of Manitoba)<\/li>\n\n\n\n<li>Allison Balasko (University of Manitoba)<\/li>\n\n\n\n<li>Samar Dankar (Universit\u00e9 d\u2019Ottawa)<\/li>\n\n\n\n<li>Jonathan Dias (Universit\u00e9 de Montr\u00e9al)<\/li>\n\n\n\n<li>Maggie Duncan (Simon Fraser University)<\/li>\n\n\n\n<li>Corby Fink (Western)<\/li>\n\n\n\n<li>Brittany Haas (Universit\u00e9 d\u2019Ottawa)<\/li>\n\n\n\n<li>Kayla Holder (Memorial)<\/li>\n\n\n\n<li>Nnamdi Ikeogu (University of Manitoba)<\/li>\n\n\n\n<li>Monika Kowatsch (University of Manitoba)<\/li>\n<\/ul>\n<\/details>\n\n\n\n<details class=\"wp-block-details has-medium-font-size is-layout-flow wp-block-details-is-layout-flow\"><summary>R\u00e9sultats 2022<\/summary>\n<p><strong>CSV2022<\/strong><\/p>\n\n\n\n<ul class=\"wp-block-list\">\n<li>Jonathan Burnie (University of Toronto)<\/li>\n<\/ul>\n\n\n\n<p><strong>AIDS 2022<\/strong><\/p>\n\n\n\n<ul class=\"wp-block-list\">\n<li>Michael Grant (Memorial)<\/li>\n<\/ul>\n\n\n\n<p><strong>HIV Persistence Workshop 2022<\/strong><\/p>\n\n\n\n<ul class=\"wp-block-list\">\n<li>Maggie Duncan (SFU)<\/li>\n<\/ul>\n<\/details>\n\n\n\n<details class=\"wp-block-details has-medium-font-size is-layout-flow wp-block-details-is-layout-flow\"><summary>R\u00e9sultats 2021<\/summary>\n<p><strong>ACRV 2021<\/strong><\/p>\n\n\n\n<ul class=\"wp-block-list\">\n<li>Monika Kowatsch, Universit\u00e9 du Manitoba<\/li>\n<\/ul>\n\n\n\n<p><strong>Keystone (eSymposia on HIV Pathogenesis and Cure)<\/strong><\/p>\n\n\n\n<ul class=\"wp-block-list\">\n<li>Jonathan Dias (Universit\u00e9 de Montr\u00e9al)<\/li>\n<\/ul>\n<\/details>\n\n\n\n<details class=\"wp-block-details has-medium-font-size is-layout-flow wp-block-details-is-layout-flow\"><summary>R\u00e9sultats 2019<\/summary>\n<p><strong>HIV Research for Prevention (HIVR4P)<\/strong><\/p>\n\n\n\n<ul class=\"wp-block-list\">\n<li>Steven Jin, Simon Fraser University<\/li>\n<\/ul>\n\n\n\n<p><strong>Conf\u00e9rence sur les r\u00e9trovirus et les infections opportunistes (CROI)<\/strong><\/p>\n\n\n\n<ul class=\"wp-block-list\">\n<li>Aniqa Shahid, British Columbia Centre for Excellence in HIV\/AIDS (BC-CfE), St Paul\u2019s Hospital Foundation<\/li>\n<\/ul>\n\n\n\n<p><strong>CAHR 2019<\/strong><\/p>\n\n\n\n<ul class=\"wp-block-list\">\n<li>Julie Lajoie, Universit\u00e9 du Manitoba<\/li>\n\n\n\n<li>Teslin Sandstrom, Institut de recherche de l\u2019h\u00f4pital d\u2019Ottawa<\/li>\n\n\n\n<li>Mark Goring, Universit\u00e9 McGill<\/li>\n\n\n\n<li>Saina Beitari, Institut Lady Davis, Montr\u00e9al<\/li>\n\n\n\n<li>Breanne Head, Universit\u00e9 du Manitoba<\/li>\n\n\n\n<li>Allison Balasko, Universit\u00e9 du Manitoba<\/li>\n\n\n\n<li>Monika Kowatsch, Universit\u00e9 du Manitoba<\/li>\n\n\n\n<li>Matthew Greig, Universit\u00e9 d\u2019Ottawa<\/li>\n<\/ul>\n\n\n\n<p><strong>American Society for Virology\u2019s Annual Meeting (ASV 2019)<\/strong><\/p>\n\n\n\n<ul class=\"wp-block-list\">\n<li>Tyler Renner, Universit\u00e9 d\u2019Ottawa<\/li>\n<\/ul>\n\n\n\n<p><strong>Cold Spring Harbor Labs meeting on Retroviruses<\/strong><\/p>\n\n\n\n<ul class=\"wp-block-list\">\n<li>Linda Chelico, University of Saskatchewan<\/li>\n<\/ul>\n\n\n\n<p><strong>International Herpesvirus Workshop<\/strong><\/p>\n\n\n\n<ul class=\"wp-block-list\">\n<li>Elinor Shvartsman, University of Manitoba<\/li>\n<\/ul>\n\n\n\n<p><strong>NK2019<\/strong><\/p>\n\n\n\n<ul class=\"wp-block-list\">\n<li>Kayla Holder, Memorial University<\/li>\n<\/ul>\n<\/details>\n\n\n\n<details class=\"wp-block-details has-medium-font-size is-layout-flow wp-block-details-is-layout-flow\"><summary>R\u00e9sultats 2018<\/summary>\n<p><strong>27e Congr\u00e8s annuel de recherche sur le VIH\/sida (ACRV 2018)<\/strong><\/p>\n\n\n\n<ul class=\"wp-block-list\">\n<li>Stephen Barr, Universit\u00e9 Western<\/li>\n\n\n\n<li>\u00c9milie Comeau, Universit\u00e9 Memorial de Terre-Neuve<\/li>\n\n\n\n<li>Raymond Wong, Universit\u00e9 de Toronto<\/li>\n\n\n\n<li>Tyler Renner, Universit\u00e9 d\u2019Ottawa<\/li>\n\n\n\n<li>Allison Balasko, Universit\u00e9 du Manitoba<\/li>\n<\/ul>\n\n\n\n<p><strong>Conf\u00e9rence sur les r\u00e9trovirus et les infections opportunistes (CROI 2018)<\/strong><\/p>\n\n\n\n<ul class=\"wp-block-list\">\n<li>Thibault Mesplede, Institut Lady Davis de recherches m\u00e9dicales<\/li>\n\n\n\n<li>Lydia Larabie, Universit\u00e9 McGill<\/li>\n<\/ul>\n\n\n\n<p><strong>AMMI Canada 2018 \u2013 Congr\u00e8s annuel de l\u2019Association canadienne de microbiologie clinique et des maladies infectieuses (ACMCMI)<\/strong><\/p>\n\n\n\n<ul class=\"wp-block-list\">\n<li>Monika Kowatsch,&nbsp;Universit\u00e9 du Manitoba<\/li>\n<\/ul>\n\n\n\n<p><strong>Cold Spring Harbour Labs<\/strong><\/p>\n\n\n\n<ul class=\"wp-block-list\">\n<li>Linda Chelico, Universit\u00e9 de la Saskatchewan<\/li>\n<\/ul>\n\n\n\n<p><strong>22e Conf\u00e9rence internationale sur le SIDA<\/strong><\/p>\n\n\n\n<ul class=\"wp-block-list\">\n<li>Guinevere Lee, The Ragon Institute of MGH, MIT et Harvard<\/li>\n\n\n\n<li>Wendy Zhang,&nbsp;Universit\u00e9 de la Colombie-Britannique<\/li>\n\n\n\n<li>Anthony Hsieh,&nbsp;Universit\u00e9 de la Colombie-Britannique<\/li>\n<\/ul>\n<\/details>\n\n\n\n<h2 class=\"wp-block-heading\" id=\"joindre\">Nous Joindre<\/h2>\n\n\n\n<p>Pour en savoir plus, veuillez communiquer avec <a href=\"mailto:erin.love@cahr-acrv.ca\">trainingandawards@cahr-acrv.ca<\/a>.<\/p>\n\n\n\n<h2 class=\"wp-block-heading\" id=\"partenaires\">Partenaires<\/h2>\n\n\n\n<p><strong>ViiV Healthcare ULC<\/strong><\/p>\n\n\n\n<p>ViiV Soins de sant\u00e9 Canada est une soci\u00e9t\u00e9 vou\u00e9e \u00e0 la recherche sur le VIH\/sida et son traitement, ainsi qu\u2019au soutien des personnes touch\u00e9es par le VIH\/sida \u00e0 l\u2019\u00e9chelle du Canada. ViiV Soins de sant\u00e9 Canada fait partie de ViiV Healthcare, soci\u00e9t\u00e9 mondiale sp\u00e9cialiste du VIH cr\u00e9\u00e9e par GSK et Pfizer en 2009 et \u00e0 laquelle s\u2019est jointe Shionogi en 2012. Notre entreprise est r\u00e9solue \u00e0 s\u2019impliquer, dans le probl\u00e8me du VIH\/sida, de fa\u00e7on plus profonde et plus large que toute autre soci\u00e9t\u00e9 pharmaceutique l\u2019a fait auparavant. Nous avons fait progresser la recherche et le d\u00e9veloppement et travaillons de plus en partenariat avec les collectivit\u00e9s du VIH\/sida dans l\u2019ensemble du Canada&nbsp;: les populations \u00e0 risque, les personnes vivant avec le VIH\/sida, leurs soignants et les organismes de soutien, ainsi que les fournisseurs de soins de sant\u00e9. ViiV Soins de sant\u00e9 Canada a \u00e9tabli le si\u00e8ge de ses activit\u00e9s \u00e0 Laval (Qu\u00e9bec). Pour en savoir plus sur ViiV Soins de sant\u00e9, veuillez visiter notre site Web \u00e0 <a href=\"http:\/\/www.viivhealthcare.ca\">www.viivhealthcare.ca<\/a><\/p>\n","protected":false},"excerpt":{"rendered":"<p>Les candidatures ne sont actuellement pas accept\u00e9es pour 2026. En avril 2017, la collectivit\u00e9 du VIH d\u00e9plorait le d\u00e9c\u00e8s du Dr&nbsp;Mark Wainberg (1945-2017), l\u2019un des premiers chefs de file de la lutte contre le VIH\/sida et bien connu pour sa participation \u00e0 cette d\u00e9couverte d\u2019importance majeure que fut l\u2019identification initiale de la lamivudine (3TC) en [&hellip;]<\/p>\n","protected":false},"author":9,"featured_media":0,"parent":0,"menu_order":0,"comment_status":"closed","ping_status":"closed","template":"","meta":{"_acf_changed":false,"inline_featured_image":false,"footnotes":""},"class_list":["post-8995","page","type-page","status-publish","hentry"],"acf":[],"yoast_head":"<!-- This site is optimized with the Yoast SEO plugin v27.4 - https:\/\/yoast.com\/product\/yoast-seo-wordpress\/ -->\n<title>Fonds Mark Wainberg &#8211; ACRV<\/title>\n<meta name=\"robots\" content=\"index, follow, max-snippet:-1, max-image-preview:large, max-video-preview:-1\" \/>\n<link rel=\"canonical\" href=\"https:\/\/www.cahr-acrv.ca\/fr\/fonds-mark-wainberg\/\" \/>\n<meta property=\"og:locale\" content=\"fr_FR\" \/>\n<meta property=\"og:type\" content=\"article\" \/>\n<meta property=\"og:title\" content=\"Fonds Mark Wainberg &#8211; ACRV\" \/>\n<meta property=\"og:description\" content=\"Les candidatures ne sont actuellement pas accept\u00e9es pour 2026. En avril 2017, la collectivit\u00e9 du VIH d\u00e9plorait le d\u00e9c\u00e8s du Dr&nbsp;Mark Wainberg (1945-2017), l\u2019un des premiers chefs de file de la lutte contre le VIH\/sida et bien connu pour sa participation \u00e0 cette d\u00e9couverte d\u2019importance majeure que fut l\u2019identification initiale de la lamivudine (3TC) en [&hellip;]\" \/>\n<meta property=\"og:url\" content=\"https:\/\/www.cahr-acrv.ca\/fr\/fonds-mark-wainberg\/\" \/>\n<meta property=\"og:site_name\" content=\"ACRV\" \/>\n<meta property=\"article:publisher\" content=\"https:\/\/www.facebook.com\/CanadianAssociationforHIVResearch\" \/>\n<meta property=\"article:modified_time\" content=\"2026-03-24T16:58:08+00:00\" \/>\n<meta name=\"twitter:card\" content=\"summary_large_image\" \/>\n<meta name=\"twitter:site\" content=\"@CAHR_ACRV\" \/>\n<meta name=\"twitter:label1\" content=\"Dur\u00e9e de lecture estim\u00e9e\" \/>\n\t<meta name=\"twitter:data1\" content=\"7 minutes\" \/>\n<script type=\"application\/ld+json\" class=\"yoast-schema-graph\">{\"@context\":\"https:\\\/\\\/schema.org\",\"@graph\":[{\"@type\":\"WebPage\",\"@id\":\"https:\\\/\\\/www.cahr-acrv.ca\\\/fr\\\/fonds-mark-wainberg\\\/\",\"url\":\"https:\\\/\\\/www.cahr-acrv.ca\\\/fr\\\/fonds-mark-wainberg\\\/\",\"name\":\"Fonds Mark Wainberg &#8211; ACRV\",\"isPartOf\":{\"@id\":\"https:\\\/\\\/www.cahr-acrv.ca\\\/#website\"},\"datePublished\":\"2017-11-20T21:04:37+00:00\",\"dateModified\":\"2026-03-24T16:58:08+00:00\",\"breadcrumb\":{\"@id\":\"https:\\\/\\\/www.cahr-acrv.ca\\\/fr\\\/fonds-mark-wainberg\\\/#breadcrumb\"},\"inLanguage\":\"fr-FR\",\"potentialAction\":[{\"@type\":\"ReadAction\",\"target\":[\"https:\\\/\\\/www.cahr-acrv.ca\\\/fr\\\/fonds-mark-wainberg\\\/\"]}]},{\"@type\":\"BreadcrumbList\",\"@id\":\"https:\\\/\\\/www.cahr-acrv.ca\\\/fr\\\/fonds-mark-wainberg\\\/#breadcrumb\",\"itemListElement\":[{\"@type\":\"ListItem\",\"position\":1,\"name\":\"Accueil\",\"item\":\"https:\\\/\\\/www.cahr-acrv.ca\\\/fr\\\/accueil\\\/\"},{\"@type\":\"ListItem\",\"position\":2,\"name\":\"Fonds Mark Wainberg\"}]},{\"@type\":\"WebSite\",\"@id\":\"https:\\\/\\\/www.cahr-acrv.ca\\\/#website\",\"url\":\"https:\\\/\\\/www.cahr-acrv.ca\\\/\",\"name\":\"ACRV\",\"description\":\"L'association canadienne de recherche sur le VIH\",\"publisher\":{\"@id\":\"https:\\\/\\\/www.cahr-acrv.ca\\\/#organization\"},\"potentialAction\":[{\"@type\":\"SearchAction\",\"target\":{\"@type\":\"EntryPoint\",\"urlTemplate\":\"https:\\\/\\\/www.cahr-acrv.ca\\\/?s={search_term_string}\"},\"query-input\":{\"@type\":\"PropertyValueSpecification\",\"valueRequired\":true,\"valueName\":\"search_term_string\"}}],\"inLanguage\":\"fr-FR\"},{\"@type\":\"Organization\",\"@id\":\"https:\\\/\\\/www.cahr-acrv.ca\\\/#organization\",\"name\":\"Canadian Association for HIV Research\",\"alternateName\":\"CAHR\",\"url\":\"https:\\\/\\\/www.cahr-acrv.ca\\\/\",\"logo\":{\"@type\":\"ImageObject\",\"inLanguage\":\"fr-FR\",\"@id\":\"https:\\\/\\\/www.cahr-acrv.ca\\\/#\\\/schema\\\/logo\\\/image\\\/\",\"url\":\"https:\\\/\\\/www.cahr-acrv.ca\\\/wp-content\\\/uploads\\\/2025\\\/06\\\/cahr-organization-logo.png\",\"contentUrl\":\"https:\\\/\\\/www.cahr-acrv.ca\\\/wp-content\\\/uploads\\\/2025\\\/06\\\/cahr-organization-logo.png\",\"width\":696,\"height\":696,\"caption\":\"Canadian Association for HIV Research\"},\"image\":{\"@id\":\"https:\\\/\\\/www.cahr-acrv.ca\\\/#\\\/schema\\\/logo\\\/image\\\/\"},\"sameAs\":[\"https:\\\/\\\/www.facebook.com\\\/CanadianAssociationforHIVResearch\",\"https:\\\/\\\/x.com\\\/CAHR_ACRV\",\"https:\\\/\\\/bsky.app\\\/profile\\\/cahr-acrv.bsky.social\",\"https:\\\/\\\/www.youtube.com\\\/user\\\/CAHRACRV\",\"https:\\\/\\\/www.instagram.com\\\/cahr_acrv\\\/\",\"https:\\\/\\\/www.linkedin.com\\\/company\\\/canadian-association-for-hiv-research\\\/\"]}]}<\/script>\n<!-- \/ Yoast SEO plugin. -->","yoast_head_json":{"title":"Fonds Mark Wainberg &#8211; ACRV","robots":{"index":"index","follow":"follow","max-snippet":"max-snippet:-1","max-image-preview":"max-image-preview:large","max-video-preview":"max-video-preview:-1"},"canonical":"https:\/\/www.cahr-acrv.ca\/fr\/fonds-mark-wainberg\/","og_locale":"fr_FR","og_type":"article","og_title":"Fonds Mark Wainberg &#8211; ACRV","og_description":"Les candidatures ne sont actuellement pas accept\u00e9es pour 2026. En avril 2017, la collectivit\u00e9 du VIH d\u00e9plorait le d\u00e9c\u00e8s du Dr&nbsp;Mark Wainberg (1945-2017), l\u2019un des premiers chefs de file de la lutte contre le VIH\/sida et bien connu pour sa participation \u00e0 cette d\u00e9couverte d\u2019importance majeure que fut l\u2019identification initiale de la lamivudine (3TC) en [&hellip;]","og_url":"https:\/\/www.cahr-acrv.ca\/fr\/fonds-mark-wainberg\/","og_site_name":"ACRV","article_publisher":"https:\/\/www.facebook.com\/CanadianAssociationforHIVResearch","article_modified_time":"2026-03-24T16:58:08+00:00","twitter_card":"summary_large_image","twitter_site":"@CAHR_ACRV","twitter_misc":{"Dur\u00e9e de lecture estim\u00e9e":"7 minutes"},"schema":{"@context":"https:\/\/schema.org","@graph":[{"@type":"WebPage","@id":"https:\/\/www.cahr-acrv.ca\/fr\/fonds-mark-wainberg\/","url":"https:\/\/www.cahr-acrv.ca\/fr\/fonds-mark-wainberg\/","name":"Fonds Mark Wainberg &#8211; ACRV","isPartOf":{"@id":"https:\/\/www.cahr-acrv.ca\/#website"},"datePublished":"2017-11-20T21:04:37+00:00","dateModified":"2026-03-24T16:58:08+00:00","breadcrumb":{"@id":"https:\/\/www.cahr-acrv.ca\/fr\/fonds-mark-wainberg\/#breadcrumb"},"inLanguage":"fr-FR","potentialAction":[{"@type":"ReadAction","target":["https:\/\/www.cahr-acrv.ca\/fr\/fonds-mark-wainberg\/"]}]},{"@type":"BreadcrumbList","@id":"https:\/\/www.cahr-acrv.ca\/fr\/fonds-mark-wainberg\/#breadcrumb","itemListElement":[{"@type":"ListItem","position":1,"name":"Accueil","item":"https:\/\/www.cahr-acrv.ca\/fr\/accueil\/"},{"@type":"ListItem","position":2,"name":"Fonds Mark Wainberg"}]},{"@type":"WebSite","@id":"https:\/\/www.cahr-acrv.ca\/#website","url":"https:\/\/www.cahr-acrv.ca\/","name":"ACRV","description":"L'association canadienne de recherche sur le VIH","publisher":{"@id":"https:\/\/www.cahr-acrv.ca\/#organization"},"potentialAction":[{"@type":"SearchAction","target":{"@type":"EntryPoint","urlTemplate":"https:\/\/www.cahr-acrv.ca\/?s={search_term_string}"},"query-input":{"@type":"PropertyValueSpecification","valueRequired":true,"valueName":"search_term_string"}}],"inLanguage":"fr-FR"},{"@type":"Organization","@id":"https:\/\/www.cahr-acrv.ca\/#organization","name":"Canadian Association for HIV Research","alternateName":"CAHR","url":"https:\/\/www.cahr-acrv.ca\/","logo":{"@type":"ImageObject","inLanguage":"fr-FR","@id":"https:\/\/www.cahr-acrv.ca\/#\/schema\/logo\/image\/","url":"https:\/\/www.cahr-acrv.ca\/wp-content\/uploads\/2025\/06\/cahr-organization-logo.png","contentUrl":"https:\/\/www.cahr-acrv.ca\/wp-content\/uploads\/2025\/06\/cahr-organization-logo.png","width":696,"height":696,"caption":"Canadian Association for HIV Research"},"image":{"@id":"https:\/\/www.cahr-acrv.ca\/#\/schema\/logo\/image\/"},"sameAs":["https:\/\/www.facebook.com\/CanadianAssociationforHIVResearch","https:\/\/x.com\/CAHR_ACRV","https:\/\/bsky.app\/profile\/cahr-acrv.bsky.social","https:\/\/www.youtube.com\/user\/CAHRACRV","https:\/\/www.instagram.com\/cahr_acrv\/","https:\/\/www.linkedin.com\/company\/canadian-association-for-hiv-research\/"]}]}},"_links":{"self":[{"href":"https:\/\/www.cahr-acrv.ca\/fr\/wp-json\/wp\/v2\/pages\/8995","targetHints":{"allow":["GET"]}}],"collection":[{"href":"https:\/\/www.cahr-acrv.ca\/fr\/wp-json\/wp\/v2\/pages"}],"about":[{"href":"https:\/\/www.cahr-acrv.ca\/fr\/wp-json\/wp\/v2\/types\/page"}],"author":[{"embeddable":true,"href":"https:\/\/www.cahr-acrv.ca\/fr\/wp-json\/wp\/v2\/users\/9"}],"replies":[{"embeddable":true,"href":"https:\/\/www.cahr-acrv.ca\/fr\/wp-json\/wp\/v2\/comments?post=8995"}],"version-history":[{"count":0,"href":"https:\/\/www.cahr-acrv.ca\/fr\/wp-json\/wp\/v2\/pages\/8995\/revisions"}],"wp:attachment":[{"href":"https:\/\/www.cahr-acrv.ca\/fr\/wp-json\/wp\/v2\/media?parent=8995"}],"curies":[{"name":"wp","href":"https:\/\/api.w.org\/{rel}","templated":true}]}}