{"id":2650,"date":"2013-05-15T10:13:29","date_gmt":"2013-05-15T14:13:29","guid":{"rendered":"https:\/\/cahr.wpengine.com\/members\/marissa-becker-2\/"},"modified":"2025-05-06T06:31:59","modified_gmt":"2025-05-06T10:31:59","slug":"marissa-becker","status":"publish","type":"members","link":"https:\/\/www.cahr-acrv.ca\/fr\/administrateurs\/marissa-becker\/","title":{"rendered":"Dre Marissa Becker"},"content":{"rendered":"<p>La Dre Becker est professeure \u00e0 l\u2019Institute for Global Public Health de l\u2019Universit\u00e9 du Manitoba, au d\u00e9partement des Sciences de la sant\u00e9 des collectivit\u00e9s et \u00e0 celui de la Microbiologie m\u00e9dicale et des maladies infectieuses. Elle exerce sa profession de m\u00e9decin dans les domaines des maladies infectieuses et du VIH. Sa d\u00e9marche de recherche est celle de la science des programmes, qu\u2019elle applique au Manitoba, en Inde, au Pakistan, au Kenya et en Ukraine. Son programme de recherche vise \u00e0 comprendre et \u00e0 contrer les risques de contracter le VIH et les autres maladies infectieuses, ainsi que la vuln\u00e9rabilit\u00e9 et les r\u00e9sultats \u00e0 cet \u00e9gard dans les populations marginalis\u00e9es, en visant notamment les adolescentes, les jeunes femmes et les travailleuses du sexe. Elle est aussi directrice des collaborations techniques pour l\u2019Institute for Global Public Health.<\/p>\n","protected":false},"featured_media":2678,"menu_order":2,"template":"","roletax":[53],"class_list":["post-2650","members","type-members","status-publish","has-post-thumbnail","hentry","roletax-executif"],"acf":[],"yoast_head":"<!-- This site is optimized with the Yoast SEO plugin v27.4 - https:\/\/yoast.com\/product\/yoast-seo-wordpress\/ -->\n<title>Dre Marissa Becker &#8211; ACRV<\/title>\n<meta name=\"robots\" content=\"index, follow, max-snippet:-1, max-image-preview:large, max-video-preview:-1\" \/>\n<link rel=\"canonical\" href=\"https:\/\/www.cahr-acrv.ca\/fr\/administrateurs\/marissa-becker\/\" \/>\n<meta property=\"og:locale\" content=\"fr_FR\" \/>\n<meta property=\"og:type\" content=\"article\" \/>\n<meta property=\"og:title\" content=\"Dre Marissa Becker &#8211; ACRV\" \/>\n<meta property=\"og:description\" content=\"La Dre Becker est professeure \u00e0 l\u2019Institute for Global Public Health de l\u2019Universit\u00e9 du Manitoba, au d\u00e9partement des Sciences de la sant\u00e9 des collectivit\u00e9s et \u00e0 celui de la Microbiologie m\u00e9dicale et des maladies infectieuses. Elle exerce sa profession de m\u00e9decin dans les domaines des maladies infectieuses et du VIH. Sa d\u00e9marche de recherche est [&hellip;]\" \/>\n<meta property=\"og:url\" content=\"https:\/\/www.cahr-acrv.ca\/fr\/administrateurs\/marissa-becker\/\" \/>\n<meta property=\"og:site_name\" content=\"ACRV\" \/>\n<meta property=\"article:publisher\" content=\"https:\/\/www.facebook.com\/CanadianAssociationforHIVResearch\" \/>\n<meta property=\"article:modified_time\" content=\"2025-05-06T10:31:59+00:00\" \/>\n<meta property=\"og:image\" content=\"https:\/\/www.cahr-acrv.ca\/wp-content\/uploads\/2013\/05\/Marissa.png\" \/>\n\t<meta property=\"og:image:width\" content=\"120\" \/>\n\t<meta property=\"og:image:height\" content=\"150\" \/>\n\t<meta property=\"og:image:type\" content=\"image\/png\" \/>\n<meta name=\"twitter:card\" content=\"summary_large_image\" \/>\n<meta name=\"twitter:site\" content=\"@CAHR_ACRV\" \/>\n<meta name=\"twitter:label1\" content=\"Dur\u00e9e de lecture estim\u00e9e\" \/>\n\t<meta name=\"twitter:data1\" content=\"1 minute\" \/>\n<script type=\"application\/ld+json\" class=\"yoast-schema-graph\">{\"@context\":\"https:\\\/\\\/schema.org\",\"@graph\":[{\"@type\":\"WebPage\",\"@id\":\"https:\\\/\\\/www.cahr-acrv.ca\\\/fr\\\/administrateurs\\\/marissa-becker\\\/\",\"url\":\"https:\\\/\\\/www.cahr-acrv.ca\\\/fr\\\/administrateurs\\\/marissa-becker\\\/\",\"name\":\"Dre Marissa Becker &#8211; ACRV\",\"isPartOf\":{\"@id\":\"https:\\\/\\\/www.cahr-acrv.ca\\\/#website\"},\"primaryImageOfPage\":{\"@id\":\"https:\\\/\\\/www.cahr-acrv.ca\\\/fr\\\/administrateurs\\\/marissa-becker\\\/#primaryimage\"},\"image\":{\"@id\":\"https:\\\/\\\/www.cahr-acrv.ca\\\/fr\\\/administrateurs\\\/marissa-becker\\\/#primaryimage\"},\"thumbnailUrl\":\"https:\\\/\\\/www.cahr-acrv.ca\\\/wp-content\\\/uploads\\\/2013\\\/05\\\/Marissa.png\",\"datePublished\":\"2013-05-15T14:13:29+00:00\",\"dateModified\":\"2025-05-06T10:31:59+00:00\",\"breadcrumb\":{\"@id\":\"https:\\\/\\\/www.cahr-acrv.ca\\\/fr\\\/administrateurs\\\/marissa-becker\\\/#breadcrumb\"},\"inLanguage\":\"fr-FR\",\"potentialAction\":[{\"@type\":\"ReadAction\",\"target\":[\"https:\\\/\\\/www.cahr-acrv.ca\\\/fr\\\/administrateurs\\\/marissa-becker\\\/\"]}]},{\"@type\":\"ImageObject\",\"inLanguage\":\"fr-FR\",\"@id\":\"https:\\\/\\\/www.cahr-acrv.ca\\\/fr\\\/administrateurs\\\/marissa-becker\\\/#primaryimage\",\"url\":\"https:\\\/\\\/www.cahr-acrv.ca\\\/wp-content\\\/uploads\\\/2013\\\/05\\\/Marissa.png\",\"contentUrl\":\"https:\\\/\\\/www.cahr-acrv.ca\\\/wp-content\\\/uploads\\\/2013\\\/05\\\/Marissa.png\",\"width\":120,\"height\":150},{\"@type\":\"BreadcrumbList\",\"@id\":\"https:\\\/\\\/www.cahr-acrv.ca\\\/fr\\\/administrateurs\\\/marissa-becker\\\/#breadcrumb\",\"itemListElement\":[{\"@type\":\"ListItem\",\"position\":1,\"name\":\"Accueil\",\"item\":\"https:\\\/\\\/www.cahr-acrv.ca\\\/fr\\\/accueil\\\/\"},{\"@type\":\"ListItem\",\"position\":2,\"name\":\"Dre Marissa Becker\"}]},{\"@type\":\"WebSite\",\"@id\":\"https:\\\/\\\/www.cahr-acrv.ca\\\/#website\",\"url\":\"https:\\\/\\\/www.cahr-acrv.ca\\\/\",\"name\":\"ACRV\",\"description\":\"L'association canadienne de recherche sur le VIH\",\"publisher\":{\"@id\":\"https:\\\/\\\/www.cahr-acrv.ca\\\/#organization\"},\"potentialAction\":[{\"@type\":\"SearchAction\",\"target\":{\"@type\":\"EntryPoint\",\"urlTemplate\":\"https:\\\/\\\/www.cahr-acrv.ca\\\/?s={search_term_string}\"},\"query-input\":{\"@type\":\"PropertyValueSpecification\",\"valueRequired\":true,\"valueName\":\"search_term_string\"}}],\"inLanguage\":\"fr-FR\"},{\"@type\":\"Organization\",\"@id\":\"https:\\\/\\\/www.cahr-acrv.ca\\\/#organization\",\"name\":\"Canadian Association for HIV Research\",\"alternateName\":\"CAHR\",\"url\":\"https:\\\/\\\/www.cahr-acrv.ca\\\/\",\"logo\":{\"@type\":\"ImageObject\",\"inLanguage\":\"fr-FR\",\"@id\":\"https:\\\/\\\/www.cahr-acrv.ca\\\/#\\\/schema\\\/logo\\\/image\\\/\",\"url\":\"https:\\\/\\\/www.cahr-acrv.ca\\\/wp-content\\\/uploads\\\/2025\\\/06\\\/cahr-organization-logo.png\",\"contentUrl\":\"https:\\\/\\\/www.cahr-acrv.ca\\\/wp-content\\\/uploads\\\/2025\\\/06\\\/cahr-organization-logo.png\",\"width\":696,\"height\":696,\"caption\":\"Canadian Association for HIV Research\"},\"image\":{\"@id\":\"https:\\\/\\\/www.cahr-acrv.ca\\\/#\\\/schema\\\/logo\\\/image\\\/\"},\"sameAs\":[\"https:\\\/\\\/www.facebook.com\\\/CanadianAssociationforHIVResearch\",\"https:\\\/\\\/x.com\\\/CAHR_ACRV\",\"https:\\\/\\\/bsky.app\\\/profile\\\/cahr-acrv.bsky.social\",\"https:\\\/\\\/www.youtube.com\\\/user\\\/CAHRACRV\",\"https:\\\/\\\/www.instagram.com\\\/cahr_acrv\\\/\",\"https:\\\/\\\/www.linkedin.com\\\/company\\\/canadian-association-for-hiv-research\\\/\"]}]}<\/script>\n<!-- \/ Yoast SEO plugin. -->","yoast_head_json":{"title":"Dre Marissa Becker &#8211; ACRV","robots":{"index":"index","follow":"follow","max-snippet":"max-snippet:-1","max-image-preview":"max-image-preview:large","max-video-preview":"max-video-preview:-1"},"canonical":"https:\/\/www.cahr-acrv.ca\/fr\/administrateurs\/marissa-becker\/","og_locale":"fr_FR","og_type":"article","og_title":"Dre Marissa Becker &#8211; ACRV","og_description":"La Dre Becker est professeure \u00e0 l\u2019Institute for Global Public Health de l\u2019Universit\u00e9 du Manitoba, au d\u00e9partement des Sciences de la sant\u00e9 des collectivit\u00e9s et \u00e0 celui de la Microbiologie m\u00e9dicale et des maladies infectieuses. Elle exerce sa profession de m\u00e9decin dans les domaines des maladies infectieuses et du VIH. Sa d\u00e9marche de recherche est [&hellip;]","og_url":"https:\/\/www.cahr-acrv.ca\/fr\/administrateurs\/marissa-becker\/","og_site_name":"ACRV","article_publisher":"https:\/\/www.facebook.com\/CanadianAssociationforHIVResearch","article_modified_time":"2025-05-06T10:31:59+00:00","og_image":[{"width":120,"height":150,"url":"https:\/\/www.cahr-acrv.ca\/wp-content\/uploads\/2013\/05\/Marissa.png","type":"image\/png"}],"twitter_card":"summary_large_image","twitter_site":"@CAHR_ACRV","twitter_misc":{"Dur\u00e9e de lecture estim\u00e9e":"1 minute"},"schema":{"@context":"https:\/\/schema.org","@graph":[{"@type":"WebPage","@id":"https:\/\/www.cahr-acrv.ca\/fr\/administrateurs\/marissa-becker\/","url":"https:\/\/www.cahr-acrv.ca\/fr\/administrateurs\/marissa-becker\/","name":"Dre Marissa Becker &#8211; ACRV","isPartOf":{"@id":"https:\/\/www.cahr-acrv.ca\/#website"},"primaryImageOfPage":{"@id":"https:\/\/www.cahr-acrv.ca\/fr\/administrateurs\/marissa-becker\/#primaryimage"},"image":{"@id":"https:\/\/www.cahr-acrv.ca\/fr\/administrateurs\/marissa-becker\/#primaryimage"},"thumbnailUrl":"https:\/\/www.cahr-acrv.ca\/wp-content\/uploads\/2013\/05\/Marissa.png","datePublished":"2013-05-15T14:13:29+00:00","dateModified":"2025-05-06T10:31:59+00:00","breadcrumb":{"@id":"https:\/\/www.cahr-acrv.ca\/fr\/administrateurs\/marissa-becker\/#breadcrumb"},"inLanguage":"fr-FR","potentialAction":[{"@type":"ReadAction","target":["https:\/\/www.cahr-acrv.ca\/fr\/administrateurs\/marissa-becker\/"]}]},{"@type":"ImageObject","inLanguage":"fr-FR","@id":"https:\/\/www.cahr-acrv.ca\/fr\/administrateurs\/marissa-becker\/#primaryimage","url":"https:\/\/www.cahr-acrv.ca\/wp-content\/uploads\/2013\/05\/Marissa.png","contentUrl":"https:\/\/www.cahr-acrv.ca\/wp-content\/uploads\/2013\/05\/Marissa.png","width":120,"height":150},{"@type":"BreadcrumbList","@id":"https:\/\/www.cahr-acrv.ca\/fr\/administrateurs\/marissa-becker\/#breadcrumb","itemListElement":[{"@type":"ListItem","position":1,"name":"Accueil","item":"https:\/\/www.cahr-acrv.ca\/fr\/accueil\/"},{"@type":"ListItem","position":2,"name":"Dre Marissa Becker"}]},{"@type":"WebSite","@id":"https:\/\/www.cahr-acrv.ca\/#website","url":"https:\/\/www.cahr-acrv.ca\/","name":"ACRV","description":"L'association canadienne de recherche sur le VIH","publisher":{"@id":"https:\/\/www.cahr-acrv.ca\/#organization"},"potentialAction":[{"@type":"SearchAction","target":{"@type":"EntryPoint","urlTemplate":"https:\/\/www.cahr-acrv.ca\/?s={search_term_string}"},"query-input":{"@type":"PropertyValueSpecification","valueRequired":true,"valueName":"search_term_string"}}],"inLanguage":"fr-FR"},{"@type":"Organization","@id":"https:\/\/www.cahr-acrv.ca\/#organization","name":"Canadian Association for HIV Research","alternateName":"CAHR","url":"https:\/\/www.cahr-acrv.ca\/","logo":{"@type":"ImageObject","inLanguage":"fr-FR","@id":"https:\/\/www.cahr-acrv.ca\/#\/schema\/logo\/image\/","url":"https:\/\/www.cahr-acrv.ca\/wp-content\/uploads\/2025\/06\/cahr-organization-logo.png","contentUrl":"https:\/\/www.cahr-acrv.ca\/wp-content\/uploads\/2025\/06\/cahr-organization-logo.png","width":696,"height":696,"caption":"Canadian Association for HIV Research"},"image":{"@id":"https:\/\/www.cahr-acrv.ca\/#\/schema\/logo\/image\/"},"sameAs":["https:\/\/www.facebook.com\/CanadianAssociationforHIVResearch","https:\/\/x.com\/CAHR_ACRV","https:\/\/bsky.app\/profile\/cahr-acrv.bsky.social","https:\/\/www.youtube.com\/user\/CAHRACRV","https:\/\/www.instagram.com\/cahr_acrv\/","https:\/\/www.linkedin.com\/company\/canadian-association-for-hiv-research\/"]}]}},"_links":{"self":[{"href":"https:\/\/www.cahr-acrv.ca\/fr\/wp-json\/wp\/v2\/members\/2650","targetHints":{"allow":["GET"]}}],"collection":[{"href":"https:\/\/www.cahr-acrv.ca\/fr\/wp-json\/wp\/v2\/members"}],"about":[{"href":"https:\/\/www.cahr-acrv.ca\/fr\/wp-json\/wp\/v2\/types\/members"}],"wp:featuredmedia":[{"embeddable":true,"href":"https:\/\/www.cahr-acrv.ca\/fr\/wp-json\/wp\/v2\/media\/2678"}],"wp:attachment":[{"href":"https:\/\/www.cahr-acrv.ca\/fr\/wp-json\/wp\/v2\/media?parent=2650"}],"wp:term":[{"taxonomy":"roletax","embeddable":true,"href":"https:\/\/www.cahr-acrv.ca\/fr\/wp-json\/wp\/v2\/roletax?post=2650"}],"curies":[{"name":"wp","href":"https:\/\/api.w.org\/{rel}","templated":true}]}}