{"id":7684,"date":"2018-01-01T16:43:51","date_gmt":"2018-01-01T21:43:51","guid":{"rendered":"https:\/\/cahr.wpengine.com\/?post_type=conferences&#038;p=7684\/"},"modified":"2018-12-04T23:37:50","modified_gmt":"2018-12-05T04:37:50","slug":"congres-2018","status":"publish","type":"conferences","link":"https:\/\/www.cahr-acrv.ca\/fr\/congres\/archives\/congres-2018\/","title":{"rendered":"Congr\u00e8s 2018"},"content":{"rendered":"<p>Le 27e Congr\u00e8s annuel canadien de recherche sur le VIH\/sida (ACRV 2018) a eu lieu du 26 au 29 avril 2017 \u00e0 l\u2019H\u00f4tel Westin Bayshore de Vancouver.<\/p>\n<p>L\u2019ACRV souhaiterait remercier les plus de 780 personnes qui ont assist\u00e9 \u00e0 l\u2019ACRV 2018 \u00e0 Vancouver. Les copr\u00e9sidentes du congr\u00e8s, les Dres H\u00e9l\u00e8ne C\u00f4t\u00e9 (Universit\u00e9 de Colombie-Britannique) et M\u00e9lanie Murray (Universit\u00e9 de la Colombie-Britannique) ont choisi pour le congr\u00e8s de cette ann\u00e9e le th\u00e8me \u00ab\u00a0C\u00e9l\u00e9brons notre diversit\u00e9\u00a0: Unis en r\u00e9ponse au VIH\u00a0\u00bb<\/p>\n<p>L\u2019ACRV souhaiterait remercier encore une fois les copr\u00e9sidents du congr\u00e8s, et l\u2019ensemble du comit\u00e9 du programme scientifique, qui ont fait de l\u2019ACRV 2017 un pareil succ\u00e8s.<\/p>\n<h3>Aper\u00e7u du programme<\/h3>\n<p><a href=\"https:\/\/www.cahr-acrv.ca\/wp-content\/uploads\/2018\/04\/CAHR-2018-PROGRAM-AT-A-GLANCE-web.pdf\" target=\"_blank\" rel=\"noopener\">T\u00e9l\u00e9charger le aper\u00e7u du programme de la congr\u00e8s ACRV 2018<\/a><\/p>\n<h3>Programme<\/h3>\n<p><a href=\"https:\/\/www.cahr-acrv.ca\/wp-content\/uploads\/2018\/04\/CAHR-2018-PROGRAM.pdf\" target=\"_blank\" rel=\"noopener\">T\u00e9l\u00e9charger le programme de la congr\u00e8s ACRV 2018<\/a><\/p>\n<h3>Abstract Book<\/h3>\n<p><a href=\"https:\/\/www.cahr-acrv.ca\/wp-content\/uploads\/2018\/04\/CAHR2018-Abstract-Book-with-Errata.pdf\" target=\"_blank\" rel=\"noopener\">T\u00e9l\u00e9charger le livre des Abr\u00e9g\u00e9s de la congr\u00e8s ACRV 2018<\/a><\/p>\n<h3>Points saillants de la conf\u00e9rence<\/h3>\n<p><a href=\"https:\/\/www.youtube.com\/user\/CAHRACRV?feature=results_main\" target=\"_blank\" rel=\"noopener\">Voir la channel YouTube de l&rsquo;ACRV<\/a><\/p>\n<h3>Le Bulletin des points saillants de la conf\u00e9rence<\/h3>\n<p><a href=\"https:\/\/www.cahr-acrv.ca\/wp-content\/uploads\/2018\/01\/CAHR-Newsletter-FINAL-2018.pdf\" target=\"_blank\" rel=\"noopener\">T\u00e9l\u00e9chargez le bulletin des points saillants de la conf\u00e9rence 2018 de l&rsquo;ACRV (anglais seulement)<\/a><\/p>\n","protected":false},"excerpt":{"rendered":"<p>Le 27e Congr\u00e8s annuel canadien de recherche sur le VIH\/sida (ACRV 2018) a eu lieu du 26 au 29 avril 2017 \u00e0 l\u2019H\u00f4tel Westin Bayshore de Vancouver. L\u2019ACRV souhaiterait remercier les plus de 780 personnes qui ont assist\u00e9 \u00e0 l\u2019ACRV 2018 \u00e0 Vancouver. Les copr\u00e9sidentes du congr\u00e8s, les Dres H\u00e9l\u00e8ne C\u00f4t\u00e9 (Universit\u00e9 de Colombie-Britannique) et [&hellip;]<\/p>\n","protected":false},"featured_media":7691,"parent":0,"menu_order":0,"template":"","class_list":["post-7684","conferences","type-conferences","status-publish","has-post-thumbnail","hentry"],"acf":[],"yoast_head":"<!-- This site is optimized with the Yoast SEO plugin v27.4 - https:\/\/yoast.com\/product\/yoast-seo-wordpress\/ -->\n<title>Congr\u00e8s 2018 &#8211; ACRV<\/title>\n<meta name=\"robots\" content=\"index, follow, max-snippet:-1, max-image-preview:large, max-video-preview:-1\" \/>\n<link rel=\"canonical\" href=\"https:\/\/www.cahr-acrv.ca\/fr\/congres\/archives\/congres-2018\/\" \/>\n<meta property=\"og:locale\" content=\"fr_FR\" \/>\n<meta property=\"og:type\" content=\"article\" \/>\n<meta property=\"og:title\" content=\"Congr\u00e8s 2018 &#8211; ACRV\" \/>\n<meta property=\"og:description\" content=\"Le 27e Congr\u00e8s annuel canadien de recherche sur le VIH\/sida (ACRV 2018) a eu lieu du 26 au 29 avril 2017 \u00e0 l\u2019H\u00f4tel Westin Bayshore de Vancouver. L\u2019ACRV souhaiterait remercier les plus de 780 personnes qui ont assist\u00e9 \u00e0 l\u2019ACRV 2018 \u00e0 Vancouver. Les copr\u00e9sidentes du congr\u00e8s, les Dres H\u00e9l\u00e8ne C\u00f4t\u00e9 (Universit\u00e9 de Colombie-Britannique) et [&hellip;]\" \/>\n<meta property=\"og:url\" content=\"https:\/\/www.cahr-acrv.ca\/fr\/congres\/archives\/congres-2018\/\" \/>\n<meta property=\"og:site_name\" content=\"ACRV\" \/>\n<meta property=\"article:publisher\" content=\"https:\/\/www.facebook.com\/CanadianAssociationforHIVResearch\" \/>\n<meta property=\"article:modified_time\" content=\"2018-12-05T04:37:50+00:00\" \/>\n<meta property=\"og:image\" content=\"https:\/\/www.cahr-acrv.ca\/wp-content\/uploads\/2012\/09\/CAHR_CONFidentityFR_2018.png\" \/>\n\t<meta property=\"og:image:width\" content=\"1383\" \/>\n\t<meta property=\"og:image:height\" content=\"1428\" \/>\n\t<meta property=\"og:image:type\" content=\"image\/png\" \/>\n<meta name=\"twitter:card\" content=\"summary_large_image\" \/>\n<meta name=\"twitter:site\" content=\"@CAHR_ACRV\" \/>\n<meta name=\"twitter:label1\" content=\"Dur\u00e9e de lecture estim\u00e9e\" \/>\n\t<meta name=\"twitter:data1\" content=\"1 minute\" \/>\n<script type=\"application\/ld+json\" class=\"yoast-schema-graph\">{\"@context\":\"https:\\\/\\\/schema.org\",\"@graph\":[{\"@type\":\"WebPage\",\"@id\":\"https:\\\/\\\/www.cahr-acrv.ca\\\/fr\\\/congres\\\/archives\\\/congres-2018\\\/\",\"url\":\"https:\\\/\\\/www.cahr-acrv.ca\\\/fr\\\/congres\\\/archives\\\/congres-2018\\\/\",\"name\":\"Congr\u00e8s 2018 &#8211; ACRV\",\"isPartOf\":{\"@id\":\"https:\\\/\\\/www.cahr-acrv.ca\\\/#website\"},\"primaryImageOfPage\":{\"@id\":\"https:\\\/\\\/www.cahr-acrv.ca\\\/fr\\\/congres\\\/archives\\\/congres-2018\\\/#primaryimage\"},\"image\":{\"@id\":\"https:\\\/\\\/www.cahr-acrv.ca\\\/fr\\\/congres\\\/archives\\\/congres-2018\\\/#primaryimage\"},\"thumbnailUrl\":\"https:\\\/\\\/www.cahr-acrv.ca\\\/wp-content\\\/uploads\\\/2012\\\/09\\\/CAHR_CONFidentityFR_2018.png\",\"datePublished\":\"2018-01-01T21:43:51+00:00\",\"dateModified\":\"2018-12-05T04:37:50+00:00\",\"breadcrumb\":{\"@id\":\"https:\\\/\\\/www.cahr-acrv.ca\\\/fr\\\/congres\\\/archives\\\/congres-2018\\\/#breadcrumb\"},\"inLanguage\":\"fr-FR\",\"potentialAction\":[{\"@type\":\"ReadAction\",\"target\":[\"https:\\\/\\\/www.cahr-acrv.ca\\\/fr\\\/congres\\\/archives\\\/congres-2018\\\/\"]}]},{\"@type\":\"ImageObject\",\"inLanguage\":\"fr-FR\",\"@id\":\"https:\\\/\\\/www.cahr-acrv.ca\\\/fr\\\/congres\\\/archives\\\/congres-2018\\\/#primaryimage\",\"url\":\"https:\\\/\\\/www.cahr-acrv.ca\\\/wp-content\\\/uploads\\\/2012\\\/09\\\/CAHR_CONFidentityFR_2018.png\",\"contentUrl\":\"https:\\\/\\\/www.cahr-acrv.ca\\\/wp-content\\\/uploads\\\/2012\\\/09\\\/CAHR_CONFidentityFR_2018.png\",\"width\":1383,\"height\":1428},{\"@type\":\"BreadcrumbList\",\"@id\":\"https:\\\/\\\/www.cahr-acrv.ca\\\/fr\\\/congres\\\/archives\\\/congres-2018\\\/#breadcrumb\",\"itemListElement\":[{\"@type\":\"ListItem\",\"position\":1,\"name\":\"Accueil\",\"item\":\"https:\\\/\\\/www.cahr-acrv.ca\\\/fr\\\/accueil\\\/\"},{\"@type\":\"ListItem\",\"position\":2,\"name\":\"Completed Conferences\",\"item\":\"https:\\\/\\\/www.cahr-acrv.ca\\\/conference\\\/archives\\\/\"},{\"@type\":\"ListItem\",\"position\":3,\"name\":\"Congr\u00e8s 2018\"}]},{\"@type\":\"WebSite\",\"@id\":\"https:\\\/\\\/www.cahr-acrv.ca\\\/#website\",\"url\":\"https:\\\/\\\/www.cahr-acrv.ca\\\/\",\"name\":\"ACRV\",\"description\":\"L'association canadienne de recherche sur le VIH\",\"publisher\":{\"@id\":\"https:\\\/\\\/www.cahr-acrv.ca\\\/#organization\"},\"potentialAction\":[{\"@type\":\"SearchAction\",\"target\":{\"@type\":\"EntryPoint\",\"urlTemplate\":\"https:\\\/\\\/www.cahr-acrv.ca\\\/?s={search_term_string}\"},\"query-input\":{\"@type\":\"PropertyValueSpecification\",\"valueRequired\":true,\"valueName\":\"search_term_string\"}}],\"inLanguage\":\"fr-FR\"},{\"@type\":\"Organization\",\"@id\":\"https:\\\/\\\/www.cahr-acrv.ca\\\/#organization\",\"name\":\"Canadian Association for HIV Research\",\"alternateName\":\"CAHR\",\"url\":\"https:\\\/\\\/www.cahr-acrv.ca\\\/\",\"logo\":{\"@type\":\"ImageObject\",\"inLanguage\":\"fr-FR\",\"@id\":\"https:\\\/\\\/www.cahr-acrv.ca\\\/#\\\/schema\\\/logo\\\/image\\\/\",\"url\":\"https:\\\/\\\/www.cahr-acrv.ca\\\/wp-content\\\/uploads\\\/2025\\\/06\\\/cahr-organization-logo.png\",\"contentUrl\":\"https:\\\/\\\/www.cahr-acrv.ca\\\/wp-content\\\/uploads\\\/2025\\\/06\\\/cahr-organization-logo.png\",\"width\":696,\"height\":696,\"caption\":\"Canadian Association for HIV Research\"},\"image\":{\"@id\":\"https:\\\/\\\/www.cahr-acrv.ca\\\/#\\\/schema\\\/logo\\\/image\\\/\"},\"sameAs\":[\"https:\\\/\\\/www.facebook.com\\\/CanadianAssociationforHIVResearch\",\"https:\\\/\\\/x.com\\\/CAHR_ACRV\",\"https:\\\/\\\/bsky.app\\\/profile\\\/cahr-acrv.bsky.social\",\"https:\\\/\\\/www.youtube.com\\\/user\\\/CAHRACRV\",\"https:\\\/\\\/www.instagram.com\\\/cahr_acrv\\\/\",\"https:\\\/\\\/www.linkedin.com\\\/company\\\/canadian-association-for-hiv-research\\\/\"]}]}<\/script>\n<!-- \/ Yoast SEO plugin. -->","yoast_head_json":{"title":"Congr\u00e8s 2018 &#8211; ACRV","robots":{"index":"index","follow":"follow","max-snippet":"max-snippet:-1","max-image-preview":"max-image-preview:large","max-video-preview":"max-video-preview:-1"},"canonical":"https:\/\/www.cahr-acrv.ca\/fr\/congres\/archives\/congres-2018\/","og_locale":"fr_FR","og_type":"article","og_title":"Congr\u00e8s 2018 &#8211; ACRV","og_description":"Le 27e Congr\u00e8s annuel canadien de recherche sur le VIH\/sida (ACRV 2018) a eu lieu du 26 au 29 avril 2017 \u00e0 l\u2019H\u00f4tel Westin Bayshore de Vancouver. L\u2019ACRV souhaiterait remercier les plus de 780 personnes qui ont assist\u00e9 \u00e0 l\u2019ACRV 2018 \u00e0 Vancouver. Les copr\u00e9sidentes du congr\u00e8s, les Dres H\u00e9l\u00e8ne C\u00f4t\u00e9 (Universit\u00e9 de Colombie-Britannique) et [&hellip;]","og_url":"https:\/\/www.cahr-acrv.ca\/fr\/congres\/archives\/congres-2018\/","og_site_name":"ACRV","article_publisher":"https:\/\/www.facebook.com\/CanadianAssociationforHIVResearch","article_modified_time":"2018-12-05T04:37:50+00:00","og_image":[{"width":1383,"height":1428,"url":"https:\/\/www.cahr-acrv.ca\/wp-content\/uploads\/2012\/09\/CAHR_CONFidentityFR_2018.png","type":"image\/png"}],"twitter_card":"summary_large_image","twitter_site":"@CAHR_ACRV","twitter_misc":{"Dur\u00e9e de lecture estim\u00e9e":"1 minute"},"schema":{"@context":"https:\/\/schema.org","@graph":[{"@type":"WebPage","@id":"https:\/\/www.cahr-acrv.ca\/fr\/congres\/archives\/congres-2018\/","url":"https:\/\/www.cahr-acrv.ca\/fr\/congres\/archives\/congres-2018\/","name":"Congr\u00e8s 2018 &#8211; ACRV","isPartOf":{"@id":"https:\/\/www.cahr-acrv.ca\/#website"},"primaryImageOfPage":{"@id":"https:\/\/www.cahr-acrv.ca\/fr\/congres\/archives\/congres-2018\/#primaryimage"},"image":{"@id":"https:\/\/www.cahr-acrv.ca\/fr\/congres\/archives\/congres-2018\/#primaryimage"},"thumbnailUrl":"https:\/\/www.cahr-acrv.ca\/wp-content\/uploads\/2012\/09\/CAHR_CONFidentityFR_2018.png","datePublished":"2018-01-01T21:43:51+00:00","dateModified":"2018-12-05T04:37:50+00:00","breadcrumb":{"@id":"https:\/\/www.cahr-acrv.ca\/fr\/congres\/archives\/congres-2018\/#breadcrumb"},"inLanguage":"fr-FR","potentialAction":[{"@type":"ReadAction","target":["https:\/\/www.cahr-acrv.ca\/fr\/congres\/archives\/congres-2018\/"]}]},{"@type":"ImageObject","inLanguage":"fr-FR","@id":"https:\/\/www.cahr-acrv.ca\/fr\/congres\/archives\/congres-2018\/#primaryimage","url":"https:\/\/www.cahr-acrv.ca\/wp-content\/uploads\/2012\/09\/CAHR_CONFidentityFR_2018.png","contentUrl":"https:\/\/www.cahr-acrv.ca\/wp-content\/uploads\/2012\/09\/CAHR_CONFidentityFR_2018.png","width":1383,"height":1428},{"@type":"BreadcrumbList","@id":"https:\/\/www.cahr-acrv.ca\/fr\/congres\/archives\/congres-2018\/#breadcrumb","itemListElement":[{"@type":"ListItem","position":1,"name":"Accueil","item":"https:\/\/www.cahr-acrv.ca\/fr\/accueil\/"},{"@type":"ListItem","position":2,"name":"Completed Conferences","item":"https:\/\/www.cahr-acrv.ca\/conference\/archives\/"},{"@type":"ListItem","position":3,"name":"Congr\u00e8s 2018"}]},{"@type":"WebSite","@id":"https:\/\/www.cahr-acrv.ca\/#website","url":"https:\/\/www.cahr-acrv.ca\/","name":"ACRV","description":"L'association canadienne de recherche sur le VIH","publisher":{"@id":"https:\/\/www.cahr-acrv.ca\/#organization"},"potentialAction":[{"@type":"SearchAction","target":{"@type":"EntryPoint","urlTemplate":"https:\/\/www.cahr-acrv.ca\/?s={search_term_string}"},"query-input":{"@type":"PropertyValueSpecification","valueRequired":true,"valueName":"search_term_string"}}],"inLanguage":"fr-FR"},{"@type":"Organization","@id":"https:\/\/www.cahr-acrv.ca\/#organization","name":"Canadian Association for HIV Research","alternateName":"CAHR","url":"https:\/\/www.cahr-acrv.ca\/","logo":{"@type":"ImageObject","inLanguage":"fr-FR","@id":"https:\/\/www.cahr-acrv.ca\/#\/schema\/logo\/image\/","url":"https:\/\/www.cahr-acrv.ca\/wp-content\/uploads\/2025\/06\/cahr-organization-logo.png","contentUrl":"https:\/\/www.cahr-acrv.ca\/wp-content\/uploads\/2025\/06\/cahr-organization-logo.png","width":696,"height":696,"caption":"Canadian Association for HIV Research"},"image":{"@id":"https:\/\/www.cahr-acrv.ca\/#\/schema\/logo\/image\/"},"sameAs":["https:\/\/www.facebook.com\/CanadianAssociationforHIVResearch","https:\/\/x.com\/CAHR_ACRV","https:\/\/bsky.app\/profile\/cahr-acrv.bsky.social","https:\/\/www.youtube.com\/user\/CAHRACRV","https:\/\/www.instagram.com\/cahr_acrv\/","https:\/\/www.linkedin.com\/company\/canadian-association-for-hiv-research\/"]}]}},"_links":{"self":[{"href":"https:\/\/www.cahr-acrv.ca\/fr\/wp-json\/wp\/v2\/conferences\/7684","targetHints":{"allow":["GET"]}}],"collection":[{"href":"https:\/\/www.cahr-acrv.ca\/fr\/wp-json\/wp\/v2\/conferences"}],"about":[{"href":"https:\/\/www.cahr-acrv.ca\/fr\/wp-json\/wp\/v2\/types\/conferences"}],"wp:featuredmedia":[{"embeddable":true,"href":"https:\/\/www.cahr-acrv.ca\/fr\/wp-json\/wp\/v2\/media\/7691"}],"wp:attachment":[{"href":"https:\/\/www.cahr-acrv.ca\/fr\/wp-json\/wp\/v2\/media?parent=7684"}],"curies":[{"name":"wp","href":"https:\/\/api.w.org\/{rel}","templated":true}]}}