{"id":5824,"date":"2016-05-12T14:41:00","date_gmt":"2016-05-12T18:41:00","guid":{"rendered":"https:\/\/cahr.wpengine.com\/conference\/archives\/cahr-2016-2\/"},"modified":"2018-01-24T15:32:52","modified_gmt":"2018-01-24T20:32:52","slug":"acrv-congres-2016","status":"publish","type":"conferences","link":"https:\/\/www.cahr-acrv.ca\/fr\/congres\/archives\/acrv-congres-2016\/","title":{"rendered":"Congr\u00e8s 2016"},"content":{"rendered":"<p>L\u2019ACRV souhaiterait adresser ses remerciements aux pr\u00e8s de 750\u00a0personnes qui ont assist\u00e9 au Congr\u00e8s de l\u2019ACRV 2016 \u00e0 Winnipeg.<\/p>\n<p>Sous le th\u00e8me \u00ab\u00a0R\u00e9aliser notre potentiel\u00a0: Du local au mondial et retour\u00a0\u00bb, l\u2019ACRV 2016 offrait un programme exceptionnel dans lequel figuraient des conf\u00e9renciers de r\u00e9putation mondiale. Dans le cadre du congr\u00e8s, les participants ont pu \u00e9tablir des contacts avec les chercheurs, les travailleurs de premi\u00e8re ligne en sant\u00e9 publique et les travailleurs communautaires, d\u00e9cideurs de la politique, personnes vivant avec le VIH et le sida et autres personnes int\u00e9ress\u00e9es au domaine de la recherche sur le VIH.<\/p>\n<p>L\u2019ACRV souhaiterait remercier encore une fois les copr\u00e9sidents du congr\u00e8s, les docteurs <a href=\"https:\/\/www.cahr-acrv.ca\/conference\/cahr-conference-2016-co-chairs\/\" target=\"_blank\" rel=\"noopener\">Keith Fowke et Marissa Becker <\/a>de l\u2019Universit\u00e9 du Manitoba, ainsi que l\u2019ensemble du comit\u00e9 de planification scientifique, gr\u00e2ce auxquels l\u2019ACRV 2016 a connu un aussi grand succ\u00e8s. Vous trouverez un r\u00e9sum\u00e9 complet de l\u2019\u00e9v\u00e9nement sur le site Web de l\u2019ACRV \u00e0 l\u2019adresse\u00a0<a href=\"https:\/\/www.cahr-acrv.ca\/wp-content\/uploads\/2015\/05\/CAHR_2016Newsletter_FINAL.pdf\" target=\"_blank\" rel=\"noopener\">https:\/\/www.cahr-acrv.ca\/wp-content\/uploads\/2015\/05\/CAHR_2016Newsletter_FINAL.pdf<\/a><\/p>\n<h3>Programme<\/h3>\n<p><a href=\"https:\/\/www.cahr-acrv.ca\/wp-content\/uploads\/2015\/10\/CAHR-2016-PROGRAM_FINAL-FOR-WEB.pdf\" target=\"_blank\" rel=\"noopener\">T\u00e9l\u00e9chargez le programme final de l&rsquo;ACRV 2016<\/a><\/p>\n<h3>Recueil d&rsquo;abr\u00e9g\u00e9s de l&rsquo;ACRV 2016<\/h3>\n<p><a href=\"https:\/\/www.cahr-acrv.ca\/wp-content\/uploads\/2015\/10\/CAHR16-Abstracts-for-web-Final.pdf\" target=\"_blank\" rel=\"noopener\">T\u00e9l\u00e9chargez la version finale du recueil d&rsquo;abr\u00e9g\u00e9s de l&rsquo;ACRV 2016<\/a><\/p>\n<h3>Apr\u00e8s le Programme<\/h3>\n<p><a href=\"https:\/\/www.cahr-acrv.ca\/wp-content\/uploads\/2015\/10\/CAHR16-PAG_web-Final.pdf\" target=\"_blank\" rel=\"noopener\">T\u00e9l\u00e9chargez l&rsquo;aper\u00e7u du programme final de l&rsquo;ACRV 2016<\/a><\/p>\n","protected":false},"excerpt":{"rendered":"<p>L\u2019ACRV souhaiterait adresser ses remerciements aux pr\u00e8s de 750\u00a0personnes qui ont assist\u00e9 au Congr\u00e8s de l\u2019ACRV 2016 \u00e0 Winnipeg. Sous le th\u00e8me \u00ab\u00a0R\u00e9aliser notre potentiel\u00a0: Du local au mondial et retour\u00a0\u00bb, l\u2019ACRV 2016 offrait un programme exceptionnel dans lequel figuraient des conf\u00e9renciers de r\u00e9putation mondiale. Dans le cadre du congr\u00e8s, les participants ont pu \u00e9tablir [&hellip;]<\/p>\n","protected":false},"featured_media":5792,"parent":0,"menu_order":0,"template":"","class_list":["post-5824","conferences","type-conferences","status-publish","has-post-thumbnail","hentry"],"acf":[],"yoast_head":"<!-- This site is optimized with the Yoast SEO plugin v27.4 - https:\/\/yoast.com\/product\/yoast-seo-wordpress\/ -->\n<title>Congr\u00e8s 2016 &#8211; ACRV<\/title>\n<meta name=\"robots\" content=\"index, follow, max-snippet:-1, max-image-preview:large, max-video-preview:-1\" \/>\n<link rel=\"canonical\" href=\"https:\/\/www.cahr-acrv.ca\/fr\/congres\/archives\/acrv-congres-2016\/\" \/>\n<meta property=\"og:locale\" content=\"fr_FR\" \/>\n<meta property=\"og:type\" content=\"article\" \/>\n<meta property=\"og:title\" content=\"Congr\u00e8s 2016 &#8211; ACRV\" \/>\n<meta property=\"og:description\" content=\"L\u2019ACRV souhaiterait adresser ses remerciements aux pr\u00e8s de 750\u00a0personnes qui ont assist\u00e9 au Congr\u00e8s de l\u2019ACRV 2016 \u00e0 Winnipeg. Sous le th\u00e8me \u00ab\u00a0R\u00e9aliser notre potentiel\u00a0: Du local au mondial et retour\u00a0\u00bb, l\u2019ACRV 2016 offrait un programme exceptionnel dans lequel figuraient des conf\u00e9renciers de r\u00e9putation mondiale. Dans le cadre du congr\u00e8s, les participants ont pu \u00e9tablir [&hellip;]\" \/>\n<meta property=\"og:url\" content=\"https:\/\/www.cahr-acrv.ca\/fr\/congres\/archives\/acrv-congres-2016\/\" \/>\n<meta property=\"og:site_name\" content=\"ACRV\" \/>\n<meta property=\"article:publisher\" content=\"https:\/\/www.facebook.com\/CanadianAssociationforHIVResearch\" \/>\n<meta property=\"article:modified_time\" content=\"2018-01-24T20:32:52+00:00\" \/>\n<meta property=\"og:image\" content=\"https:\/\/www.cahr-acrv.ca\/wp-content\/uploads\/2012\/10\/CAHR_CONFidentityFR_2016.jpg\" \/>\n\t<meta property=\"og:image:width\" content=\"1448\" \/>\n\t<meta property=\"og:image:height\" content=\"1461\" \/>\n\t<meta property=\"og:image:type\" content=\"image\/jpeg\" \/>\n<meta name=\"twitter:card\" content=\"summary_large_image\" \/>\n<meta name=\"twitter:site\" content=\"@CAHR_ACRV\" \/>\n<meta name=\"twitter:label1\" content=\"Dur\u00e9e de lecture estim\u00e9e\" \/>\n\t<meta name=\"twitter:data1\" content=\"1 minute\" \/>\n<script type=\"application\/ld+json\" class=\"yoast-schema-graph\">{\"@context\":\"https:\\\/\\\/schema.org\",\"@graph\":[{\"@type\":\"WebPage\",\"@id\":\"https:\\\/\\\/www.cahr-acrv.ca\\\/fr\\\/congres\\\/archives\\\/acrv-congres-2016\\\/\",\"url\":\"https:\\\/\\\/www.cahr-acrv.ca\\\/fr\\\/congres\\\/archives\\\/acrv-congres-2016\\\/\",\"name\":\"Congr\u00e8s 2016 &#8211; ACRV\",\"isPartOf\":{\"@id\":\"https:\\\/\\\/www.cahr-acrv.ca\\\/#website\"},\"primaryImageOfPage\":{\"@id\":\"https:\\\/\\\/www.cahr-acrv.ca\\\/fr\\\/congres\\\/archives\\\/acrv-congres-2016\\\/#primaryimage\"},\"image\":{\"@id\":\"https:\\\/\\\/www.cahr-acrv.ca\\\/fr\\\/congres\\\/archives\\\/acrv-congres-2016\\\/#primaryimage\"},\"thumbnailUrl\":\"https:\\\/\\\/www.cahr-acrv.ca\\\/wp-content\\\/uploads\\\/2012\\\/10\\\/CAHR_CONFidentityFR_2016.jpg\",\"datePublished\":\"2016-05-12T18:41:00+00:00\",\"dateModified\":\"2018-01-24T20:32:52+00:00\",\"breadcrumb\":{\"@id\":\"https:\\\/\\\/www.cahr-acrv.ca\\\/fr\\\/congres\\\/archives\\\/acrv-congres-2016\\\/#breadcrumb\"},\"inLanguage\":\"fr-FR\",\"potentialAction\":[{\"@type\":\"ReadAction\",\"target\":[\"https:\\\/\\\/www.cahr-acrv.ca\\\/fr\\\/congres\\\/archives\\\/acrv-congres-2016\\\/\"]}]},{\"@type\":\"ImageObject\",\"inLanguage\":\"fr-FR\",\"@id\":\"https:\\\/\\\/www.cahr-acrv.ca\\\/fr\\\/congres\\\/archives\\\/acrv-congres-2016\\\/#primaryimage\",\"url\":\"https:\\\/\\\/www.cahr-acrv.ca\\\/wp-content\\\/uploads\\\/2012\\\/10\\\/CAHR_CONFidentityFR_2016.jpg\",\"contentUrl\":\"https:\\\/\\\/www.cahr-acrv.ca\\\/wp-content\\\/uploads\\\/2012\\\/10\\\/CAHR_CONFidentityFR_2016.jpg\",\"width\":1448,\"height\":1461},{\"@type\":\"BreadcrumbList\",\"@id\":\"https:\\\/\\\/www.cahr-acrv.ca\\\/fr\\\/congres\\\/archives\\\/acrv-congres-2016\\\/#breadcrumb\",\"itemListElement\":[{\"@type\":\"ListItem\",\"position\":1,\"name\":\"Accueil\",\"item\":\"https:\\\/\\\/www.cahr-acrv.ca\\\/fr\\\/accueil\\\/\"},{\"@type\":\"ListItem\",\"position\":2,\"name\":\"Completed Conferences\",\"item\":\"https:\\\/\\\/www.cahr-acrv.ca\\\/conference\\\/archives\\\/\"},{\"@type\":\"ListItem\",\"position\":3,\"name\":\"Congr\u00e8s 2016\"}]},{\"@type\":\"WebSite\",\"@id\":\"https:\\\/\\\/www.cahr-acrv.ca\\\/#website\",\"url\":\"https:\\\/\\\/www.cahr-acrv.ca\\\/\",\"name\":\"ACRV\",\"description\":\"L'association canadienne de recherche sur le VIH\",\"publisher\":{\"@id\":\"https:\\\/\\\/www.cahr-acrv.ca\\\/#organization\"},\"potentialAction\":[{\"@type\":\"SearchAction\",\"target\":{\"@type\":\"EntryPoint\",\"urlTemplate\":\"https:\\\/\\\/www.cahr-acrv.ca\\\/?s={search_term_string}\"},\"query-input\":{\"@type\":\"PropertyValueSpecification\",\"valueRequired\":true,\"valueName\":\"search_term_string\"}}],\"inLanguage\":\"fr-FR\"},{\"@type\":\"Organization\",\"@id\":\"https:\\\/\\\/www.cahr-acrv.ca\\\/#organization\",\"name\":\"Canadian Association for HIV Research\",\"alternateName\":\"CAHR\",\"url\":\"https:\\\/\\\/www.cahr-acrv.ca\\\/\",\"logo\":{\"@type\":\"ImageObject\",\"inLanguage\":\"fr-FR\",\"@id\":\"https:\\\/\\\/www.cahr-acrv.ca\\\/#\\\/schema\\\/logo\\\/image\\\/\",\"url\":\"https:\\\/\\\/www.cahr-acrv.ca\\\/wp-content\\\/uploads\\\/2025\\\/06\\\/cahr-organization-logo.png\",\"contentUrl\":\"https:\\\/\\\/www.cahr-acrv.ca\\\/wp-content\\\/uploads\\\/2025\\\/06\\\/cahr-organization-logo.png\",\"width\":696,\"height\":696,\"caption\":\"Canadian Association for HIV Research\"},\"image\":{\"@id\":\"https:\\\/\\\/www.cahr-acrv.ca\\\/#\\\/schema\\\/logo\\\/image\\\/\"},\"sameAs\":[\"https:\\\/\\\/www.facebook.com\\\/CanadianAssociationforHIVResearch\",\"https:\\\/\\\/x.com\\\/CAHR_ACRV\",\"https:\\\/\\\/bsky.app\\\/profile\\\/cahr-acrv.bsky.social\",\"https:\\\/\\\/www.youtube.com\\\/user\\\/CAHRACRV\",\"https:\\\/\\\/www.instagram.com\\\/cahr_acrv\\\/\",\"https:\\\/\\\/www.linkedin.com\\\/company\\\/canadian-association-for-hiv-research\\\/\"]}]}<\/script>\n<!-- \/ Yoast SEO plugin. -->","yoast_head_json":{"title":"Congr\u00e8s 2016 &#8211; ACRV","robots":{"index":"index","follow":"follow","max-snippet":"max-snippet:-1","max-image-preview":"max-image-preview:large","max-video-preview":"max-video-preview:-1"},"canonical":"https:\/\/www.cahr-acrv.ca\/fr\/congres\/archives\/acrv-congres-2016\/","og_locale":"fr_FR","og_type":"article","og_title":"Congr\u00e8s 2016 &#8211; ACRV","og_description":"L\u2019ACRV souhaiterait adresser ses remerciements aux pr\u00e8s de 750\u00a0personnes qui ont assist\u00e9 au Congr\u00e8s de l\u2019ACRV 2016 \u00e0 Winnipeg. Sous le th\u00e8me \u00ab\u00a0R\u00e9aliser notre potentiel\u00a0: Du local au mondial et retour\u00a0\u00bb, l\u2019ACRV 2016 offrait un programme exceptionnel dans lequel figuraient des conf\u00e9renciers de r\u00e9putation mondiale. Dans le cadre du congr\u00e8s, les participants ont pu \u00e9tablir [&hellip;]","og_url":"https:\/\/www.cahr-acrv.ca\/fr\/congres\/archives\/acrv-congres-2016\/","og_site_name":"ACRV","article_publisher":"https:\/\/www.facebook.com\/CanadianAssociationforHIVResearch","article_modified_time":"2018-01-24T20:32:52+00:00","og_image":[{"width":1448,"height":1461,"url":"https:\/\/www.cahr-acrv.ca\/wp-content\/uploads\/2012\/10\/CAHR_CONFidentityFR_2016.jpg","type":"image\/jpeg"}],"twitter_card":"summary_large_image","twitter_site":"@CAHR_ACRV","twitter_misc":{"Dur\u00e9e de lecture estim\u00e9e":"1 minute"},"schema":{"@context":"https:\/\/schema.org","@graph":[{"@type":"WebPage","@id":"https:\/\/www.cahr-acrv.ca\/fr\/congres\/archives\/acrv-congres-2016\/","url":"https:\/\/www.cahr-acrv.ca\/fr\/congres\/archives\/acrv-congres-2016\/","name":"Congr\u00e8s 2016 &#8211; ACRV","isPartOf":{"@id":"https:\/\/www.cahr-acrv.ca\/#website"},"primaryImageOfPage":{"@id":"https:\/\/www.cahr-acrv.ca\/fr\/congres\/archives\/acrv-congres-2016\/#primaryimage"},"image":{"@id":"https:\/\/www.cahr-acrv.ca\/fr\/congres\/archives\/acrv-congres-2016\/#primaryimage"},"thumbnailUrl":"https:\/\/www.cahr-acrv.ca\/wp-content\/uploads\/2012\/10\/CAHR_CONFidentityFR_2016.jpg","datePublished":"2016-05-12T18:41:00+00:00","dateModified":"2018-01-24T20:32:52+00:00","breadcrumb":{"@id":"https:\/\/www.cahr-acrv.ca\/fr\/congres\/archives\/acrv-congres-2016\/#breadcrumb"},"inLanguage":"fr-FR","potentialAction":[{"@type":"ReadAction","target":["https:\/\/www.cahr-acrv.ca\/fr\/congres\/archives\/acrv-congres-2016\/"]}]},{"@type":"ImageObject","inLanguage":"fr-FR","@id":"https:\/\/www.cahr-acrv.ca\/fr\/congres\/archives\/acrv-congres-2016\/#primaryimage","url":"https:\/\/www.cahr-acrv.ca\/wp-content\/uploads\/2012\/10\/CAHR_CONFidentityFR_2016.jpg","contentUrl":"https:\/\/www.cahr-acrv.ca\/wp-content\/uploads\/2012\/10\/CAHR_CONFidentityFR_2016.jpg","width":1448,"height":1461},{"@type":"BreadcrumbList","@id":"https:\/\/www.cahr-acrv.ca\/fr\/congres\/archives\/acrv-congres-2016\/#breadcrumb","itemListElement":[{"@type":"ListItem","position":1,"name":"Accueil","item":"https:\/\/www.cahr-acrv.ca\/fr\/accueil\/"},{"@type":"ListItem","position":2,"name":"Completed Conferences","item":"https:\/\/www.cahr-acrv.ca\/conference\/archives\/"},{"@type":"ListItem","position":3,"name":"Congr\u00e8s 2016"}]},{"@type":"WebSite","@id":"https:\/\/www.cahr-acrv.ca\/#website","url":"https:\/\/www.cahr-acrv.ca\/","name":"ACRV","description":"L'association canadienne de recherche sur le VIH","publisher":{"@id":"https:\/\/www.cahr-acrv.ca\/#organization"},"potentialAction":[{"@type":"SearchAction","target":{"@type":"EntryPoint","urlTemplate":"https:\/\/www.cahr-acrv.ca\/?s={search_term_string}"},"query-input":{"@type":"PropertyValueSpecification","valueRequired":true,"valueName":"search_term_string"}}],"inLanguage":"fr-FR"},{"@type":"Organization","@id":"https:\/\/www.cahr-acrv.ca\/#organization","name":"Canadian Association for HIV Research","alternateName":"CAHR","url":"https:\/\/www.cahr-acrv.ca\/","logo":{"@type":"ImageObject","inLanguage":"fr-FR","@id":"https:\/\/www.cahr-acrv.ca\/#\/schema\/logo\/image\/","url":"https:\/\/www.cahr-acrv.ca\/wp-content\/uploads\/2025\/06\/cahr-organization-logo.png","contentUrl":"https:\/\/www.cahr-acrv.ca\/wp-content\/uploads\/2025\/06\/cahr-organization-logo.png","width":696,"height":696,"caption":"Canadian Association for HIV Research"},"image":{"@id":"https:\/\/www.cahr-acrv.ca\/#\/schema\/logo\/image\/"},"sameAs":["https:\/\/www.facebook.com\/CanadianAssociationforHIVResearch","https:\/\/x.com\/CAHR_ACRV","https:\/\/bsky.app\/profile\/cahr-acrv.bsky.social","https:\/\/www.youtube.com\/user\/CAHRACRV","https:\/\/www.instagram.com\/cahr_acrv\/","https:\/\/www.linkedin.com\/company\/canadian-association-for-hiv-research\/"]}]}},"_links":{"self":[{"href":"https:\/\/www.cahr-acrv.ca\/fr\/wp-json\/wp\/v2\/conferences\/5824","targetHints":{"allow":["GET"]}}],"collection":[{"href":"https:\/\/www.cahr-acrv.ca\/fr\/wp-json\/wp\/v2\/conferences"}],"about":[{"href":"https:\/\/www.cahr-acrv.ca\/fr\/wp-json\/wp\/v2\/types\/conferences"}],"wp:featuredmedia":[{"embeddable":true,"href":"https:\/\/www.cahr-acrv.ca\/fr\/wp-json\/wp\/v2\/media\/5792"}],"wp:attachment":[{"href":"https:\/\/www.cahr-acrv.ca\/fr\/wp-json\/wp\/v2\/media?parent=5824"}],"curies":[{"name":"wp","href":"https:\/\/api.w.org\/{rel}","templated":true}]}}