{"id":4524,"date":"2015-04-02T20:46:55","date_gmt":"2015-04-03T00:46:55","guid":{"rendered":"https:\/\/cahr.wpengine.com\/?post_type=conferences&#038;p=4524"},"modified":"2018-01-24T15:32:24","modified_gmt":"2018-01-24T20:32:24","slug":"acrv-congres-2015","status":"publish","type":"conferences","link":"https:\/\/www.cahr-acrv.ca\/fr\/congres\/archives\/acrv-congres-2015\/","title":{"rendered":"Congr\u00e8s  2015"},"content":{"rendered":"<p>Ces derni\u00e8res ann\u00e9es ont vu l\u2019interdisciplinarit\u00e9 gagner du terrain dans un effort pour mieux comprendre et combattre l\u2019\u00e9pid\u00e9mie de VIH. Les donn\u00e9es r\u00e9centes font ressortir les avantages des approches combin\u00e9es dans la pr\u00e9vention du VIH, ce que confirme le succ\u00e8s grandissant des polyth\u00e9rapies antir\u00e9trovirales. \u00c0 l\u2019ACRV 2015, nous mettrons en lumi\u00e8re les avantages d\u2019allier traitement, pr\u00e9vention et recherche dans les m\u00e9thodes, volets de recherche et disciplines pour lutter contre l\u2019\u00e9pid\u00e9mie de VIH.<\/p>\n<h2><strong>Th\u00e8me du congr\u00e8s &#8211; Unir nos forces pour gagner la bataille contre le VIH<\/strong><\/h2>\n<p><a href=\"https:\/\/www.cahr-acrv.ca\/wp-content\/uploads\/2012\/10\/CAHR-2015-conference-program.pdf\" target=\"_blank\" rel=\"noopener\">T\u00e9l\u00e9charger le programme<\/a><\/p>\n<p><a href=\"https:\/\/www.cahr-acrv.ca\/wp-content\/uploads\/2012\/10\/InfDis_26_SB_MarApr2015_Final.pdf\" target=\"_blank\" rel=\"noopener\">T\u00e9l\u00e9charger <span id=\"result_box\" class=\"short_text\" lang=\"fr\"><span class=\"hps\">le livre<\/span> <span class=\"hps\">de<\/span> <span class=\"hps\">r\u00e9sum\u00e9s<\/span><\/span><\/a><\/p>\n<p><a href=\"https:\/\/www.cahr-acrv.ca\/wp-content\/uploads\/2014\/06\/CAHR_News2015_web.pdf\" target=\"_blank\" rel=\"noopener\">T\u00e9l\u00e9charger le bulletin d&rsquo;information de la conf\u00e9rence<\/a><\/p>\n<p><a href=\"https:\/\/www.youtube.com\/user\/CAHRACRV?feature=results_main\" target=\"_blank\" rel=\"noopener\">T\u00e9l\u00e9charger notre vid\u00e9o de la congr\u00e8s<\/a><\/p>\n<p><a href=\"https:\/\/www.cahr-acrv.ca\/fr\/points-saillants-du-lacrv-2015\/\" target=\"_blank\" rel=\"noopener\">T\u00e9l\u00e9charger notre points saillants du l\u2019ACRV 2015<\/a><\/p>\n","protected":false},"excerpt":{"rendered":"<p>Ces derni\u00e8res ann\u00e9es ont vu l\u2019interdisciplinarit\u00e9 gagner du terrain dans un effort pour mieux comprendre et combattre l\u2019\u00e9pid\u00e9mie de VIH. Les donn\u00e9es r\u00e9centes font ressortir les avantages des approches combin\u00e9es dans la pr\u00e9vention du VIH, ce que confirme le succ\u00e8s grandissant des polyth\u00e9rapies antir\u00e9trovirales. \u00c0 l\u2019ACRV 2015, nous mettrons en lumi\u00e8re les avantages d\u2019allier traitement, [&hellip;]<\/p>\n","protected":false},"featured_media":4487,"parent":0,"menu_order":0,"template":"","class_list":["post-4524","conferences","type-conferences","status-publish","has-post-thumbnail","hentry"],"acf":[],"yoast_head":"<!-- This site is optimized with the Yoast SEO plugin v27.4 - https:\/\/yoast.com\/product\/yoast-seo-wordpress\/ -->\n<title>Congr\u00e8s 2015 &#8211; ACRV<\/title>\n<meta name=\"robots\" content=\"index, follow, max-snippet:-1, max-image-preview:large, max-video-preview:-1\" \/>\n<link rel=\"canonical\" href=\"https:\/\/www.cahr-acrv.ca\/fr\/congres\/archives\/acrv-congres-2015\/\" \/>\n<meta property=\"og:locale\" content=\"fr_FR\" \/>\n<meta property=\"og:type\" content=\"article\" \/>\n<meta property=\"og:title\" content=\"Congr\u00e8s 2015 &#8211; ACRV\" \/>\n<meta property=\"og:description\" content=\"Ces derni\u00e8res ann\u00e9es ont vu l\u2019interdisciplinarit\u00e9 gagner du terrain dans un effort pour mieux comprendre et combattre l\u2019\u00e9pid\u00e9mie de VIH. Les donn\u00e9es r\u00e9centes font ressortir les avantages des approches combin\u00e9es dans la pr\u00e9vention du VIH, ce que confirme le succ\u00e8s grandissant des polyth\u00e9rapies antir\u00e9trovirales. \u00c0 l\u2019ACRV 2015, nous mettrons en lumi\u00e8re les avantages d\u2019allier traitement, [&hellip;]\" \/>\n<meta property=\"og:url\" content=\"https:\/\/www.cahr-acrv.ca\/fr\/congres\/archives\/acrv-congres-2015\/\" \/>\n<meta property=\"og:site_name\" content=\"ACRV\" \/>\n<meta property=\"article:publisher\" content=\"https:\/\/www.facebook.com\/CanadianAssociationforHIVResearch\" \/>\n<meta property=\"article:modified_time\" content=\"2018-01-24T20:32:24+00:00\" \/>\n<meta property=\"og:image\" content=\"https:\/\/www.cahr-acrv.ca\/wp-content\/uploads\/2012\/10\/CAHR2015-logo-fr.jpg\" \/>\n\t<meta property=\"og:image:width\" content=\"925\" \/>\n\t<meta property=\"og:image:height\" content=\"825\" \/>\n\t<meta property=\"og:image:type\" content=\"image\/jpeg\" \/>\n<meta name=\"twitter:card\" content=\"summary_large_image\" \/>\n<meta name=\"twitter:site\" content=\"@CAHR_ACRV\" \/>\n<meta name=\"twitter:label1\" content=\"Dur\u00e9e de lecture estim\u00e9e\" \/>\n\t<meta name=\"twitter:data1\" content=\"1 minute\" \/>\n<script type=\"application\/ld+json\" class=\"yoast-schema-graph\">{\"@context\":\"https:\\\/\\\/schema.org\",\"@graph\":[{\"@type\":\"WebPage\",\"@id\":\"https:\\\/\\\/www.cahr-acrv.ca\\\/fr\\\/congres\\\/archives\\\/acrv-congres-2015\\\/\",\"url\":\"https:\\\/\\\/www.cahr-acrv.ca\\\/fr\\\/congres\\\/archives\\\/acrv-congres-2015\\\/\",\"name\":\"Congr\u00e8s 2015 &#8211; ACRV\",\"isPartOf\":{\"@id\":\"https:\\\/\\\/www.cahr-acrv.ca\\\/#website\"},\"primaryImageOfPage\":{\"@id\":\"https:\\\/\\\/www.cahr-acrv.ca\\\/fr\\\/congres\\\/archives\\\/acrv-congres-2015\\\/#primaryimage\"},\"image\":{\"@id\":\"https:\\\/\\\/www.cahr-acrv.ca\\\/fr\\\/congres\\\/archives\\\/acrv-congres-2015\\\/#primaryimage\"},\"thumbnailUrl\":\"https:\\\/\\\/www.cahr-acrv.ca\\\/wp-content\\\/uploads\\\/2012\\\/10\\\/CAHR2015-logo-fr.jpg\",\"datePublished\":\"2015-04-03T00:46:55+00:00\",\"dateModified\":\"2018-01-24T20:32:24+00:00\",\"breadcrumb\":{\"@id\":\"https:\\\/\\\/www.cahr-acrv.ca\\\/fr\\\/congres\\\/archives\\\/acrv-congres-2015\\\/#breadcrumb\"},\"inLanguage\":\"fr-FR\",\"potentialAction\":[{\"@type\":\"ReadAction\",\"target\":[\"https:\\\/\\\/www.cahr-acrv.ca\\\/fr\\\/congres\\\/archives\\\/acrv-congres-2015\\\/\"]}]},{\"@type\":\"ImageObject\",\"inLanguage\":\"fr-FR\",\"@id\":\"https:\\\/\\\/www.cahr-acrv.ca\\\/fr\\\/congres\\\/archives\\\/acrv-congres-2015\\\/#primaryimage\",\"url\":\"https:\\\/\\\/www.cahr-acrv.ca\\\/wp-content\\\/uploads\\\/2012\\\/10\\\/CAHR2015-logo-fr.jpg\",\"contentUrl\":\"https:\\\/\\\/www.cahr-acrv.ca\\\/wp-content\\\/uploads\\\/2012\\\/10\\\/CAHR2015-logo-fr.jpg\",\"width\":925,\"height\":825},{\"@type\":\"BreadcrumbList\",\"@id\":\"https:\\\/\\\/www.cahr-acrv.ca\\\/fr\\\/congres\\\/archives\\\/acrv-congres-2015\\\/#breadcrumb\",\"itemListElement\":[{\"@type\":\"ListItem\",\"position\":1,\"name\":\"Accueil\",\"item\":\"https:\\\/\\\/www.cahr-acrv.ca\\\/fr\\\/accueil\\\/\"},{\"@type\":\"ListItem\",\"position\":2,\"name\":\"Completed Conferences\",\"item\":\"https:\\\/\\\/www.cahr-acrv.ca\\\/conference\\\/archives\\\/\"},{\"@type\":\"ListItem\",\"position\":3,\"name\":\"Congr\u00e8s 2015\"}]},{\"@type\":\"WebSite\",\"@id\":\"https:\\\/\\\/www.cahr-acrv.ca\\\/#website\",\"url\":\"https:\\\/\\\/www.cahr-acrv.ca\\\/\",\"name\":\"ACRV\",\"description\":\"L'association canadienne de recherche sur le VIH\",\"publisher\":{\"@id\":\"https:\\\/\\\/www.cahr-acrv.ca\\\/#organization\"},\"potentialAction\":[{\"@type\":\"SearchAction\",\"target\":{\"@type\":\"EntryPoint\",\"urlTemplate\":\"https:\\\/\\\/www.cahr-acrv.ca\\\/?s={search_term_string}\"},\"query-input\":{\"@type\":\"PropertyValueSpecification\",\"valueRequired\":true,\"valueName\":\"search_term_string\"}}],\"inLanguage\":\"fr-FR\"},{\"@type\":\"Organization\",\"@id\":\"https:\\\/\\\/www.cahr-acrv.ca\\\/#organization\",\"name\":\"Canadian Association for HIV Research\",\"alternateName\":\"CAHR\",\"url\":\"https:\\\/\\\/www.cahr-acrv.ca\\\/\",\"logo\":{\"@type\":\"ImageObject\",\"inLanguage\":\"fr-FR\",\"@id\":\"https:\\\/\\\/www.cahr-acrv.ca\\\/#\\\/schema\\\/logo\\\/image\\\/\",\"url\":\"https:\\\/\\\/www.cahr-acrv.ca\\\/wp-content\\\/uploads\\\/2025\\\/06\\\/cahr-organization-logo.png\",\"contentUrl\":\"https:\\\/\\\/www.cahr-acrv.ca\\\/wp-content\\\/uploads\\\/2025\\\/06\\\/cahr-organization-logo.png\",\"width\":696,\"height\":696,\"caption\":\"Canadian Association for HIV Research\"},\"image\":{\"@id\":\"https:\\\/\\\/www.cahr-acrv.ca\\\/#\\\/schema\\\/logo\\\/image\\\/\"},\"sameAs\":[\"https:\\\/\\\/www.facebook.com\\\/CanadianAssociationforHIVResearch\",\"https:\\\/\\\/x.com\\\/CAHR_ACRV\",\"https:\\\/\\\/bsky.app\\\/profile\\\/cahr-acrv.bsky.social\",\"https:\\\/\\\/www.youtube.com\\\/user\\\/CAHRACRV\",\"https:\\\/\\\/www.instagram.com\\\/cahr_acrv\\\/\",\"https:\\\/\\\/www.linkedin.com\\\/company\\\/canadian-association-for-hiv-research\\\/\"]}]}<\/script>\n<!-- \/ Yoast SEO plugin. -->","yoast_head_json":{"title":"Congr\u00e8s 2015 &#8211; ACRV","robots":{"index":"index","follow":"follow","max-snippet":"max-snippet:-1","max-image-preview":"max-image-preview:large","max-video-preview":"max-video-preview:-1"},"canonical":"https:\/\/www.cahr-acrv.ca\/fr\/congres\/archives\/acrv-congres-2015\/","og_locale":"fr_FR","og_type":"article","og_title":"Congr\u00e8s 2015 &#8211; ACRV","og_description":"Ces derni\u00e8res ann\u00e9es ont vu l\u2019interdisciplinarit\u00e9 gagner du terrain dans un effort pour mieux comprendre et combattre l\u2019\u00e9pid\u00e9mie de VIH. Les donn\u00e9es r\u00e9centes font ressortir les avantages des approches combin\u00e9es dans la pr\u00e9vention du VIH, ce que confirme le succ\u00e8s grandissant des polyth\u00e9rapies antir\u00e9trovirales. \u00c0 l\u2019ACRV 2015, nous mettrons en lumi\u00e8re les avantages d\u2019allier traitement, [&hellip;]","og_url":"https:\/\/www.cahr-acrv.ca\/fr\/congres\/archives\/acrv-congres-2015\/","og_site_name":"ACRV","article_publisher":"https:\/\/www.facebook.com\/CanadianAssociationforHIVResearch","article_modified_time":"2018-01-24T20:32:24+00:00","og_image":[{"width":925,"height":825,"url":"https:\/\/www.cahr-acrv.ca\/wp-content\/uploads\/2012\/10\/CAHR2015-logo-fr.jpg","type":"image\/jpeg"}],"twitter_card":"summary_large_image","twitter_site":"@CAHR_ACRV","twitter_misc":{"Dur\u00e9e de lecture estim\u00e9e":"1 minute"},"schema":{"@context":"https:\/\/schema.org","@graph":[{"@type":"WebPage","@id":"https:\/\/www.cahr-acrv.ca\/fr\/congres\/archives\/acrv-congres-2015\/","url":"https:\/\/www.cahr-acrv.ca\/fr\/congres\/archives\/acrv-congres-2015\/","name":"Congr\u00e8s 2015 &#8211; ACRV","isPartOf":{"@id":"https:\/\/www.cahr-acrv.ca\/#website"},"primaryImageOfPage":{"@id":"https:\/\/www.cahr-acrv.ca\/fr\/congres\/archives\/acrv-congres-2015\/#primaryimage"},"image":{"@id":"https:\/\/www.cahr-acrv.ca\/fr\/congres\/archives\/acrv-congres-2015\/#primaryimage"},"thumbnailUrl":"https:\/\/www.cahr-acrv.ca\/wp-content\/uploads\/2012\/10\/CAHR2015-logo-fr.jpg","datePublished":"2015-04-03T00:46:55+00:00","dateModified":"2018-01-24T20:32:24+00:00","breadcrumb":{"@id":"https:\/\/www.cahr-acrv.ca\/fr\/congres\/archives\/acrv-congres-2015\/#breadcrumb"},"inLanguage":"fr-FR","potentialAction":[{"@type":"ReadAction","target":["https:\/\/www.cahr-acrv.ca\/fr\/congres\/archives\/acrv-congres-2015\/"]}]},{"@type":"ImageObject","inLanguage":"fr-FR","@id":"https:\/\/www.cahr-acrv.ca\/fr\/congres\/archives\/acrv-congres-2015\/#primaryimage","url":"https:\/\/www.cahr-acrv.ca\/wp-content\/uploads\/2012\/10\/CAHR2015-logo-fr.jpg","contentUrl":"https:\/\/www.cahr-acrv.ca\/wp-content\/uploads\/2012\/10\/CAHR2015-logo-fr.jpg","width":925,"height":825},{"@type":"BreadcrumbList","@id":"https:\/\/www.cahr-acrv.ca\/fr\/congres\/archives\/acrv-congres-2015\/#breadcrumb","itemListElement":[{"@type":"ListItem","position":1,"name":"Accueil","item":"https:\/\/www.cahr-acrv.ca\/fr\/accueil\/"},{"@type":"ListItem","position":2,"name":"Completed Conferences","item":"https:\/\/www.cahr-acrv.ca\/conference\/archives\/"},{"@type":"ListItem","position":3,"name":"Congr\u00e8s 2015"}]},{"@type":"WebSite","@id":"https:\/\/www.cahr-acrv.ca\/#website","url":"https:\/\/www.cahr-acrv.ca\/","name":"ACRV","description":"L'association canadienne de recherche sur le VIH","publisher":{"@id":"https:\/\/www.cahr-acrv.ca\/#organization"},"potentialAction":[{"@type":"SearchAction","target":{"@type":"EntryPoint","urlTemplate":"https:\/\/www.cahr-acrv.ca\/?s={search_term_string}"},"query-input":{"@type":"PropertyValueSpecification","valueRequired":true,"valueName":"search_term_string"}}],"inLanguage":"fr-FR"},{"@type":"Organization","@id":"https:\/\/www.cahr-acrv.ca\/#organization","name":"Canadian Association for HIV Research","alternateName":"CAHR","url":"https:\/\/www.cahr-acrv.ca\/","logo":{"@type":"ImageObject","inLanguage":"fr-FR","@id":"https:\/\/www.cahr-acrv.ca\/#\/schema\/logo\/image\/","url":"https:\/\/www.cahr-acrv.ca\/wp-content\/uploads\/2025\/06\/cahr-organization-logo.png","contentUrl":"https:\/\/www.cahr-acrv.ca\/wp-content\/uploads\/2025\/06\/cahr-organization-logo.png","width":696,"height":696,"caption":"Canadian Association for HIV Research"},"image":{"@id":"https:\/\/www.cahr-acrv.ca\/#\/schema\/logo\/image\/"},"sameAs":["https:\/\/www.facebook.com\/CanadianAssociationforHIVResearch","https:\/\/x.com\/CAHR_ACRV","https:\/\/bsky.app\/profile\/cahr-acrv.bsky.social","https:\/\/www.youtube.com\/user\/CAHRACRV","https:\/\/www.instagram.com\/cahr_acrv\/","https:\/\/www.linkedin.com\/company\/canadian-association-for-hiv-research\/"]}]}},"_links":{"self":[{"href":"https:\/\/www.cahr-acrv.ca\/fr\/wp-json\/wp\/v2\/conferences\/4524","targetHints":{"allow":["GET"]}}],"collection":[{"href":"https:\/\/www.cahr-acrv.ca\/fr\/wp-json\/wp\/v2\/conferences"}],"about":[{"href":"https:\/\/www.cahr-acrv.ca\/fr\/wp-json\/wp\/v2\/types\/conferences"}],"wp:featuredmedia":[{"embeddable":true,"href":"https:\/\/www.cahr-acrv.ca\/fr\/wp-json\/wp\/v2\/media\/4487"}],"wp:attachment":[{"href":"https:\/\/www.cahr-acrv.ca\/fr\/wp-json\/wp\/v2\/media?parent=4524"}],"curies":[{"name":"wp","href":"https:\/\/api.w.org\/{rel}","templated":true}]}}