{"id":4464,"date":"2014-05-01T17:49:51","date_gmt":"2014-05-01T21:49:51","guid":{"rendered":"https:\/\/cahr.wpengine.com\/?post_type=conferences&#038;p=4464"},"modified":"2018-01-24T15:32:01","modified_gmt":"2018-01-24T20:32:01","slug":"acrv-congres-2014","status":"publish","type":"conferences","link":"https:\/\/www.cahr-acrv.ca\/fr\/congres\/archives\/acrv-congres-2014\/","title":{"rendered":"Congr\u00e8s  2014"},"content":{"rendered":"<p>Bienvenue sur le site Web officiel du 23e Congr\u00e8s annuel canadien de recherche sur le VIH\/sida \u2013 L&rsquo;ACRV 2014 se tiendra du 1er au 4 mai 2014 \u00e0<a href=\"https:\/\/www.deltahotels.com\/Hotels\/Delta-St.-John-s-Hotel-Conference-Centre\" target=\"_blank\" rel=\"noopener\"> l&rsquo;h\u00f4tel Delta St. John\u2019s<\/a> et au <a href=\"http:\/\/www.sjcc.ca\/\" target=\"_blank\" rel=\"noopener\">Centre des congr\u00e8s de St. John\u2019s, \u00e0 Terre-Neuve<\/a>.<\/p>\n<p>Avec pour th\u00e8me \u00ab Endiguer les flots du VIH \u00bb, l&rsquo;ACRV 2014\u00a0vous concoctera un programme exceptionnel qui reposera sur des conf\u00e9renciers de renomm\u00e9e internationale et vous permettra de prendre contact avec des chercheurs, des professionnels de la sant\u00e9 et des travailleurs communautaires de premi\u00e8re ligne, des d\u00e9cideurs, des personnes vivant avec le VIH et le sida et d\u2019autres intervenants que le domaine de la recherche sur le VIH int\u00e9resse.<\/p>\n<p>Les participants se r\u00e9uniront pour discuter des r\u00e9sultats de la recherche r\u00e9cente, pour rendre hommage aux nouveaux investigateurs, pour souligner les r\u00e9alisations des principaux contributeurs dans le domaine, pour discuter de certains enjeux plus vastes concernant la pand\u00e9mie de VIH\/sida et pour \u00e9lire un conseil charg\u00e9 de voir \u00e0 la bonne marche des activit\u00e9s de l&rsquo;Association.<\/p>\n<p>Veuillez consulter r\u00e9guli\u00e8rement le site Web pour vous renseigner sur le Congr\u00e8s \u00e0 mesure que d&rsquo;autres d\u00e9tails seront connus. Nous comptons sur votre participation!<\/p>\n<p><strong>Th\u00e8me de l&rsquo;ACRV 2014 : Endiguer les flots du VIH<\/strong><\/p>\n<p>Le virus de l&rsquo;immunod\u00e9ficience humaine a franchi la barri\u00e8re entre les esp\u00e8ces et s&rsquo;est \u00e9tabli chez l&rsquo;\u00eatre humain il y a une centaine d&rsquo;ann\u00e9es. En moins d&rsquo;un si\u00e8cle, le virus a pris \u00e9norm\u00e9ment d&rsquo;ampleur et a emprunt\u00e9 des r\u00e9seaux d&rsquo;interconnectivit\u00e9 toujours plus profonds, de sorte qu&rsquo;il a pu causer la pand\u00e9mie mondiale que l&rsquo;on conna\u00eet. Mais m\u00eame s&rsquo;il projette d&rsquo;innombrables tentacules, de nouveaux moyens de le bloquer et d&#8217;emp\u00eacher sa transmission pointent \u00e0 l&rsquo;horizon. Le temps est venu d&rsquo;endiguer les flots du VIH. Les vaccins, les modalit\u00e9s pr\u00e9ventives et les traitements d&rsquo;\u00e9radication du virus offrent de nouvelles bou\u00e9es sur lesquelles les programmes sociaux et autres prendront appui pour ma\u00eetriser et dominer la pand\u00e9mie afin d&rsquo;y mettre un terme \u00e9ventuellement. Le Congr\u00e8s de cette ann\u00e9e soulignera les efforts d\u00e9ploy\u00e9s r\u00e9cemment \u00e0 tous les niveaux pour limiter la propagation du VIH, en simplifier le traitement et faire de son \u00e9radication un objectif r\u00e9aliste. Joignez-vous \u00e0 nous \u00e0 St. John\u2019s, Terre-Neuve, l\u00e0 o\u00f9 l&rsquo;Am\u00e9rique du Nord accueille la vague et l&rsquo;aube, pour un programme foisonnant de premi\u00e8res scientifiques et sociales, dans un \u00e9crin de beaut\u00e9s naturelles.<\/p>\n<p><a href=\"https:\/\/www.cahr-acrv.ca\/wp-content\/uploads\/2012\/10\/CAHR-2014-Program-at-a-Glance.pdf\" target=\"_blank\" rel=\"noopener\">T\u00e9l\u00e9charger l&rsquo; aper\u00e7u du programme<\/a><\/p>\n<p><a href=\"https:\/\/www.cahr-acrv.ca\/wp-content\/uploads\/2012\/10\/CAHR-2014-Onsite-Program.pdf\" target=\"_blank\" rel=\"noopener\">T\u00e9l\u00e9charger le programme<\/a><\/p>\n<p><a href=\"https:\/\/www.cahr-acrv.ca\/wp-content\/uploads\/2012\/10\/CAHR-2014-Venue-Plans.pdf\" target=\"_blank\" rel=\"noopener\"><span id=\"result_box\" class=\"short_text\" lang=\"fr\"><span class=\"hps\">T\u00e9l\u00e9charger la carte du<\/span> <span class=\"hps\">lieu<\/span><\/span><\/a><\/p>\n<p><a href=\"https:\/\/www.cahr-acrv.ca\/wp-content\/uploads\/2012\/10\/CAHR-2014-Abstract-Book.pdf\" target=\"_blank\" rel=\"noopener\">T\u00e9l\u00e9charger <span id=\"result_box\" class=\"short_text\" lang=\"fr\"><span class=\"hps\">le livre<\/span> <span class=\"hps\">de<\/span> <span class=\"hps\">r\u00e9sum\u00e9s<\/span><\/span><\/a><\/p>\n<p><a href=\"https:\/\/www.cahr-acrv.ca\/cahr2014posters\/\" target=\"_blank\" rel=\"noopener\">T\u00e9l\u00e9charger les pr\u00e9sentations des affiches<\/a><\/p>\n<p><a href=\"https:\/\/www.cahr-acrv.ca\/wp-content\/uploads\/2014\/05\/CAHR_News_2014_final.pdf\" target=\"_blank\" rel=\"noopener\">T\u00e9l\u00e9charger le newsletter du 23e Congr\u00e8s annuel canadien de recherche sur le VIH\/sida<\/a><\/p>\n<p><a href=\"https:\/\/www.youtube.com\/user\/CAHRACRV?feature=results_main\" target=\"_blank\" rel=\"noopener\">T\u00e9l\u00e9charger notre vid\u00e9o de la congr\u00e8s<\/a><\/p>\n<p>&nbsp;<\/p>\n","protected":false},"excerpt":{"rendered":"<p>Bienvenue sur le site Web officiel du 23e Congr\u00e8s annuel canadien de recherche sur le VIH\/sida \u2013 L&rsquo;ACRV 2014 se tiendra du 1er au 4 mai 2014 \u00e0 l&rsquo;h\u00f4tel Delta St. John\u2019s et au Centre des congr\u00e8s de St. John\u2019s, \u00e0 Terre-Neuve. Avec pour th\u00e8me \u00ab Endiguer les flots du VIH \u00bb, l&rsquo;ACRV 2014\u00a0vous concoctera [&hellip;]<\/p>\n","protected":false},"featured_media":0,"parent":0,"menu_order":0,"template":"","class_list":["post-4464","conferences","type-conferences","status-publish","hentry"],"acf":[],"yoast_head":"<!-- This site is optimized with the Yoast SEO plugin v27.4 - https:\/\/yoast.com\/product\/yoast-seo-wordpress\/ -->\n<title>Congr\u00e8s 2014 &#8211; ACRV<\/title>\n<meta name=\"robots\" content=\"index, follow, max-snippet:-1, max-image-preview:large, max-video-preview:-1\" \/>\n<link rel=\"canonical\" href=\"https:\/\/www.cahr-acrv.ca\/fr\/congres\/archives\/acrv-congres-2014\/\" \/>\n<meta property=\"og:locale\" content=\"fr_FR\" \/>\n<meta property=\"og:type\" content=\"article\" \/>\n<meta property=\"og:title\" content=\"Congr\u00e8s 2014 &#8211; ACRV\" \/>\n<meta property=\"og:description\" content=\"Bienvenue sur le site Web officiel du 23e Congr\u00e8s annuel canadien de recherche sur le VIH\/sida \u2013 L&rsquo;ACRV 2014 se tiendra du 1er au 4 mai 2014 \u00e0 l&rsquo;h\u00f4tel Delta St. John\u2019s et au Centre des congr\u00e8s de St. John\u2019s, \u00e0 Terre-Neuve. Avec pour th\u00e8me \u00ab Endiguer les flots du VIH \u00bb, l&rsquo;ACRV 2014\u00a0vous concoctera [&hellip;]\" \/>\n<meta property=\"og:url\" content=\"https:\/\/www.cahr-acrv.ca\/fr\/congres\/archives\/acrv-congres-2014\/\" \/>\n<meta property=\"og:site_name\" content=\"ACRV\" \/>\n<meta property=\"article:publisher\" content=\"https:\/\/www.facebook.com\/CanadianAssociationforHIVResearch\" \/>\n<meta property=\"article:modified_time\" content=\"2018-01-24T20:32:01+00:00\" \/>\n<meta name=\"twitter:card\" content=\"summary_large_image\" \/>\n<meta name=\"twitter:site\" content=\"@CAHR_ACRV\" \/>\n<meta name=\"twitter:label1\" content=\"Dur\u00e9e de lecture estim\u00e9e\" \/>\n\t<meta name=\"twitter:data1\" content=\"2 minutes\" \/>\n<script type=\"application\/ld+json\" class=\"yoast-schema-graph\">{\"@context\":\"https:\\\/\\\/schema.org\",\"@graph\":[{\"@type\":\"WebPage\",\"@id\":\"https:\\\/\\\/www.cahr-acrv.ca\\\/fr\\\/congres\\\/archives\\\/acrv-congres-2014\\\/\",\"url\":\"https:\\\/\\\/www.cahr-acrv.ca\\\/fr\\\/congres\\\/archives\\\/acrv-congres-2014\\\/\",\"name\":\"Congr\u00e8s 2014 &#8211; ACRV\",\"isPartOf\":{\"@id\":\"https:\\\/\\\/www.cahr-acrv.ca\\\/#website\"},\"datePublished\":\"2014-05-01T21:49:51+00:00\",\"dateModified\":\"2018-01-24T20:32:01+00:00\",\"breadcrumb\":{\"@id\":\"https:\\\/\\\/www.cahr-acrv.ca\\\/fr\\\/congres\\\/archives\\\/acrv-congres-2014\\\/#breadcrumb\"},\"inLanguage\":\"fr-FR\",\"potentialAction\":[{\"@type\":\"ReadAction\",\"target\":[\"https:\\\/\\\/www.cahr-acrv.ca\\\/fr\\\/congres\\\/archives\\\/acrv-congres-2014\\\/\"]}]},{\"@type\":\"BreadcrumbList\",\"@id\":\"https:\\\/\\\/www.cahr-acrv.ca\\\/fr\\\/congres\\\/archives\\\/acrv-congres-2014\\\/#breadcrumb\",\"itemListElement\":[{\"@type\":\"ListItem\",\"position\":1,\"name\":\"Accueil\",\"item\":\"https:\\\/\\\/www.cahr-acrv.ca\\\/fr\\\/accueil\\\/\"},{\"@type\":\"ListItem\",\"position\":2,\"name\":\"Completed Conferences\",\"item\":\"https:\\\/\\\/www.cahr-acrv.ca\\\/conference\\\/archives\\\/\"},{\"@type\":\"ListItem\",\"position\":3,\"name\":\"Congr\u00e8s 2014\"}]},{\"@type\":\"WebSite\",\"@id\":\"https:\\\/\\\/www.cahr-acrv.ca\\\/#website\",\"url\":\"https:\\\/\\\/www.cahr-acrv.ca\\\/\",\"name\":\"ACRV\",\"description\":\"L'association canadienne de recherche sur le VIH\",\"publisher\":{\"@id\":\"https:\\\/\\\/www.cahr-acrv.ca\\\/#organization\"},\"potentialAction\":[{\"@type\":\"SearchAction\",\"target\":{\"@type\":\"EntryPoint\",\"urlTemplate\":\"https:\\\/\\\/www.cahr-acrv.ca\\\/?s={search_term_string}\"},\"query-input\":{\"@type\":\"PropertyValueSpecification\",\"valueRequired\":true,\"valueName\":\"search_term_string\"}}],\"inLanguage\":\"fr-FR\"},{\"@type\":\"Organization\",\"@id\":\"https:\\\/\\\/www.cahr-acrv.ca\\\/#organization\",\"name\":\"Canadian Association for HIV Research\",\"alternateName\":\"CAHR\",\"url\":\"https:\\\/\\\/www.cahr-acrv.ca\\\/\",\"logo\":{\"@type\":\"ImageObject\",\"inLanguage\":\"fr-FR\",\"@id\":\"https:\\\/\\\/www.cahr-acrv.ca\\\/#\\\/schema\\\/logo\\\/image\\\/\",\"url\":\"https:\\\/\\\/www.cahr-acrv.ca\\\/wp-content\\\/uploads\\\/2025\\\/06\\\/cahr-organization-logo.png\",\"contentUrl\":\"https:\\\/\\\/www.cahr-acrv.ca\\\/wp-content\\\/uploads\\\/2025\\\/06\\\/cahr-organization-logo.png\",\"width\":696,\"height\":696,\"caption\":\"Canadian Association for HIV Research\"},\"image\":{\"@id\":\"https:\\\/\\\/www.cahr-acrv.ca\\\/#\\\/schema\\\/logo\\\/image\\\/\"},\"sameAs\":[\"https:\\\/\\\/www.facebook.com\\\/CanadianAssociationforHIVResearch\",\"https:\\\/\\\/x.com\\\/CAHR_ACRV\",\"https:\\\/\\\/bsky.app\\\/profile\\\/cahr-acrv.bsky.social\",\"https:\\\/\\\/www.youtube.com\\\/user\\\/CAHRACRV\",\"https:\\\/\\\/www.instagram.com\\\/cahr_acrv\\\/\",\"https:\\\/\\\/www.linkedin.com\\\/company\\\/canadian-association-for-hiv-research\\\/\"]}]}<\/script>\n<!-- \/ Yoast SEO plugin. -->","yoast_head_json":{"title":"Congr\u00e8s 2014 &#8211; ACRV","robots":{"index":"index","follow":"follow","max-snippet":"max-snippet:-1","max-image-preview":"max-image-preview:large","max-video-preview":"max-video-preview:-1"},"canonical":"https:\/\/www.cahr-acrv.ca\/fr\/congres\/archives\/acrv-congres-2014\/","og_locale":"fr_FR","og_type":"article","og_title":"Congr\u00e8s 2014 &#8211; ACRV","og_description":"Bienvenue sur le site Web officiel du 23e Congr\u00e8s annuel canadien de recherche sur le VIH\/sida \u2013 L&rsquo;ACRV 2014 se tiendra du 1er au 4 mai 2014 \u00e0 l&rsquo;h\u00f4tel Delta St. John\u2019s et au Centre des congr\u00e8s de St. John\u2019s, \u00e0 Terre-Neuve. Avec pour th\u00e8me \u00ab Endiguer les flots du VIH \u00bb, l&rsquo;ACRV 2014\u00a0vous concoctera [&hellip;]","og_url":"https:\/\/www.cahr-acrv.ca\/fr\/congres\/archives\/acrv-congres-2014\/","og_site_name":"ACRV","article_publisher":"https:\/\/www.facebook.com\/CanadianAssociationforHIVResearch","article_modified_time":"2018-01-24T20:32:01+00:00","twitter_card":"summary_large_image","twitter_site":"@CAHR_ACRV","twitter_misc":{"Dur\u00e9e de lecture estim\u00e9e":"2 minutes"},"schema":{"@context":"https:\/\/schema.org","@graph":[{"@type":"WebPage","@id":"https:\/\/www.cahr-acrv.ca\/fr\/congres\/archives\/acrv-congres-2014\/","url":"https:\/\/www.cahr-acrv.ca\/fr\/congres\/archives\/acrv-congres-2014\/","name":"Congr\u00e8s 2014 &#8211; ACRV","isPartOf":{"@id":"https:\/\/www.cahr-acrv.ca\/#website"},"datePublished":"2014-05-01T21:49:51+00:00","dateModified":"2018-01-24T20:32:01+00:00","breadcrumb":{"@id":"https:\/\/www.cahr-acrv.ca\/fr\/congres\/archives\/acrv-congres-2014\/#breadcrumb"},"inLanguage":"fr-FR","potentialAction":[{"@type":"ReadAction","target":["https:\/\/www.cahr-acrv.ca\/fr\/congres\/archives\/acrv-congres-2014\/"]}]},{"@type":"BreadcrumbList","@id":"https:\/\/www.cahr-acrv.ca\/fr\/congres\/archives\/acrv-congres-2014\/#breadcrumb","itemListElement":[{"@type":"ListItem","position":1,"name":"Accueil","item":"https:\/\/www.cahr-acrv.ca\/fr\/accueil\/"},{"@type":"ListItem","position":2,"name":"Completed Conferences","item":"https:\/\/www.cahr-acrv.ca\/conference\/archives\/"},{"@type":"ListItem","position":3,"name":"Congr\u00e8s 2014"}]},{"@type":"WebSite","@id":"https:\/\/www.cahr-acrv.ca\/#website","url":"https:\/\/www.cahr-acrv.ca\/","name":"ACRV","description":"L'association canadienne de recherche sur le VIH","publisher":{"@id":"https:\/\/www.cahr-acrv.ca\/#organization"},"potentialAction":[{"@type":"SearchAction","target":{"@type":"EntryPoint","urlTemplate":"https:\/\/www.cahr-acrv.ca\/?s={search_term_string}"},"query-input":{"@type":"PropertyValueSpecification","valueRequired":true,"valueName":"search_term_string"}}],"inLanguage":"fr-FR"},{"@type":"Organization","@id":"https:\/\/www.cahr-acrv.ca\/#organization","name":"Canadian Association for HIV Research","alternateName":"CAHR","url":"https:\/\/www.cahr-acrv.ca\/","logo":{"@type":"ImageObject","inLanguage":"fr-FR","@id":"https:\/\/www.cahr-acrv.ca\/#\/schema\/logo\/image\/","url":"https:\/\/www.cahr-acrv.ca\/wp-content\/uploads\/2025\/06\/cahr-organization-logo.png","contentUrl":"https:\/\/www.cahr-acrv.ca\/wp-content\/uploads\/2025\/06\/cahr-organization-logo.png","width":696,"height":696,"caption":"Canadian Association for HIV Research"},"image":{"@id":"https:\/\/www.cahr-acrv.ca\/#\/schema\/logo\/image\/"},"sameAs":["https:\/\/www.facebook.com\/CanadianAssociationforHIVResearch","https:\/\/x.com\/CAHR_ACRV","https:\/\/bsky.app\/profile\/cahr-acrv.bsky.social","https:\/\/www.youtube.com\/user\/CAHRACRV","https:\/\/www.instagram.com\/cahr_acrv\/","https:\/\/www.linkedin.com\/company\/canadian-association-for-hiv-research\/"]}]}},"_links":{"self":[{"href":"https:\/\/www.cahr-acrv.ca\/fr\/wp-json\/wp\/v2\/conferences\/4464","targetHints":{"allow":["GET"]}}],"collection":[{"href":"https:\/\/www.cahr-acrv.ca\/fr\/wp-json\/wp\/v2\/conferences"}],"about":[{"href":"https:\/\/www.cahr-acrv.ca\/fr\/wp-json\/wp\/v2\/types\/conferences"}],"wp:attachment":[{"href":"https:\/\/www.cahr-acrv.ca\/fr\/wp-json\/wp\/v2\/media?parent=4464"}],"curies":[{"name":"wp","href":"https:\/\/api.w.org\/{rel}","templated":true}]}}