{"id":2127,"date":"2011-04-14T19:05:24","date_gmt":"2011-04-14T23:05:24","guid":{"rendered":"https:\/\/cahr.wpengine.com\/?post_type=conferences&#038;p=2127"},"modified":"2018-01-24T15:30:23","modified_gmt":"2018-01-24T20:30:23","slug":"acrv-congres-2011","status":"publish","type":"conferences","link":"https:\/\/www.cahr-acrv.ca\/fr\/congres\/archives\/acrv-congres-2011\/","title":{"rendered":"Congr\u00e8s  2011"},"content":{"rendered":"<p>Le\u00a020<sup>e<\/sup>\u00a0Congr\u00e8s canadien annuel sur le VIH\/sida \u2013 ACRV 2011\u00a0a eu lieu du 14 au 17 avril 2011 \u00e0 l\u2019H\u00f4tel Westin Harbour Castle de Toronto en Ontario.<\/p>\n<p><img loading=\"lazy\" decoding=\"async\" class=\"alignleft\" src=\"https:\/\/www.cahr-acrv.ca\/wp-content\/uploads\/2012\/07\/CAHR-2011-Conference-Program-cover-145x300.jpg\" alt=\"CAHR 2011 Conference Program\" width=\"145\" height=\"300\" \/>Le Congr\u00e8s ACRV 2011 s&rsquo;est d\u00e9roul\u00e9 sous le th\u00e8me\u00a0<em>Honouring our history, embracing our diversity<\/em>\u00a0(Hommage \u00e0 notre histoire et \u00e0 notre diversit\u00e9), pour souligner la 20<sup>e<\/sup>\u00a0\u00e9dition de l&rsquo;\u00e9v\u00e9nement. ACRV 2011 a mis en lumi\u00e8re l\u2019immense contribution des chercheurs, des professionnels de la sant\u00e9, des communaut\u00e9s et des personnes s\u00e9ropositives au Canada, qui ont consacr\u00e9 beaucoup de temps et d\u2019efforts \u00e0 mettre sur pied des strat\u00e9gies plus efficaces en mati\u00e8re de pr\u00e9vention, de traitement, de soins et de soutien aux populations touch\u00e9es par le VIH. L\u2019\u00e9v\u00e9nement ACRV 2011 a eu lieu \u00e0 Toronto, l\u2019une des villes les plus cosmopolites au monde, et a c\u00e9l\u00e9br\u00e9 les atouts que cette diversit\u00e9 culturelle apporte \u00e0 la lutte au VIH\/sida, en plus de rappeler \u00e0 quel point une plus grande inclusivit\u00e9 peut am\u00e9liorer les soins prodigu\u00e9s aux groupes vuln\u00e9rables.<\/p>\n<p>View\u00a0<a title=\"CAHR 2011 Conference Program\" href=\"https:\/\/www.cahr-acrv.ca\/conference\/archives\/cahr-2011\/cahr-2011-conference-program\/\" target=\"_blank\" rel=\"attachment wp-att-1924 noopener\">CAHR 2011 Conference Program<\/a><\/p>\n<p>View\u00a0<a href=\"https:\/\/www.cahr-acrv.ca\/wp-content\/uploads\/2012\/09\/CAHR2011-Oral-and-poster-abstracts.pdf\" target=\"_blank\" rel=\"noopener\">CAHR 2011 Conference Abstracts<\/a><\/p>\n","protected":false},"excerpt":{"rendered":"<p>Le\u00a020e\u00a0Congr\u00e8s canadien annuel sur le VIH\/sida \u2013 ACRV 2011\u00a0a eu lieu du 14 au 17 avril 2011 \u00e0 l\u2019H\u00f4tel Westin Harbour Castle de Toronto en Ontario. Le Congr\u00e8s ACRV 2011 s&rsquo;est d\u00e9roul\u00e9 sous le th\u00e8me\u00a0Honouring our history, embracing our diversity\u00a0(Hommage \u00e0 notre histoire et \u00e0 notre diversit\u00e9), pour souligner la 20e\u00a0\u00e9dition de l&rsquo;\u00e9v\u00e9nement. ACRV 2011 [&hellip;]<\/p>\n","protected":false},"featured_media":0,"parent":0,"menu_order":0,"template":"","class_list":["post-2127","conferences","type-conferences","status-publish","hentry"],"acf":[],"yoast_head":"<!-- This site is optimized with the Yoast SEO plugin v27.4 - https:\/\/yoast.com\/product\/yoast-seo-wordpress\/ -->\n<title>Congr\u00e8s 2011 &#8211; ACRV<\/title>\n<meta name=\"robots\" content=\"index, follow, max-snippet:-1, max-image-preview:large, max-video-preview:-1\" \/>\n<link rel=\"canonical\" href=\"https:\/\/www.cahr-acrv.ca\/fr\/congres\/archives\/acrv-congres-2011\/\" \/>\n<meta property=\"og:locale\" content=\"fr_FR\" \/>\n<meta property=\"og:type\" content=\"article\" \/>\n<meta property=\"og:title\" content=\"Congr\u00e8s 2011 &#8211; ACRV\" \/>\n<meta property=\"og:description\" content=\"Le\u00a020e\u00a0Congr\u00e8s canadien annuel sur le VIH\/sida \u2013 ACRV 2011\u00a0a eu lieu du 14 au 17 avril 2011 \u00e0 l\u2019H\u00f4tel Westin Harbour Castle de Toronto en Ontario. Le Congr\u00e8s ACRV 2011 s&rsquo;est d\u00e9roul\u00e9 sous le th\u00e8me\u00a0Honouring our history, embracing our diversity\u00a0(Hommage \u00e0 notre histoire et \u00e0 notre diversit\u00e9), pour souligner la 20e\u00a0\u00e9dition de l&rsquo;\u00e9v\u00e9nement. ACRV 2011 [&hellip;]\" \/>\n<meta property=\"og:url\" content=\"https:\/\/www.cahr-acrv.ca\/fr\/congres\/archives\/acrv-congres-2011\/\" \/>\n<meta property=\"og:site_name\" content=\"ACRV\" \/>\n<meta property=\"article:publisher\" content=\"https:\/\/www.facebook.com\/CanadianAssociationforHIVResearch\" \/>\n<meta property=\"article:modified_time\" content=\"2018-01-24T20:30:23+00:00\" \/>\n<meta property=\"og:image\" content=\"https:\/\/www.cahr-acrv.ca\/wp-content\/uploads\/2012\/07\/CAHR-2011-Conference-Program-cover-145x300.jpg\" \/>\n<meta name=\"twitter:card\" content=\"summary_large_image\" \/>\n<meta name=\"twitter:site\" content=\"@CAHR_ACRV\" \/>\n<meta name=\"twitter:label1\" content=\"Dur\u00e9e de lecture estim\u00e9e\" \/>\n\t<meta name=\"twitter:data1\" content=\"1 minute\" \/>\n<script type=\"application\/ld+json\" class=\"yoast-schema-graph\">{\"@context\":\"https:\\\/\\\/schema.org\",\"@graph\":[{\"@type\":\"WebPage\",\"@id\":\"https:\\\/\\\/www.cahr-acrv.ca\\\/fr\\\/congres\\\/archives\\\/acrv-congres-2011\\\/\",\"url\":\"https:\\\/\\\/www.cahr-acrv.ca\\\/fr\\\/congres\\\/archives\\\/acrv-congres-2011\\\/\",\"name\":\"Congr\u00e8s 2011 &#8211; ACRV\",\"isPartOf\":{\"@id\":\"https:\\\/\\\/www.cahr-acrv.ca\\\/#website\"},\"primaryImageOfPage\":{\"@id\":\"https:\\\/\\\/www.cahr-acrv.ca\\\/fr\\\/congres\\\/archives\\\/acrv-congres-2011\\\/#primaryimage\"},\"image\":{\"@id\":\"https:\\\/\\\/www.cahr-acrv.ca\\\/fr\\\/congres\\\/archives\\\/acrv-congres-2011\\\/#primaryimage\"},\"thumbnailUrl\":\"https:\\\/\\\/www.cahr-acrv.ca\\\/wp-content\\\/uploads\\\/2012\\\/07\\\/CAHR-2011-Conference-Program-cover-145x300.jpg\",\"datePublished\":\"2011-04-14T23:05:24+00:00\",\"dateModified\":\"2018-01-24T20:30:23+00:00\",\"breadcrumb\":{\"@id\":\"https:\\\/\\\/www.cahr-acrv.ca\\\/fr\\\/congres\\\/archives\\\/acrv-congres-2011\\\/#breadcrumb\"},\"inLanguage\":\"fr-FR\",\"potentialAction\":[{\"@type\":\"ReadAction\",\"target\":[\"https:\\\/\\\/www.cahr-acrv.ca\\\/fr\\\/congres\\\/archives\\\/acrv-congres-2011\\\/\"]}]},{\"@type\":\"ImageObject\",\"inLanguage\":\"fr-FR\",\"@id\":\"https:\\\/\\\/www.cahr-acrv.ca\\\/fr\\\/congres\\\/archives\\\/acrv-congres-2011\\\/#primaryimage\",\"url\":\"https:\\\/\\\/www.cahr-acrv.ca\\\/wp-content\\\/uploads\\\/2012\\\/07\\\/CAHR-2011-Conference-Program-cover-145x300.jpg\",\"contentUrl\":\"https:\\\/\\\/www.cahr-acrv.ca\\\/wp-content\\\/uploads\\\/2012\\\/07\\\/CAHR-2011-Conference-Program-cover-145x300.jpg\"},{\"@type\":\"BreadcrumbList\",\"@id\":\"https:\\\/\\\/www.cahr-acrv.ca\\\/fr\\\/congres\\\/archives\\\/acrv-congres-2011\\\/#breadcrumb\",\"itemListElement\":[{\"@type\":\"ListItem\",\"position\":1,\"name\":\"Accueil\",\"item\":\"https:\\\/\\\/www.cahr-acrv.ca\\\/fr\\\/accueil\\\/\"},{\"@type\":\"ListItem\",\"position\":2,\"name\":\"Completed Conferences\",\"item\":\"https:\\\/\\\/www.cahr-acrv.ca\\\/conference\\\/archives\\\/\"},{\"@type\":\"ListItem\",\"position\":3,\"name\":\"Congr\u00e8s 2011\"}]},{\"@type\":\"WebSite\",\"@id\":\"https:\\\/\\\/www.cahr-acrv.ca\\\/#website\",\"url\":\"https:\\\/\\\/www.cahr-acrv.ca\\\/\",\"name\":\"ACRV\",\"description\":\"L'association canadienne de recherche sur le VIH\",\"publisher\":{\"@id\":\"https:\\\/\\\/www.cahr-acrv.ca\\\/#organization\"},\"potentialAction\":[{\"@type\":\"SearchAction\",\"target\":{\"@type\":\"EntryPoint\",\"urlTemplate\":\"https:\\\/\\\/www.cahr-acrv.ca\\\/?s={search_term_string}\"},\"query-input\":{\"@type\":\"PropertyValueSpecification\",\"valueRequired\":true,\"valueName\":\"search_term_string\"}}],\"inLanguage\":\"fr-FR\"},{\"@type\":\"Organization\",\"@id\":\"https:\\\/\\\/www.cahr-acrv.ca\\\/#organization\",\"name\":\"Canadian Association for HIV Research\",\"alternateName\":\"CAHR\",\"url\":\"https:\\\/\\\/www.cahr-acrv.ca\\\/\",\"logo\":{\"@type\":\"ImageObject\",\"inLanguage\":\"fr-FR\",\"@id\":\"https:\\\/\\\/www.cahr-acrv.ca\\\/#\\\/schema\\\/logo\\\/image\\\/\",\"url\":\"https:\\\/\\\/www.cahr-acrv.ca\\\/wp-content\\\/uploads\\\/2025\\\/06\\\/cahr-organization-logo.png\",\"contentUrl\":\"https:\\\/\\\/www.cahr-acrv.ca\\\/wp-content\\\/uploads\\\/2025\\\/06\\\/cahr-organization-logo.png\",\"width\":696,\"height\":696,\"caption\":\"Canadian Association for HIV Research\"},\"image\":{\"@id\":\"https:\\\/\\\/www.cahr-acrv.ca\\\/#\\\/schema\\\/logo\\\/image\\\/\"},\"sameAs\":[\"https:\\\/\\\/www.facebook.com\\\/CanadianAssociationforHIVResearch\",\"https:\\\/\\\/x.com\\\/CAHR_ACRV\",\"https:\\\/\\\/bsky.app\\\/profile\\\/cahr-acrv.bsky.social\",\"https:\\\/\\\/www.youtube.com\\\/user\\\/CAHRACRV\",\"https:\\\/\\\/www.instagram.com\\\/cahr_acrv\\\/\",\"https:\\\/\\\/www.linkedin.com\\\/company\\\/canadian-association-for-hiv-research\\\/\"]}]}<\/script>\n<!-- \/ Yoast SEO plugin. -->","yoast_head_json":{"title":"Congr\u00e8s 2011 &#8211; ACRV","robots":{"index":"index","follow":"follow","max-snippet":"max-snippet:-1","max-image-preview":"max-image-preview:large","max-video-preview":"max-video-preview:-1"},"canonical":"https:\/\/www.cahr-acrv.ca\/fr\/congres\/archives\/acrv-congres-2011\/","og_locale":"fr_FR","og_type":"article","og_title":"Congr\u00e8s 2011 &#8211; ACRV","og_description":"Le\u00a020e\u00a0Congr\u00e8s canadien annuel sur le VIH\/sida \u2013 ACRV 2011\u00a0a eu lieu du 14 au 17 avril 2011 \u00e0 l\u2019H\u00f4tel Westin Harbour Castle de Toronto en Ontario. Le Congr\u00e8s ACRV 2011 s&rsquo;est d\u00e9roul\u00e9 sous le th\u00e8me\u00a0Honouring our history, embracing our diversity\u00a0(Hommage \u00e0 notre histoire et \u00e0 notre diversit\u00e9), pour souligner la 20e\u00a0\u00e9dition de l&rsquo;\u00e9v\u00e9nement. ACRV 2011 [&hellip;]","og_url":"https:\/\/www.cahr-acrv.ca\/fr\/congres\/archives\/acrv-congres-2011\/","og_site_name":"ACRV","article_publisher":"https:\/\/www.facebook.com\/CanadianAssociationforHIVResearch","article_modified_time":"2018-01-24T20:30:23+00:00","og_image":[{"url":"https:\/\/www.cahr-acrv.ca\/wp-content\/uploads\/2012\/07\/CAHR-2011-Conference-Program-cover-145x300.jpg","type":"","width":"","height":""}],"twitter_card":"summary_large_image","twitter_site":"@CAHR_ACRV","twitter_misc":{"Dur\u00e9e de lecture estim\u00e9e":"1 minute"},"schema":{"@context":"https:\/\/schema.org","@graph":[{"@type":"WebPage","@id":"https:\/\/www.cahr-acrv.ca\/fr\/congres\/archives\/acrv-congres-2011\/","url":"https:\/\/www.cahr-acrv.ca\/fr\/congres\/archives\/acrv-congres-2011\/","name":"Congr\u00e8s 2011 &#8211; ACRV","isPartOf":{"@id":"https:\/\/www.cahr-acrv.ca\/#website"},"primaryImageOfPage":{"@id":"https:\/\/www.cahr-acrv.ca\/fr\/congres\/archives\/acrv-congres-2011\/#primaryimage"},"image":{"@id":"https:\/\/www.cahr-acrv.ca\/fr\/congres\/archives\/acrv-congres-2011\/#primaryimage"},"thumbnailUrl":"https:\/\/www.cahr-acrv.ca\/wp-content\/uploads\/2012\/07\/CAHR-2011-Conference-Program-cover-145x300.jpg","datePublished":"2011-04-14T23:05:24+00:00","dateModified":"2018-01-24T20:30:23+00:00","breadcrumb":{"@id":"https:\/\/www.cahr-acrv.ca\/fr\/congres\/archives\/acrv-congres-2011\/#breadcrumb"},"inLanguage":"fr-FR","potentialAction":[{"@type":"ReadAction","target":["https:\/\/www.cahr-acrv.ca\/fr\/congres\/archives\/acrv-congres-2011\/"]}]},{"@type":"ImageObject","inLanguage":"fr-FR","@id":"https:\/\/www.cahr-acrv.ca\/fr\/congres\/archives\/acrv-congres-2011\/#primaryimage","url":"https:\/\/www.cahr-acrv.ca\/wp-content\/uploads\/2012\/07\/CAHR-2011-Conference-Program-cover-145x300.jpg","contentUrl":"https:\/\/www.cahr-acrv.ca\/wp-content\/uploads\/2012\/07\/CAHR-2011-Conference-Program-cover-145x300.jpg"},{"@type":"BreadcrumbList","@id":"https:\/\/www.cahr-acrv.ca\/fr\/congres\/archives\/acrv-congres-2011\/#breadcrumb","itemListElement":[{"@type":"ListItem","position":1,"name":"Accueil","item":"https:\/\/www.cahr-acrv.ca\/fr\/accueil\/"},{"@type":"ListItem","position":2,"name":"Completed Conferences","item":"https:\/\/www.cahr-acrv.ca\/conference\/archives\/"},{"@type":"ListItem","position":3,"name":"Congr\u00e8s 2011"}]},{"@type":"WebSite","@id":"https:\/\/www.cahr-acrv.ca\/#website","url":"https:\/\/www.cahr-acrv.ca\/","name":"ACRV","description":"L'association canadienne de recherche sur le VIH","publisher":{"@id":"https:\/\/www.cahr-acrv.ca\/#organization"},"potentialAction":[{"@type":"SearchAction","target":{"@type":"EntryPoint","urlTemplate":"https:\/\/www.cahr-acrv.ca\/?s={search_term_string}"},"query-input":{"@type":"PropertyValueSpecification","valueRequired":true,"valueName":"search_term_string"}}],"inLanguage":"fr-FR"},{"@type":"Organization","@id":"https:\/\/www.cahr-acrv.ca\/#organization","name":"Canadian Association for HIV Research","alternateName":"CAHR","url":"https:\/\/www.cahr-acrv.ca\/","logo":{"@type":"ImageObject","inLanguage":"fr-FR","@id":"https:\/\/www.cahr-acrv.ca\/#\/schema\/logo\/image\/","url":"https:\/\/www.cahr-acrv.ca\/wp-content\/uploads\/2025\/06\/cahr-organization-logo.png","contentUrl":"https:\/\/www.cahr-acrv.ca\/wp-content\/uploads\/2025\/06\/cahr-organization-logo.png","width":696,"height":696,"caption":"Canadian Association for HIV Research"},"image":{"@id":"https:\/\/www.cahr-acrv.ca\/#\/schema\/logo\/image\/"},"sameAs":["https:\/\/www.facebook.com\/CanadianAssociationforHIVResearch","https:\/\/x.com\/CAHR_ACRV","https:\/\/bsky.app\/profile\/cahr-acrv.bsky.social","https:\/\/www.youtube.com\/user\/CAHRACRV","https:\/\/www.instagram.com\/cahr_acrv\/","https:\/\/www.linkedin.com\/company\/canadian-association-for-hiv-research\/"]}]}},"_links":{"self":[{"href":"https:\/\/www.cahr-acrv.ca\/fr\/wp-json\/wp\/v2\/conferences\/2127","targetHints":{"allow":["GET"]}}],"collection":[{"href":"https:\/\/www.cahr-acrv.ca\/fr\/wp-json\/wp\/v2\/conferences"}],"about":[{"href":"https:\/\/www.cahr-acrv.ca\/fr\/wp-json\/wp\/v2\/types\/conferences"}],"wp:attachment":[{"href":"https:\/\/www.cahr-acrv.ca\/fr\/wp-json\/wp\/v2\/media?parent=2127"}],"curies":[{"name":"wp","href":"https:\/\/api.w.org\/{rel}","templated":true}]}}