{"id":8126,"date":"2016-11-23T10:58:03","date_gmt":"2016-11-23T15:58:03","guid":{"rendered":"https:\/\/cahr.wpengine.com\/?post_type=awards&#038;p=8126\/"},"modified":"2026-03-27T13:12:20","modified_gmt":"2026-03-27T17:12:20","slug":"prix-dexcellence-en-recherche-acrv-canfar","status":"publish","type":"awards","link":"https:\/\/www.cahr-acrv.ca\/fr\/prix\/prix-dexcellence-en-recherche-acrv-canfar\/","title":{"rendered":"Prix d&rsquo;excellence en recherche ACRV-CANFAR"},"content":{"rendered":"\n<p>Les Prix d\u2019excellence en recherche de l\u2019ACRV-CANFAR visent \u00e0 souligner et \u00e0 faire conna\u00eetre la contribution de chercheurs canadiens \u00e0 la recherche sur le VIH\/sida, au Canada et \u00e0 l\u2019\u00e9tranger. Les prix s\u2019adressent individuellement \u00e0 des chercheurs.<\/p>\n\n\n\n<p>Un candidat sera choisi pour chaque cat\u00e9gorie. La c\u00e9r\u00e9monie de remise des prix aura lieu lors du congr\u00e8s annuel de l\u2019ACRV :<\/p>\n\n\n\n<ul class=\"wp-block-list\">\n<li>Sciences fondamentales<\/li>\n\n\n\n<li>Sciences cliniques<\/li>\n\n\n\n<li>\u00c9pid\u00e9miologie et sant\u00e9 publique<\/li>\n\n\n\n<li>Sciences sociales<\/li>\n\n\n\n<li>Recherche communautaire<\/li>\n<\/ul>\n\n\n<div class=\"in-page-navigation\">\n  <ul>\n      <li><a href=\"#Admissibilit\u00e9\">Admissibilit\u00e9<\/a><\/li>\n      <li><a href=\"#Prix Offerts\">Prix Offerts<\/a><\/li>\n      <li><a href=\"#Crit\u00e8res d\u2019\u00e9valuation\">Crit\u00e8res d\u2019\u00e9valuation<\/a><\/li>\n      <li><a href=\"#Renseignements Suppl\u00e9mentaires Sur Les Prix\">Renseignements Suppl\u00e9mentaires sur les Prix<\/a><\/li>\n      <li><a href=\"#Comment Pr\u00e9senter une Candidature\">Comment Pr\u00e9senter une Candidature<\/a><\/li>\n      <li><a href=\"#D\u00e9cision d\u2019adjudication de Prix \">D\u00e9cision d\u2019adjudication de Prix<\/a><\/li>\n      <li><a href=\"#Renseignements Personnels\">Renseignements Personnels<\/a><\/li>\n      <li><a href=\"#Laur\u00e9ats des ann\u00e9es ant\u00e9rieures\">Laur\u00e9ats<\/a><\/li>\n    <\/ul>\n<\/div>\n\n\n\n<h2 class=\"wp-block-heading\" id=\"Admissibilit\u00e9\">Admissibilit\u00e9<\/h2>\n\n\n\n<p><strong>Pour que la candidature puisse \u00eatre recevable, veuillez tenir compte des crit\u00e8res d\u2019admissibilit\u00e9 qui suivent :<\/strong><\/p>\n\n\n\n<p>Au moment de la demande, le candidat doit avoir acquis de cinq \u00e0 15 ann\u00e9es d\u2019exp\u00e9rience professionnelle en recherche en tant que chercheur principal ou ind\u00e9pendant (c.-\u00e0-d. depuis sa nomination au corps professoral, s\u2019il s\u2019agit d\u2019une universit\u00e9).<\/p>\n\n\n\n<p>Le candidat doit \u00eatre membre du corps enseignant d\u2019une universit\u00e9 canadienne ou un chercheur ind\u00e9pendant dans une institution canadienne impliqu\u00e9e dans la recherche. Nous accueillons \u00e9galement les candidatures d\u2019employ\u00e9s d\u2019un organisme qui travaillent surtout comme chercheurs.<\/p>\n\n\n\n<p>Aucune libre candidature ne sera accept\u00e9e. Le candidat doit \u00eatre pr\u00e9sent\u00e9 par un tiers.<\/p>\n\n\n\n<p>Les laur\u00e9ats des prix doivent assister au prochain congr\u00e8s annuel de l\u2019ACRV et notamment \u00e0 la c\u00e9r\u00e9monie de remise des prix. Avant de pr\u00e9senter une candidature, veuillez confirmer aupr\u00e8s de votre candidat qu\u2019il sera disponible pour assister \u00e0 l\u2019int\u00e9gralit\u00e9 du congr\u00e8s.<\/p>\n\n\n\n<p>Dans le cas du Prix ACRV-CANFAR d\u2019excellence en recherche communautaire, les candidatures doivent r\u00e9pondre \u00e0 <a href=\"https:\/\/cihr-irsc.gc.ca\/e\/25835.html\">la d\u00e9finition de la recherche communautaire des IRSC.<\/a><\/p>\n\n\n\n<h2 class=\"wp-block-heading\" id=\"Prix Offerts\">Prix Offerts<\/h2>\n\n\n\n<p>Il y aura un prix par volet de recherche chaque ann\u00e9e.<\/p>\n\n\n\n<p>Les mises en candidatures doivent indiquer clairement un seul des volets de recherche suivants :<\/p>\n\n\n\n<ul class=\"wp-block-list\">\n<li>Sciences fondamentales<\/li>\n\n\n\n<li>Sciences cliniques<\/li>\n\n\n\n<li>\u00c9pid\u00e9miologie et sant\u00e9 publique<\/li>\n\n\n\n<li>Sciences sociales<\/li>\n\n\n\n<li>Recherche communautaire<\/li>\n<\/ul>\n\n\n\n<p>Les candidats retenus obtiendront une inscription gratuite au prochain congr\u00e8s de l\u2019ACRV. En acceptant que leur candidature soit pr\u00e9sent\u00e9e, les candidats conviennent d\u2019assister au congr\u00e8s s\u2019ils re\u00e7oivent le prix.<\/p>\n\n\n\n<h2 class=\"wp-block-heading\" id=\"Crit\u00e8res d\u2019\u00e9valuation\">Crit\u00e8res d\u2019\u00e9valuation<\/h2>\n\n\n\n<p>Les examinateurs tiendront compte des crit\u00e8res qui suivent :<\/p>\n\n\n\n<p>Mesure dans laquelle la trousse de mise en candidature d\u00e9gage les \u00e9l\u00e9ments suivants :<\/p>\n\n\n\n<ul class=\"wp-block-list\">\n<li>Preuve du d\u00e9vouement du candidat comme contributeur actif de la recherche sur le VIH (en g\u00e9n\u00e9ral et dans son volet sp\u00e9cifique);<\/li>\n\n\n\n<li>Preuve de la grande qualit\u00e9 des r\u00e9alisations de recherche du candidat par ses \u0153uvres publi\u00e9es, pr\u00e9sentations et projets en cours;<\/li>\n\n\n\n<li>Preuve d\u2019un d\u00e9sir de dresser la synth\u00e8se, d\u2019appliquer et de traduire les recherches pass\u00e9es, pr\u00e9sentes et futures pour l\u2019avancement des mouvements canadien et mondial visant \u00e0 extirper le VIH.<\/li>\n<\/ul>\n\n\n\n<p>L\u2019ACRV se fait une r\u00e8gle de l\u2019\u00e9quit\u00e9 et de l\u2019inclusion et accueille les candidatures des diverses collectivit\u00e9s autochtones, culturelles et r\u00e9gionales, de l\u2019ensemble des spectres des genres et de la sexualit\u00e9 et des personnes handicap\u00e9es.<\/p>\n\n\n\n<h2 class=\"wp-block-heading\" id=\"Renseignements Suppl\u00e9mentaires Sur Les Prix\">Renseignements Suppl\u00e9mentaires sur les Prix<\/h2>\n\n\n\n<p>Veuillez ne pas oublier ce qui suit lors de la pr\u00e9paration de votre trousse de mise en candidature. Veuillez transmettre ces conditions au candidat.<\/p>\n\n\n\n<ul class=\"wp-block-list\">\n<li>La personne qui propose une candidature doit fournir tous les renseignements et les documents justificatifs. L\u2019ACRV ne donnera pas suite si des \u00e9l\u00e9ments sont manquants. De plus, aucun document suppl\u00e9mentaire ne sera consid\u00e9r\u00e9 ou vu par l\u2019\u00e9quipe d\u2019adjudication.<\/li>\n\n\n\n<li>Veuillez vous assurer que toute num\u00e9risation de document est claire et lisible.<\/li>\n\n\n\n<li>Informez l\u2019ACRV si les coordonn\u00e9es d\u2019une personne-ressource changent.<\/li>\n\n\n\n<li>Toutes les personnes titulaires de prix ou bourses doivent respecter les normes d\u2019\u00e9thique professionnelle et d\u2019int\u00e9grit\u00e9 scientifique.<\/li>\n<\/ul>\n\n\n\n<h2 class=\"wp-block-heading\" id=\"Comment Pr\u00e9senter une Candidature\">Comment Pr\u00e9senter une Candidature<\/h2>\n\n\n\n<p>Pour pr\u00e9senter la candidature d\u2019un coll\u00e8gue, vous devez pr\u00e9senter un dossier complet de candidature au prix, en utilisant le syst\u00e8me de demandes en ligne de l\u2019ACRV.<\/p>\n\n\n\n<p>Voici les \u00e9l\u00e9ments que doit comprendre une demande compl\u00e8te :<\/p>\n\n\n\n<ul class=\"wp-block-list\">\n<li>Formulaire de mise en candidature rempli;<\/li>\n\n\n\n<li>D\u00e9claration de candidature;<\/li>\n\n\n\n<li>Deux lettres de recommandation;<\/li>\n\n\n\n<li>Curriculum vitae le plus r\u00e9cent du candidat<\/li>\n<\/ul>\n\n\n\n<p><strong>Date limite : 28 janvier 2026<\/strong><\/p>\n\n\n\n<div style=\"height:18px\" aria-hidden=\"true\" class=\"wp-block-spacer\"><\/div>\n\n\n\n<div class=\"wp-block-buttons is-layout-flex wp-block-buttons-is-layout-flex\">\n<div class=\"wp-block-button\"><a class=\"wp-block-button__link wp-element-button\" href=\"https:\/\/www.cognitoforms.com\/CanadianAssociationForHIVResearch\/PrixDexcellenceEnRechercheACRVCANFAR\" target=\"_blank\" rel=\"noreferrer noopener\">Soumettre votre demande<\/a><\/div>\n<\/div>\n\n\n\n<div style=\"height:5px\" aria-hidden=\"true\" class=\"wp-block-spacer\"><\/div>\n\n\n\n<h2 class=\"wp-block-heading\" id=\"D\u00e9cision d\u2019adjudication de Prix \">D\u00e9cision d\u2019adjudication de Prix<\/h2>\n\n\n\n<p>L\u2019ACRV communiquera avec tous les candidats par courriel concernant le r\u00e9sultat du processus d\u2019adjudication. \u00c0 ce moment, les candidats devront communiquer avec l\u2019ACRV afin d\u2019accepter leur prix et confirmer leur pr\u00e9sence au prochain congr\u00e8s de l\u2019Association.<\/p>\n\n\n\n<p>Les r\u00e9cipiendaires des prixdoivent consentir \u00e0 ce qu\u2019une courte biographie soit affich\u00e9e sur les sites Web de l\u2019ACRV et de CANFAR et que se communiqueront les organismes subventionnaires aux fins de d\u00e9bouch\u00e9s organisationnels futurs.<\/p>\n\n\n\n<h2 class=\"wp-block-heading\" id=\"Renseignements Personnels\">Renseignements Personnels<\/h2>\n\n\n\n<p>La Loi sur la protection des renseignements personnels donne \u00e0 chaque personne le droit d\u2019avoir acc\u00e8s aux renseignements personnels le concernant et de demander qu\u2019ils soient corrig\u00e9s. L\u2019ACRV et CANFAR s\u2019assureront de prot\u00e9ger les renseignements personnels conform\u00e9ment aux exigences de la Loi sur la protection des renseignements personnels.<\/p>\n\n\n\n<h2 class=\"wp-block-heading\" id=\"Laur\u00e9ats des ann\u00e9es ant\u00e9rieures\">Laur\u00e9ats<\/h2>\n\n\n\n<details class=\"wp-block-details has-medium-font-size is-layout-flow wp-block-details-is-layout-flow\"><summary>2026<\/summary>\n<ul class=\"wp-block-list\">\n<li>Sciences fondamentales : Thomas Murooka (University of Manitoba)<\/li>\n\n\n\n<li>Sciences cliniques : Nadine Kronfli (Universit\u00e9 McGill)<\/li>\n\n\n\n<li>\u00c9pid\u00e9miologie et sant\u00e9 publique : Zulma Rueda (University of Manitoba)<\/li>\n\n\n\n<li>Sciences sociales : Alex McClelland (Carleton University)<\/li>\n\n\n\n<li>Recherche communautaire : Surita Parashar (Simon Fraser)<\/li>\n<\/ul>\n<\/details>\n\n\n\n<details class=\"wp-block-details has-medium-font-size is-layout-flow wp-block-details-is-layout-flow\"><summary>2025<\/summary>\n<ul class=\"wp-block-list\">\n<li>Sciences fondamentales : Paul McLaren (University of Manitoba)<\/li>\n\n\n\n<li>Sciences cliniques : Melanie Murray (University of British Columbia)<\/li>\n\n\n\n<li>\u00c9pid\u00e9miologie et sant\u00e9 publique : Lawrence Mbuagbaw (McMaster University)<\/li>\n\n\n\n<li>Sciences sociales : Amaya Perez-Brumer (Dalla Lana School of Public Health)<\/li>\n\n\n\n<li>Recherche communautaire : Renee Masching<\/li>\n<\/ul>\n<\/details>\n\n\n\n<details class=\"wp-block-details has-medium-font-size is-layout-flow wp-block-details-is-layout-flow\"><summary>2024<\/summary>\n<ul class=\"wp-block-list\">\n<li>Sciences fondamentales : Nicolas Chomont (Universit\u00e9 de Montr\u00e9al)<\/li>\n\n\n\n<li>Sciences cliniques : Alice Tseng (University Health Network)<\/li>\n\n\n\n<li>\u00c9pid\u00e9miologie et sant\u00e9 publique : Kate Salters (Universit\u00e9 Simon Fraser)<\/li>\n\n\n\n<li>Sciences sociales : Daniel Grace (Dalla Lana School of Public Health)<\/li>\n\n\n\n<li>Recherche communautaire : James Watson (H\u00f4pital St. Michael)<\/li>\n<\/ul>\n<\/details>\n\n\n\n<details class=\"wp-block-details has-medium-font-size is-layout-flow wp-block-details-is-layout-flow\"><summary>2023<\/summary>\n<ul class=\"wp-block-list\">\n<li>Sciences fondamentales : Zabrina Brumme (Universit\u00e9 Simon Fraser)<\/li>\n\n\n\n<li>Sciences cliniques : Bertrand Lebouch\u00e9 (Universit\u00e9 McGill)<\/li>\n\n\n\n<li>\u00c9pid\u00e9miologie et sant\u00e9 publique : Nathan Lachowsky (Universit\u00e9 de Victoria)<\/li>\n\n\n\n<li>Sciences sociales : Carmen Logie (Universit\u00e9 de Toronto)<\/li>\n\n\n\n<li>Recherche communautaire : Marilou Gagnon (Universit\u00e9 de Victoria)<\/li>\n<\/ul>\n<\/details>\n\n\n\n<details class=\"wp-block-details has-medium-font-size is-layout-flow wp-block-details-is-layout-flow\"><summary>2022<\/summary>\n<ul class=\"wp-block-list\">\n<li>Sciences fondamentales: Mohammad Ali Jenabian<\/li>\n\n\n\n<li>Sciences clinique: Cecilia Costiniuk<\/li>\n\n\n\n<li>\u00c9pid\u00e9miologie-Sant\u00e9 publique: Angela Kaida<\/li>\n\n\n\n<li>Sciences sociales: Adrian Guta<\/li>\n\n\n\n<li>Recherche communautaire: The Thrive PRA Team\/L&rsquo;\u00e9quipe hors pair des pairs associ\u00e9s de recherche (Sharyle Lyndon, Antonio Marante, Patience Magagula, Claudette Cardinal)<\/li>\n<\/ul>\n<\/details>\n\n\n\n<details class=\"wp-block-details has-medium-font-size is-layout-flow wp-block-details-is-layout-flow\"><summary>2021<\/summary>\n<ul class=\"wp-block-list\">\n<li>Sciences fondamentales: Ralph Pantophlet<\/li>\n\n\n\n<li>Sciences clinique: Alex Wong<\/li>\n\n\n\n<li>\u00c9pid\u00e9miologie-Sant\u00e9 publique: Mark Gilbert<\/li>\n\n\n\n<li>Sciences sociales: Sarah Flicker<\/li>\n\n\n\n<li>Recherche communautaire: Randy Jackson<\/li>\n<\/ul>\n<\/details>\n\n\n\n<details class=\"wp-block-details has-medium-font-size is-layout-flow wp-block-details-is-layout-flow\"><summary>2020<\/summary>\n<ul class=\"wp-block-list\">\n<li>Sciences fondamentales: Lena Serghides<\/li>\n\n\n\n<li>Sciences clinique: Patrick O\u2019Byrne<\/li>\n\n\n\n<li>\u00c9pid\u00e9miologie-Sant\u00e9 publique: Claire Kendall<\/li>\n\n\n\n<li>Sciences sociales: Robert Lorway<\/li>\n\n\n\n<li>Recherche communautaire: John Kim<\/li>\n<\/ul>\n<\/details>\n\n\n\n<details class=\"wp-block-details has-medium-font-size is-layout-flow wp-block-details-is-layout-flow\"><summary>2019<\/summary>\n<ul class=\"wp-block-list\">\n<li><a href=\"https:\/\/www.cahr-acrv.ca\/fr\/cahr-prix-et-bourses\/dr-blake-ball-laureat-du-prix-dexcellence-en-recherche-acrv-canfar-2019\/\" target=\"_blank\" rel=\"noopener noreferrer\">Sciences fondamentales : Blake Ball<\/a><\/li>\n\n\n\n<li><a href=\"https:\/\/www.cahr-acrv.ca\/fr\/cahr-prix-et-bourses\/kelly-obrien-phd-laureate-du-prix-dexcellence-en-recherche-acrv-canfar-2019\/\" target=\"_blank\" rel=\"noopener noreferrer\">Sciences cliniques : Kelly O\u2019Brien<\/a><\/li>\n\n\n\n<li><a href=\"https:\/\/www.cahr-acrv.ca\/fr\/cahr-prix-et-bourses\/dr-sharmitha-mishra-prix-dexcellence-en-recherche-2019-de-lacrv-canfar\/\" target=\"_blank\" rel=\"noopener noreferrer\">\u00c9pid\u00e9miologie-Sant\u00e9 publique : Sharmistha Mishra<\/a><\/li>\n\n\n\n<li><a href=\"https:\/\/www.cahr-acrv.ca\/fr\/cahr-prix-et-bourses\/trevor-hart-phd-laureat-du-prix-dexcellence-en-recherche-acrv-canfar-2019\/\" target=\"_blank\" rel=\"noopener noreferrer\">Sciences sociales : Trevor Hart<\/a><\/li>\n\n\n\n<li><a href=\"https:\/\/www.cahr-acrv.ca\/fr\/cahr-prix-et-bourses\/chiwos-laureat-du-prix-dexcellence-en-recherche-acrv-canfar-2019\/\" target=\"_blank\" rel=\"noopener noreferrer\">Recherche communautaire : Les 33 PAR de CHIWOS<\/a><\/li>\n<\/ul>\n<\/details>\n\n\n\n<details class=\"wp-block-details has-medium-font-size is-layout-flow wp-block-details-is-layout-flow\"><summary>2018<\/summary>\n<ul class=\"wp-block-list\">\n<li><a href=\"https:\/\/www.cahr-acrv.ca\/fr\/cahr-prix-et-bourses\/selon-un-chercheur-de-lagence-de-sante-publique-du-canada-il-existe-un-facteur-de-risque-biologique-qui-contribue-aux-infections-au-vih-chez-les-femmes\/\" target=\"_blank\" rel=\"noopener noreferrer\">Sciences fondamentales : Adam Burgener<\/a><\/li>\n\n\n\n<li><a href=\"https:\/\/www.cahr-acrv.ca\/fr\/cahr-prix-et-bourses\/le-prix-dexcellence-en-recherche-2018-sciences-cliniques-souligne-le-travail-du-dr-darrell-tan-pour-stopper-les-nouvelles-infections-a-vih\/\" target=\"_blank\" rel=\"noopener noreferrer\">Sciences cliniques : Darrell Tan<\/a><\/li>\n\n\n\n<li><a href=\"https:\/\/www.cahr-acrv.ca\/fr\/cahr-prix-et-bourses\/dre-ann-burchell-laureate-du-prix-dexcellence-2018-en-recherche-epidemiologie-sante-publique\/\" target=\"_blank\" rel=\"noopener noreferrer\">\u00c9pid\u00e9miologie-Sant\u00e9 publique : Ann Burchell<\/a><\/li>\n\n\n\n<li><a href=\"https:\/\/www.cahr-acrv.ca\/fr\/cahr-prix-et-bourses\/le-laureat-2018-du-prix-dexcellence-en-recherche-en-sciences-sociales-travaille-a-ameliorer-la-sante-des-gais-bisexuels-et-autres-hommes\/\" target=\"_blank\" rel=\"noopener noreferrer\">Sciences sociales : David Brennan<\/a><\/li>\n\n\n\n<li><a href=\"https:\/\/www.cahr-acrv.ca\/fr\/cahr-prix-et-bourses\/le-travail-de-m-winston-husbands-phd-en-recherche-sur-la-prevention-du-vih-dans-les-collectivites-africaines-caraibeennes-et-noires-souligne-par-le-prix-dexcellence-2018\/\" target=\"_blank\" rel=\"noopener noreferrer\">Recherche communautaire : Winston Husbands<\/a><\/li>\n<\/ul>\n<\/details>\n\n\n\n<details class=\"wp-block-details has-medium-font-size is-layout-flow wp-block-details-is-layout-flow\"><summary>2017<\/summary>\n<ul class=\"wp-block-list\">\n<li><a href=\"https:\/\/www.cahr-acrv.ca\/fr\/cahr-prix-et-bourses\/lyle-mckinnon-bloquer-la-route-a-linfection-au-vih\/\">Sciences fondamentales : Lyle McKinnon<\/a><\/li>\n\n\n\n<li><a href=\"https:\/\/www.cahr-acrv.ca\/fr\/cahr-prix-et-bourses\/dre-mona-loutfy-guerir-par-le-coeur-et-la-science-2017\/\" target=\"_blank\" rel=\"noopener noreferrer\">Sciences cliniques : Mona Loutfy<\/a><\/li>\n\n\n\n<li><a href=\"https:\/\/www.cahr-acrv.ca\/fr\/cahr-prix-et-bourses\/kate-shannon-donner-la-parole-aux-femmes-et-a-leur-experience-vecue-du-vih-2017\/\" target=\"_blank\" rel=\"noopener noreferrer\">\u00c9pid\u00e9miologie-Sant\u00e9 publique : Kate Shannon<\/a><\/li>\n\n\n\n<li><a href=\"https:\/\/www.cahr-acrv.ca\/fr\/cahr-prix-et-bourses\/eric-mykhalovskiy-le-chercheur-activiste-2017\/\" target=\"_blank\" rel=\"noopener noreferrer\">Sciences sociales : Eric Mykhalovskiy<\/a><\/li>\n<\/ul>\n<\/details>\n\n\n\n<p>&nbsp;<\/p>\n","protected":false},"excerpt":{"rendered":"<p>Les Prix d\u2019excellence en recherche de l\u2019ACRV-CANFAR visent \u00e0 souligner et \u00e0 faire conna\u00eetre la contribution de chercheurs canadiens \u00e0 la recherche sur le VIH\/sida, au Canada et \u00e0 l\u2019\u00e9tranger. Les prix s\u2019adressent individuellement \u00e0 des chercheurs. Un candidat sera choisi pour chaque cat\u00e9gorie. La c\u00e9r\u00e9monie de remise des prix aura lieu lors du congr\u00e8s [&hellip;]<\/p>\n","protected":false},"featured_media":0,"parent":0,"menu_order":0,"template":"","meta":{"_acf_changed":false,"inline_featured_image":false,"footnotes":""},"class_list":["post-8126","awards","type-awards","status-publish","hentry"],"acf":[],"yoast_head":"<!-- This site is optimized with the Yoast SEO plugin v27.4 - https:\/\/yoast.com\/product\/yoast-seo-wordpress\/ -->\n<title>Prix d&#039;excellence en recherche ACRV-CANFAR &#8211; ACRV<\/title>\n<meta name=\"robots\" content=\"index, follow, max-snippet:-1, max-image-preview:large, max-video-preview:-1\" \/>\n<link rel=\"canonical\" href=\"https:\/\/www.cahr-acrv.ca\/fr\/prix\/prix-dexcellence-en-recherche-acrv-canfar\/\" \/>\n<meta property=\"og:locale\" content=\"fr_FR\" \/>\n<meta property=\"og:type\" content=\"article\" \/>\n<meta property=\"og:title\" content=\"Prix d&#039;excellence en recherche ACRV-CANFAR &#8211; ACRV\" \/>\n<meta property=\"og:description\" content=\"Les Prix d\u2019excellence en recherche de l\u2019ACRV-CANFAR visent \u00e0 souligner et \u00e0 faire conna\u00eetre la contribution de chercheurs canadiens \u00e0 la recherche sur le VIH\/sida, au Canada et \u00e0 l\u2019\u00e9tranger. Les prix s\u2019adressent individuellement \u00e0 des chercheurs. Un candidat sera choisi pour chaque cat\u00e9gorie. La c\u00e9r\u00e9monie de remise des prix aura lieu lors du congr\u00e8s [&hellip;]\" \/>\n<meta property=\"og:url\" content=\"https:\/\/www.cahr-acrv.ca\/fr\/prix\/prix-dexcellence-en-recherche-acrv-canfar\/\" \/>\n<meta property=\"og:site_name\" content=\"ACRV\" \/>\n<meta property=\"article:publisher\" content=\"https:\/\/www.facebook.com\/CanadianAssociationforHIVResearch\" \/>\n<meta property=\"article:modified_time\" content=\"2026-03-27T17:12:20+00:00\" \/>\n<meta name=\"twitter:card\" content=\"summary_large_image\" \/>\n<meta name=\"twitter:site\" content=\"@CAHR_ACRV\" \/>\n<meta name=\"twitter:label1\" content=\"Dur\u00e9e de lecture estim\u00e9e\" \/>\n\t<meta name=\"twitter:data1\" content=\"5 minutes\" \/>\n<script type=\"application\/ld+json\" class=\"yoast-schema-graph\">{\"@context\":\"https:\\\/\\\/schema.org\",\"@graph\":[{\"@type\":\"WebPage\",\"@id\":\"https:\\\/\\\/www.cahr-acrv.ca\\\/fr\\\/prix\\\/prix-dexcellence-en-recherche-acrv-canfar\\\/\",\"url\":\"https:\\\/\\\/www.cahr-acrv.ca\\\/fr\\\/prix\\\/prix-dexcellence-en-recherche-acrv-canfar\\\/\",\"name\":\"Prix d'excellence en recherche ACRV-CANFAR &#8211; ACRV\",\"isPartOf\":{\"@id\":\"https:\\\/\\\/www.cahr-acrv.ca\\\/#website\"},\"datePublished\":\"2016-11-23T15:58:03+00:00\",\"dateModified\":\"2026-03-27T17:12:20+00:00\",\"breadcrumb\":{\"@id\":\"https:\\\/\\\/www.cahr-acrv.ca\\\/fr\\\/prix\\\/prix-dexcellence-en-recherche-acrv-canfar\\\/#breadcrumb\"},\"inLanguage\":\"fr-FR\",\"potentialAction\":[{\"@type\":\"ReadAction\",\"target\":[\"https:\\\/\\\/www.cahr-acrv.ca\\\/fr\\\/prix\\\/prix-dexcellence-en-recherche-acrv-canfar\\\/\"]}]},{\"@type\":\"BreadcrumbList\",\"@id\":\"https:\\\/\\\/www.cahr-acrv.ca\\\/fr\\\/prix\\\/prix-dexcellence-en-recherche-acrv-canfar\\\/#breadcrumb\",\"itemListElement\":[{\"@type\":\"ListItem\",\"position\":1,\"name\":\"Accueil\",\"item\":\"https:\\\/\\\/www.cahr-acrv.ca\\\/fr\\\/accueil\\\/\"},{\"@type\":\"ListItem\",\"position\":2,\"name\":\"Prix d&#8217;excellence en recherche ACRV-CANFAR\"}]},{\"@type\":\"WebSite\",\"@id\":\"https:\\\/\\\/www.cahr-acrv.ca\\\/#website\",\"url\":\"https:\\\/\\\/www.cahr-acrv.ca\\\/\",\"name\":\"ACRV\",\"description\":\"L'association canadienne de recherche sur le VIH\",\"publisher\":{\"@id\":\"https:\\\/\\\/www.cahr-acrv.ca\\\/#organization\"},\"potentialAction\":[{\"@type\":\"SearchAction\",\"target\":{\"@type\":\"EntryPoint\",\"urlTemplate\":\"https:\\\/\\\/www.cahr-acrv.ca\\\/?s={search_term_string}\"},\"query-input\":{\"@type\":\"PropertyValueSpecification\",\"valueRequired\":true,\"valueName\":\"search_term_string\"}}],\"inLanguage\":\"fr-FR\"},{\"@type\":\"Organization\",\"@id\":\"https:\\\/\\\/www.cahr-acrv.ca\\\/#organization\",\"name\":\"Canadian Association for HIV Research\",\"alternateName\":\"CAHR\",\"url\":\"https:\\\/\\\/www.cahr-acrv.ca\\\/\",\"logo\":{\"@type\":\"ImageObject\",\"inLanguage\":\"fr-FR\",\"@id\":\"https:\\\/\\\/www.cahr-acrv.ca\\\/#\\\/schema\\\/logo\\\/image\\\/\",\"url\":\"https:\\\/\\\/www.cahr-acrv.ca\\\/wp-content\\\/uploads\\\/2025\\\/06\\\/cahr-organization-logo.png\",\"contentUrl\":\"https:\\\/\\\/www.cahr-acrv.ca\\\/wp-content\\\/uploads\\\/2025\\\/06\\\/cahr-organization-logo.png\",\"width\":696,\"height\":696,\"caption\":\"Canadian Association for HIV Research\"},\"image\":{\"@id\":\"https:\\\/\\\/www.cahr-acrv.ca\\\/#\\\/schema\\\/logo\\\/image\\\/\"},\"sameAs\":[\"https:\\\/\\\/www.facebook.com\\\/CanadianAssociationforHIVResearch\",\"https:\\\/\\\/x.com\\\/CAHR_ACRV\",\"https:\\\/\\\/bsky.app\\\/profile\\\/cahr-acrv.bsky.social\",\"https:\\\/\\\/www.youtube.com\\\/user\\\/CAHRACRV\",\"https:\\\/\\\/www.instagram.com\\\/cahr_acrv\\\/\",\"https:\\\/\\\/www.linkedin.com\\\/company\\\/canadian-association-for-hiv-research\\\/\"]}]}<\/script>\n<!-- \/ Yoast SEO plugin. -->","yoast_head_json":{"title":"Prix d'excellence en recherche ACRV-CANFAR &#8211; ACRV","robots":{"index":"index","follow":"follow","max-snippet":"max-snippet:-1","max-image-preview":"max-image-preview:large","max-video-preview":"max-video-preview:-1"},"canonical":"https:\/\/www.cahr-acrv.ca\/fr\/prix\/prix-dexcellence-en-recherche-acrv-canfar\/","og_locale":"fr_FR","og_type":"article","og_title":"Prix d'excellence en recherche ACRV-CANFAR &#8211; ACRV","og_description":"Les Prix d\u2019excellence en recherche de l\u2019ACRV-CANFAR visent \u00e0 souligner et \u00e0 faire conna\u00eetre la contribution de chercheurs canadiens \u00e0 la recherche sur le VIH\/sida, au Canada et \u00e0 l\u2019\u00e9tranger. Les prix s\u2019adressent individuellement \u00e0 des chercheurs. Un candidat sera choisi pour chaque cat\u00e9gorie. La c\u00e9r\u00e9monie de remise des prix aura lieu lors du congr\u00e8s [&hellip;]","og_url":"https:\/\/www.cahr-acrv.ca\/fr\/prix\/prix-dexcellence-en-recherche-acrv-canfar\/","og_site_name":"ACRV","article_publisher":"https:\/\/www.facebook.com\/CanadianAssociationforHIVResearch","article_modified_time":"2026-03-27T17:12:20+00:00","twitter_card":"summary_large_image","twitter_site":"@CAHR_ACRV","twitter_misc":{"Dur\u00e9e de lecture estim\u00e9e":"5 minutes"},"schema":{"@context":"https:\/\/schema.org","@graph":[{"@type":"WebPage","@id":"https:\/\/www.cahr-acrv.ca\/fr\/prix\/prix-dexcellence-en-recherche-acrv-canfar\/","url":"https:\/\/www.cahr-acrv.ca\/fr\/prix\/prix-dexcellence-en-recherche-acrv-canfar\/","name":"Prix d'excellence en recherche ACRV-CANFAR &#8211; ACRV","isPartOf":{"@id":"https:\/\/www.cahr-acrv.ca\/#website"},"datePublished":"2016-11-23T15:58:03+00:00","dateModified":"2026-03-27T17:12:20+00:00","breadcrumb":{"@id":"https:\/\/www.cahr-acrv.ca\/fr\/prix\/prix-dexcellence-en-recherche-acrv-canfar\/#breadcrumb"},"inLanguage":"fr-FR","potentialAction":[{"@type":"ReadAction","target":["https:\/\/www.cahr-acrv.ca\/fr\/prix\/prix-dexcellence-en-recherche-acrv-canfar\/"]}]},{"@type":"BreadcrumbList","@id":"https:\/\/www.cahr-acrv.ca\/fr\/prix\/prix-dexcellence-en-recherche-acrv-canfar\/#breadcrumb","itemListElement":[{"@type":"ListItem","position":1,"name":"Accueil","item":"https:\/\/www.cahr-acrv.ca\/fr\/accueil\/"},{"@type":"ListItem","position":2,"name":"Prix d&#8217;excellence en recherche ACRV-CANFAR"}]},{"@type":"WebSite","@id":"https:\/\/www.cahr-acrv.ca\/#website","url":"https:\/\/www.cahr-acrv.ca\/","name":"ACRV","description":"L'association canadienne de recherche sur le VIH","publisher":{"@id":"https:\/\/www.cahr-acrv.ca\/#organization"},"potentialAction":[{"@type":"SearchAction","target":{"@type":"EntryPoint","urlTemplate":"https:\/\/www.cahr-acrv.ca\/?s={search_term_string}"},"query-input":{"@type":"PropertyValueSpecification","valueRequired":true,"valueName":"search_term_string"}}],"inLanguage":"fr-FR"},{"@type":"Organization","@id":"https:\/\/www.cahr-acrv.ca\/#organization","name":"Canadian Association for HIV Research","alternateName":"CAHR","url":"https:\/\/www.cahr-acrv.ca\/","logo":{"@type":"ImageObject","inLanguage":"fr-FR","@id":"https:\/\/www.cahr-acrv.ca\/#\/schema\/logo\/image\/","url":"https:\/\/www.cahr-acrv.ca\/wp-content\/uploads\/2025\/06\/cahr-organization-logo.png","contentUrl":"https:\/\/www.cahr-acrv.ca\/wp-content\/uploads\/2025\/06\/cahr-organization-logo.png","width":696,"height":696,"caption":"Canadian Association for HIV Research"},"image":{"@id":"https:\/\/www.cahr-acrv.ca\/#\/schema\/logo\/image\/"},"sameAs":["https:\/\/www.facebook.com\/CanadianAssociationforHIVResearch","https:\/\/x.com\/CAHR_ACRV","https:\/\/bsky.app\/profile\/cahr-acrv.bsky.social","https:\/\/www.youtube.com\/user\/CAHRACRV","https:\/\/www.instagram.com\/cahr_acrv\/","https:\/\/www.linkedin.com\/company\/canadian-association-for-hiv-research\/"]}]}},"_links":{"self":[{"href":"https:\/\/www.cahr-acrv.ca\/fr\/wp-json\/wp\/v2\/awards\/8126","targetHints":{"allow":["GET"]}}],"collection":[{"href":"https:\/\/www.cahr-acrv.ca\/fr\/wp-json\/wp\/v2\/awards"}],"about":[{"href":"https:\/\/www.cahr-acrv.ca\/fr\/wp-json\/wp\/v2\/types\/awards"}],"version-history":[{"count":0,"href":"https:\/\/www.cahr-acrv.ca\/fr\/wp-json\/wp\/v2\/awards\/8126\/revisions"}],"wp:attachment":[{"href":"https:\/\/www.cahr-acrv.ca\/fr\/wp-json\/wp\/v2\/media?parent=8126"}],"curies":[{"name":"wp","href":"https:\/\/api.w.org\/{rel}","templated":true}]}}