{"version":"1.0","provider_name":"ACRV","provider_url":"https:\/\/www.cahr-acrv.ca\/fr\/","author_name":"Jay","author_url":"https:\/\/www.cahr-acrv.ca\/fr\/author\/jstrauss\/","title":"Assembl\u00e9e G\u00e9n\u00e9rale Annuelle de l\u2019ACRV 2018 &#8211; ACRV","type":"rich","width":600,"height":338,"html":"<blockquote class=\"wp-embedded-content\" data-secret=\"PUtQ14PKJD\"><a href=\"https:\/\/www.cahr-acrv.ca\/fr\/un-article\/assemblee-generale-annuelle-de-lacrv-2018\/\">Assembl\u00e9e G\u00e9n\u00e9rale Annuelle de l\u2019ACRV 2018<\/a><\/blockquote><iframe sandbox=\"allow-scripts\" security=\"restricted\" src=\"https:\/\/www.cahr-acrv.ca\/fr\/un-article\/assemblee-generale-annuelle-de-lacrv-2018\/embed\/#?secret=PUtQ14PKJD\" width=\"600\" height=\"338\" title=\"\u00ab\u00a0Assembl\u00e9e G\u00e9n\u00e9rale Annuelle de l\u2019ACRV 2018\u00a0\u00bb &#8212; ACRV\" data-secret=\"PUtQ14PKJD\" frameborder=\"0\" marginwidth=\"0\" marginheight=\"0\" scrolling=\"no\" class=\"wp-embedded-content\"><\/iframe><script type=\"text\/javascript\">\n\/* <![CDATA[ *\/\n\/*! This file is auto-generated *\/\n!function(d,l){\"use strict\";l.querySelector&&d.addEventListener&&\"undefined\"!=typeof URL&&(d.wp=d.wp||{},d.wp.receiveEmbedMessage||(d.wp.receiveEmbedMessage=function(e){var t=e.data;if((t||t.secret||t.message||t.value)&&!\/[^a-zA-Z0-9]\/.test(t.secret)){for(var s,r,n,a=l.querySelectorAll('iframe[data-secret=\"'+t.secret+'\"]'),o=l.querySelectorAll('blockquote[data-secret=\"'+t.secret+'\"]'),c=new RegExp(\"^https?:$\",\"i\"),i=0;i<o.length;i++)o[i].style.display=\"none\";for(i=0;i<a.length;i++)s=a[i],e.source===s.contentWindow&&(s.removeAttribute(\"style\"),\"height\"===t.message?(1e3<(r=parseInt(t.value,10))?r=1e3:~~r<200&&(r=200),s.height=r):\"link\"===t.message&&(r=new URL(s.getAttribute(\"src\")),n=new URL(t.value),c.test(n.protocol))&&n.host===r.host&&l.activeElement===s&&(d.top.location.href=t.value))}},d.addEventListener(\"message\",d.wp.receiveEmbedMessage,!1),l.addEventListener(\"DOMContentLoaded\",function(){for(var e,t,s=l.querySelectorAll(\"iframe.wp-embedded-content\"),r=0;r<s.length;r++)(t=(e=s[r]).getAttribute(\"data-secret\"))||(t=Math.random().toString(36).substring(2,12),e.src+=\"#?secret=\"+t,e.setAttribute(\"data-secret\",t)),e.contentWindow.postMessage({message:\"ready\",secret:t},\"*\")},!1)))}(window,document);\n\/\/# sourceURL=https:\/\/www.cahr-acrv.ca\/wp-includes\/js\/wp-embed.min.js\n\/* ]]> *\/\n<\/script>\n","description":"L&rsquo;\u00e9dition 2018 de l&rsquo;assembl\u00e9e g\u00e9n\u00e9rale annuelle de l&rsquo;ACRV (AGA) aura lieu dans le cadre du Congr\u00e8s de l&rsquo;ACRV \u00e0 Vancouver (le vendredi 27 avril \u00e0 18 h30). Tous les membres sont invit\u00e9s \u00e0 participer \u00e0 l&rsquo;AGA et \u00e0 rencontrer le Conseil d&rsquo;administration et le personnel de l&rsquo;ACRV. C&rsquo;est l\u00e0 que les membres : analyseront les [&hellip;]"}