{"version":"1.0","provider_name":"ACRV","provider_url":"https:\/\/www.cahr-acrv.ca\/fr\/","author_name":"Jay","author_url":"https:\/\/www.cahr-acrv.ca\/fr\/author\/jstrauss\/","title":"Salon des personnes s\u00e9ropositives &#8211; ACRV","type":"rich","width":600,"height":338,"html":"<blockquote class=\"wp-embedded-content\" data-secret=\"9jXWZom4IG\"><a href=\"https:\/\/www.cahr-acrv.ca\/fr\/congres\/salon-des-personnes-seropositives\/\">Salon des personnes s\u00e9ropositives<\/a><\/blockquote><iframe sandbox=\"allow-scripts\" security=\"restricted\" src=\"https:\/\/www.cahr-acrv.ca\/fr\/congres\/salon-des-personnes-seropositives\/embed\/#?secret=9jXWZom4IG\" width=\"600\" height=\"338\" title=\"\u00ab\u00a0Salon des personnes s\u00e9ropositives\u00a0\u00bb &#8212; ACRV\" data-secret=\"9jXWZom4IG\" frameborder=\"0\" marginwidth=\"0\" marginheight=\"0\" scrolling=\"no\" class=\"wp-embedded-content\"><\/iframe><script type=\"text\/javascript\">\n\/* <![CDATA[ *\/\n\/*! This file is auto-generated *\/\n!function(d,l){\"use strict\";l.querySelector&&d.addEventListener&&\"undefined\"!=typeof URL&&(d.wp=d.wp||{},d.wp.receiveEmbedMessage||(d.wp.receiveEmbedMessage=function(e){var t=e.data;if((t||t.secret||t.message||t.value)&&!\/[^a-zA-Z0-9]\/.test(t.secret)){for(var s,r,n,a=l.querySelectorAll('iframe[data-secret=\"'+t.secret+'\"]'),o=l.querySelectorAll('blockquote[data-secret=\"'+t.secret+'\"]'),c=new RegExp(\"^https?:$\",\"i\"),i=0;i<o.length;i++)o[i].style.display=\"none\";for(i=0;i<a.length;i++)s=a[i],e.source===s.contentWindow&&(s.removeAttribute(\"style\"),\"height\"===t.message?(1e3<(r=parseInt(t.value,10))?r=1e3:~~r<200&&(r=200),s.height=r):\"link\"===t.message&&(r=new URL(s.getAttribute(\"src\")),n=new URL(t.value),c.test(n.protocol))&&n.host===r.host&&l.activeElement===s&&(d.top.location.href=t.value))}},d.addEventListener(\"message\",d.wp.receiveEmbedMessage,!1),l.addEventListener(\"DOMContentLoaded\",function(){for(var e,t,s=l.querySelectorAll(\"iframe.wp-embedded-content\"),r=0;r<s.length;r++)(t=(e=s[r]).getAttribute(\"data-secret\"))||(t=Math.random().toString(36).substring(2,12),e.src+=\"#?secret=\"+t,e.setAttribute(\"data-secret\",t)),e.contentWindow.postMessage({message:\"ready\",secret:t},\"*\")},!1)))}(window,document);\n\/\/# sourceURL=https:\/\/www.cahr-acrv.ca\/wp-includes\/js\/wp-embed.min.js\n\/* ]]> *\/\n<\/script>\n","description":"Le Salon des personnes s\u00e9ropositives est un lieu du centre des congr\u00e8s r\u00e9serv\u00e9 aux d\u00e9l\u00e9gu\u00e9s vivant avec le VIH ou affect\u00e9s par celui-ci. L\u2019endroit vise \u00e0 offrir un \u00e9quilibre entre les activit\u00e9s fr\u00e9n\u00e9tiques du Congr\u00e8s et un endroit calme pour se d\u00e9tendre. Les invit\u00e9s du Salon des personnes s\u00e9ropositives pourront se reposer, recharger leurs appareils, [&hellip;]"}